{"id":2956,"date":"2025-02-02T15:16:32","date_gmt":"2025-02-02T15:16:32","guid":{"rendered":"https:\/\/parcgenoni.com\/camp-dete-en-allemagne\/"},"modified":"2026-04-28T07:54:51","modified_gmt":"2026-04-28T07:54:51","slug":"camp-dete-en-allemagne","status":"publish","type":"page","link":"https:\/\/parcgenoni.com\/fr\/camp-dete-en-allemagne\/","title":{"rendered":"Camp d&rsquo;\u00e9t\u00e9 en ALLEMAGNE"},"content":{"rendered":"\t\t<div data-elementor-type=\"wp-post\" data-elementor-id=\"2956\" class=\"elementor elementor-2956 elementor-2486\" data-elementor-post-type=\"page\">\n\t\t\t\t\t\t<section class=\"elementor-section elementor-top-section elementor-element elementor-element-bbf904a elementor-section-content-middle elementor-section-boxed elementor-section-height-default elementor-section-height-default\" data-id=\"bbf904a\" data-element_type=\"section\" data-e-type=\"section\" data-settings=\"{&quot;background_background&quot;:&quot;classic&quot;}\">\n\t\t\t\t\t\t\t<div class=\"elementor-background-overlay\"><\/div>\n\t\t\t\t\t\t\t<div class=\"elementor-container elementor-column-gap-no\">\n\t\t\t\t\t<div class=\"elementor-column elementor-col-100 elementor-top-column elementor-element elementor-element-401f620\" data-id=\"401f620\" data-element_type=\"column\" data-e-type=\"column\">\n\t\t\t<div class=\"elementor-widget-wrap elementor-element-populated\">\n\t\t\t\t\t\t<div class=\"elementor-element elementor-element-def3ca5 elementor-widget elementor-widget-heading\" data-id=\"def3ca5\" data-element_type=\"widget\" data-e-type=\"widget\" data-widget_type=\"heading.default\">\n\t\t\t\t<div class=\"elementor-widget-container\">\n\t\t\t\t\t<h1 class=\"elementor-heading-title elementor-size-default\">Camp d'\u00e9t\u00e9 en Allemagne\n<\/h1>\t\t\t\t<\/div>\n\t\t\t\t<\/div>\n\t\t\t\t\t<\/div>\n\t\t<\/div>\n\t\t\t\t\t<\/div>\n\t\t<\/section>\n\t\t<div class=\"elementor-element elementor-element-9993da1 e-flex e-con-boxed e-con e-parent\" data-id=\"9993da1\" data-element_type=\"container\" data-e-type=\"container\">\n\t\t\t\t\t<div class=\"e-con-inner\">\n\t\t\t\t<div class=\"elementor-element elementor-element-3ed2ee7 elementor-widget elementor-widget-spacer\" data-id=\"3ed2ee7\" data-element_type=\"widget\" data-e-type=\"widget\" data-widget_type=\"spacer.default\">\n\t\t\t\t<div class=\"elementor-widget-container\">\n\t\t\t\t\t\t\t<div class=\"elementor-spacer\">\n\t\t\t<div class=\"elementor-spacer-inner\"><\/div>\n\t\t<\/div>\n\t\t\t\t\t\t<\/div>\n\t\t\t\t<\/div>\n\t\t\t\t\t<\/div>\n\t\t\t\t<\/div>\n\t\t\t\t<section class=\"elementor-section elementor-top-section elementor-element elementor-element-1186045 elementor-section-content-middle elementor-section-boxed elementor-section-height-default elementor-section-height-default\" data-id=\"1186045\" data-element_type=\"section\" data-e-type=\"section\">\n\t\t\t\t\t\t<div class=\"elementor-container elementor-column-gap-no\">\n\t\t\t\t\t<div class=\"elementor-column elementor-col-33 elementor-top-column elementor-element elementor-element-6fa0ed0\" data-id=\"6fa0ed0\" data-element_type=\"column\" data-e-type=\"column\">\n\t\t\t<div class=\"elementor-widget-wrap elementor-element-populated\">\n\t\t\t\t\t\t<div class=\"elementor-element elementor-element-e346b42 elementor-widget elementor-widget-heading\" data-id=\"e346b42\" data-element_type=\"widget\" data-e-type=\"widget\" data-widget_type=\"heading.default\">\n\t\t\t\t<div class=\"elementor-widget-container\">\n\t\t\t\t\t<h5 class=\"elementor-heading-title elementor-size-default\">Une exp\u00e9rience unique d'apprentissage et d'amusement pour vos enfants\n\n<\/h5>\t\t\t\t<\/div>\n\t\t\t\t<\/div>\n\t\t\t\t<div class=\"elementor-element elementor-element-c3d256f elementor-widget elementor-widget-image-box\" data-id=\"c3d256f\" data-element_type=\"widget\" data-e-type=\"widget\" data-widget_type=\"image-box.default\">\n\t\t\t\t<div class=\"elementor-widget-container\">\n\t\t\t\t\t<div class=\"elementor-image-box-wrapper\"><div class=\"elementor-image-box-content\"><h2 class=\"elementor-image-box-title\">Petit campus d'\u00e9t\u00e9 pour pal\u00e9ontologues dans le parc naturel de l'Altm\u00fchltal (Allemagne)<\/h2><p class=\"elementor-image-box-description\"><p><em>Une aventure parmi les fossiles, les dinosaures et la nature pour les jeunes explorateurs !<\/em><span style=\"background-color: var(--ast-global-color-4);color: var(--ast-global-color-3);font-style: inherit;font-weight: inherit;font-size: 16px;font-family: Lato, sans-serif\"><\/span><\/p><\/p><\/div><\/div>\t\t\t\t<\/div>\n\t\t\t\t<\/div>\n\t\t\t\t<div class=\"elementor-element elementor-element-1007c0b elementor-widget elementor-widget-text-editor\" data-id=\"1007c0b\" data-element_type=\"widget\" data-e-type=\"widget\" data-widget_type=\"text-editor.default\">\n\t\t\t\t<div class=\"elementor-widget-container\">\n\t\t\t\t\t\t\t\t\t<p>Cet \u00e9t\u00e9, les jeunes de 10 \u00e0 14 ans auront l&rsquo;occasion unique de vivre une exp\u00e9rience inoubliable au c\u0153ur de l&rsquo;Allemagne, dans l&rsquo;impressionnant parc naturel de l&rsquo;Altm\u00fchltal, l&rsquo;une des r\u00e9gions les plus riches en histoire naturelle et g\u00e9ologique d&rsquo;Europe.<\/p><p>Guid\u00e9s par les op\u00e9rateurs exp\u00e9riment\u00e9s de Giunone Soc Coop, qui se sont sp\u00e9cialis\u00e9s dans l&rsquo;organisation de camps r\u00e9sidentiels scientifiques en Sardaigne depuis de nombreuses ann\u00e9es, les jeunes participants se transformeront en v\u00e9ritables pal\u00e9ontologues et explorateurs.<\/p><p><strong>Qu&rsquo;est-ce qui les attend ?<\/strong><\/p><ul><li><strong>Excavation dans des fosses fossiles :<\/strong> les enfants auront l&rsquo;occasion de mettre la main dans l&rsquo;histoire en participant \u00e0 des excavations dans de v\u00e9ritables fosses fossiles, o\u00f9 ils pourront d\u00e9couvrir et \u00e9tudier des fossiles datant de millions d&rsquo;ann\u00e9es.<\/li><li><strong>Visites de mus\u00e9es et de<\/strong> parcs \u00e0 <strong>th\u00e8me sur les dinosaures<\/strong>: le camp comprend des visites de mus\u00e9es et de parcs c\u00e9l\u00e8bres de la r\u00e9gion, o\u00f9 vous pourrez admirer des squelettes de dinosaures, des reconstitutions grandeur nature et d\u00e9couvrir les secrets de ces fascinantes cr\u00e9atures pr\u00e9historiques.<\/li><li><strong>Activit\u00e9s et ateliers \u00e9ducatifs :<\/strong> \u00e0 travers des jeux, des exp\u00e9riences et des ateliers pratiques, les participants apprendront la g\u00e9ologie, la pal\u00e9ontologie et la biologie, tout en s&rsquo;amusant et en stimulant leur curiosit\u00e9 scientifique.<\/li><li><strong>Exploration de la nature :<\/strong> le <a href=\"https:\/\/it.naturpark-altmuehltal.de\/\" target=\"_blank\" rel=\"noopener\">parc naturel de l&rsquo;Altm\u00fchltal<\/a> offre des paysages \u00e0 couper le souffle, id\u00e9aux pour la randonn\u00e9e, l&rsquo;observation de la flore et de la faune locales et la d\u00e9tente dans la nature.<\/li><\/ul>\t\t\t\t\t\t\t\t<\/div>\n\t\t\t\t<\/div>\n\t\t\t\t\t<\/div>\n\t\t<\/div>\n\t\t\t\t<div class=\"elementor-column elementor-col-33 elementor-top-column elementor-element elementor-element-e82f3e9\" data-id=\"e82f3e9\" data-element_type=\"column\" data-e-type=\"column\" data-settings=\"{&quot;background_background&quot;:&quot;classic&quot;}\">\n\t\t\t<div class=\"elementor-widget-wrap elementor-element-populated\">\n\t\t\t\t\t\t<div class=\"elementor-element elementor-element-9f44ae9 elementor-widget elementor-widget-spacer\" data-id=\"9f44ae9\" data-element_type=\"widget\" data-e-type=\"widget\" data-widget_type=\"spacer.default\">\n\t\t\t\t<div class=\"elementor-widget-container\">\n\t\t\t\t\t\t\t<div class=\"elementor-spacer\">\n\t\t\t<div class=\"elementor-spacer-inner\"><\/div>\n\t\t<\/div>\n\t\t\t\t\t\t<\/div>\n\t\t\t\t<\/div>\n\t\t\t\t\t<\/div>\n\t\t<\/div>\n\t\t\t\t<div class=\"elementor-column elementor-col-33 elementor-top-column elementor-element elementor-element-f5c1888\" data-id=\"f5c1888\" data-element_type=\"column\" data-e-type=\"column\" data-settings=\"{&quot;background_background&quot;:&quot;classic&quot;}\">\n\t\t\t<div class=\"elementor-widget-wrap elementor-element-populated\">\n\t\t\t\t\t\t<div class=\"elementor-element elementor-element-6a50832 elementor-widget elementor-widget-spacer\" data-id=\"6a50832\" data-element_type=\"widget\" data-e-type=\"widget\" data-widget_type=\"spacer.default\">\n\t\t\t\t<div class=\"elementor-widget-container\">\n\t\t\t\t\t\t\t<div class=\"elementor-spacer\">\n\t\t\t<div class=\"elementor-spacer-inner\"><\/div>\n\t\t<\/div>\n\t\t\t\t\t\t<\/div>\n\t\t\t\t<\/div>\n\t\t\t\t\t<\/div>\n\t\t<\/div>\n\t\t\t\t\t<\/div>\n\t\t<\/section>\n\t\t\t\t<section class=\"elementor-section elementor-top-section elementor-element elementor-element-1lx4tc0 elementor-section-boxed elementor-section-height-default elementor-section-height-default\" data-id=\"1lx4tc0\" data-element_type=\"section\" data-e-type=\"section\">\n\t\t\t\t\t\t<div class=\"elementor-container elementor-column-gap-no\">\n\t\t\t\t\t<div class=\"elementor-column elementor-col-100 elementor-top-column elementor-element elementor-element-eecb3a6\" data-id=\"eecb3a6\" data-element_type=\"column\" data-e-type=\"column\">\n\t\t\t<div class=\"elementor-widget-wrap elementor-element-populated\">\n\t\t\t\t\t\t<div class=\"elementor-element elementor-element-4734b0d elementor-widget elementor-widget-heading\" data-id=\"4734b0d\" data-element_type=\"widget\" data-e-type=\"widget\" data-widget_type=\"heading.default\">\n\t\t\t\t<div class=\"elementor-widget-container\">\n\t\t\t\t\t<h2 class=\"elementor-heading-title elementor-size-default\"><span style=\"color: var(--ast-global-color-2);font-size: 2.125rem;background-color: var(--ast-global-color-4)\">Calendrier du camp 2025<\/span><\/h2>\t\t\t\t<\/div>\n\t\t\t\t<\/div>\n\t\t\t\t<div class=\"elementor-element elementor-element-a5cc7f1 elementor-widget__width-initial elementor-view-default elementor-position-block-start elementor-mobile-position-block-start elementor-widget elementor-widget-icon-box\" data-id=\"a5cc7f1\" data-element_type=\"widget\" data-e-type=\"widget\" data-widget_type=\"icon-box.default\">\n\t\t\t\t<div class=\"elementor-widget-container\">\n\t\t\t\t\t\t\t<div class=\"elementor-icon-box-wrapper\">\n\n\t\t\t\t\t\t<div class=\"elementor-icon-box-icon\">\n\t\t\t\t<span  class=\"elementor-icon\">\n\t\t\t\t<svg aria-hidden=\"true\" class=\"e-font-icon-svg e-fas-campground\" viewBox=\"0 0 640 512\" xmlns=\"http:\/\/www.w3.org\/2000\/svg\"><path d=\"M624 448h-24.68L359.54 117.75l53.41-73.55c5.19-7.15 3.61-17.16-3.54-22.35l-25.9-18.79c-7.15-5.19-17.15-3.61-22.35 3.55L320 63.3 278.83 6.6c-5.19-7.15-15.2-8.74-22.35-3.55l-25.88 18.8c-7.15 5.19-8.74 15.2-3.54 22.35l53.41 73.55L40.68 448H16c-8.84 0-16 7.16-16 16v32c0 8.84 7.16 16 16 16h608c8.84 0 16-7.16 16-16v-32c0-8.84-7.16-16-16-16zM320 288l116.36 160H203.64L320 288z\"><\/path><\/svg>\t\t\t\t<\/span>\n\t\t\t<\/div>\n\t\t\t\n\t\t\t\n\t\t<\/div>\n\t\t\t\t\t\t<\/div>\n\t\t\t\t<\/div>\n\t\t\t\t\t<\/div>\n\t\t<\/div>\n\t\t\t\t\t<\/div>\n\t\t<\/section>\n\t\t<div class=\"elementor-element elementor-element-f985803 e-flex e-con-boxed e-con e-parent\" data-id=\"f985803\" data-element_type=\"container\" data-e-type=\"container\">\n\t\t\t\t\t<div class=\"e-con-inner\">\n\t\t<div class=\"elementor-element elementor-element-a6f498b e-con-full e-flex e-con e-child\" data-id=\"a6f498b\" data-element_type=\"container\" data-e-type=\"container\">\n\t\t\t\t<\/div>\n\t\t<div class=\"elementor-element elementor-element-4bf4662 e-con-full e-flex e-con e-child\" data-id=\"4bf4662\" data-element_type=\"container\" data-e-type=\"container\">\n\t\t\t\t<div class=\"elementor-element elementor-element-55db202 elementor-widget elementor-widget-heading\" data-id=\"55db202\" data-element_type=\"widget\" data-e-type=\"widget\" data-widget_type=\"heading.default\">\n\t\t\t\t<div class=\"elementor-widget-container\">\n\t\t\t\t\t<h2 class=\"elementor-heading-title elementor-size-default\">Luglio e agosto<\/h2>\t\t\t\t<\/div>\n\t\t\t\t<\/div>\n\t\t\t\t<div class=\"elementor-element elementor-element-4be7063 elementor-widget elementor-widget-text-editor\" data-id=\"4be7063\" data-element_type=\"widget\" data-e-type=\"widget\" data-widget_type=\"text-editor.default\">\n\t\t\t\t<div class=\"elementor-widget-container\">\n\t\t\t\t\t\t\t\t\t<ul><li><strong>Luned\u00ec 20 \u2013 Sabato 25 luglio<\/strong><br \/><em>6 giorni &#8211; Campus di Paleontologia in Germania<\/em><\/li><li><strong>Luned\u00ec 27 luglio \u2013 Sabato 1 agosto &#8211; CONFERMATO<\/strong><br \/><em>6 giorni &#8211; Campus di Paleontologia in Germania<\/em><\/li><\/ul>\t\t\t\t\t\t\t\t<\/div>\n\t\t\t\t<\/div>\n\t\t\t\t<\/div>\n\t\t<div class=\"elementor-element elementor-element-d4142c7 e-con-full e-flex e-con e-child\" data-id=\"d4142c7\" data-element_type=\"container\" data-e-type=\"container\">\n\t\t\t\t<\/div>\n\t\t\t\t\t<\/div>\n\t\t\t\t<\/div>\n\t\t\t\t<section class=\"elementor-section elementor-top-section elementor-element elementor-element-e1868c2 elementor-section-content-middle elementor-section-boxed elementor-section-height-default elementor-section-height-default\" data-id=\"e1868c2\" data-element_type=\"section\" data-e-type=\"section\" data-settings=\"{&quot;background_background&quot;:&quot;classic&quot;}\">\n\t\t\t\t\t\t<div class=\"elementor-container elementor-column-gap-no\">\n\t\t\t\t\t<div class=\"elementor-column elementor-col-100 elementor-top-column elementor-element elementor-element-498e96d\" data-id=\"498e96d\" data-element_type=\"column\" data-e-type=\"column\">\n\t\t\t<div class=\"elementor-widget-wrap elementor-element-populated\">\n\t\t\t\t\t\t<div class=\"elementor-element elementor-element-97c1cf0 elementor-widget elementor-widget-heading\" data-id=\"97c1cf0\" data-element_type=\"widget\" data-e-type=\"widget\" data-widget_type=\"heading.default\">\n\t\t\t\t<div class=\"elementor-widget-container\">\n\t\t\t\t\t<h5 class=\"elementor-heading-title elementor-size-default\">Petite colonie de vacances pour pal\u00e9ontologues dans le parc naturel de l'Altm\u00fchltal<\/h5>\t\t\t\t<\/div>\n\t\t\t\t<\/div>\n\t\t\t\t<div class=\"elementor-element elementor-element-15254bf elementor-widget elementor-widget-heading\" data-id=\"15254bf\" data-element_type=\"widget\" data-e-type=\"widget\" data-widget_type=\"heading.default\">\n\t\t\t\t<div class=\"elementor-widget-container\">\n\t\t\t\t\t<h2 class=\"elementor-heading-title elementor-size-default\">Description et d\u00e9tails du camp d'\u00e9t\u00e9<\/h2>\t\t\t\t<\/div>\n\t\t\t\t<\/div>\n\t\t\t\t<section class=\"elementor-section elementor-inner-section elementor-element elementor-element-ce857fa elementor-section-content-top elementor-section-boxed elementor-section-height-default elementor-section-height-default\" data-id=\"ce857fa\" data-element_type=\"section\" data-e-type=\"section\">\n\t\t\t\t\t\t\t<div class=\"elementor-background-overlay\"><\/div>\n\t\t\t\t\t\t\t<div class=\"elementor-container elementor-column-gap-no\">\n\t\t\t\t\t<div class=\"elementor-column elementor-col-50 elementor-inner-column elementor-element elementor-element-0a99fa5\" data-id=\"0a99fa5\" data-element_type=\"column\" data-e-type=\"column\">\n\t\t\t<div class=\"elementor-widget-wrap elementor-element-populated\">\n\t\t\t\t\t\t<div class=\"elementor-element elementor-element-5326ff7 elementor-widget elementor-widget-image-box\" data-id=\"5326ff7\" data-element_type=\"widget\" data-e-type=\"widget\" data-widget_type=\"image-box.default\">\n\t\t\t\t<div class=\"elementor-widget-container\">\n\t\t\t\t\t<div class=\"elementor-image-box-wrapper\"><div class=\"elementor-image-box-content\"><h4 class=\"elementor-image-box-title\">Qui peut participer au Campus ?<\/h4><p class=\"elementor-image-box-description\">Le camp s'adresse aux filles et aux gar\u00e7ons \u00e2g\u00e9s de 10 \u00e0 14 ans.<\/p><\/div><\/div>\t\t\t\t<\/div>\n\t\t\t\t<\/div>\n\t\t\t\t<div class=\"elementor-element elementor-element-f433aaf elementor-widget-divider--view-line elementor-widget elementor-widget-divider\" data-id=\"f433aaf\" data-element_type=\"widget\" data-e-type=\"widget\" data-widget_type=\"divider.default\">\n\t\t\t\t<div class=\"elementor-widget-container\">\n\t\t\t\t\t\t\t<div class=\"elementor-divider\">\n\t\t\t<span class=\"elementor-divider-separator\">\n\t\t\t\t\t\t<\/span>\n\t\t<\/div>\n\t\t\t\t\t\t<\/div>\n\t\t\t\t<\/div>\n\t\t\t\t<div class=\"elementor-element elementor-element-360dae5 elementor-widget elementor-widget-image-box\" data-id=\"360dae5\" data-element_type=\"widget\" data-e-type=\"widget\" data-widget_type=\"image-box.default\">\n\t\t\t\t<div class=\"elementor-widget-container\">\n\t\t\t\t\t<div class=\"elementor-image-box-wrapper\"><div class=\"elementor-image-box-content\"><h4 class=\"elementor-image-box-title\">Mus\u00e9es et carri\u00e8res de fossiles \u00e0 d\u00e9couvrir<\/h4><p class=\"elementor-image-box-description\"><ul>\n \t<li>Mus\u00e9e des dinosaures de l'Altm\u00fchltal<\/li>\n \t<li>Carri\u00e8re de fossiles de Blumenberg<\/li>\n \t<li>Mus\u00e9e Berger<\/li>\n \t<li>Ch\u00e2teau de Willibaldsburg<\/li>\n \t<li>Mus\u00e9e jurassien \"Jura-Museum<\/li>\n \t<li>Carri\u00e8re de Solnhofen<\/li>\n \t<li>B\u00fcrgermeister-M\u00fcller-Museum\" Mus\u00e9e de pal\u00e9ontologie<\/li>\n \t<li>Le camp comprend tout ce qui est n\u00e9cessaire pour travailler sur le campus et poursuivre l'\u00e9tude et l'aventure \u00e0 la maison.<\/li>\n<\/ul><\/p><\/div><\/div>\t\t\t\t<\/div>\n\t\t\t\t<\/div>\n\t\t\t\t\t<\/div>\n\t\t<\/div>\n\t\t\t\t<div class=\"elementor-column elementor-col-50 elementor-inner-column elementor-element elementor-element-2ba64e6\" data-id=\"2ba64e6\" data-element_type=\"column\" data-e-type=\"column\">\n\t\t\t<div class=\"elementor-widget-wrap elementor-element-populated\">\n\t\t\t\t\t\t<div class=\"elementor-element elementor-element-6d10def elementor-widget elementor-widget-image-box\" data-id=\"6d10def\" data-element_type=\"widget\" data-e-type=\"widget\" data-widget_type=\"image-box.default\">\n\t\t\t\t<div class=\"elementor-widget-container\">\n\t\t\t\t\t<div class=\"elementor-image-box-wrapper\"><div class=\"elementor-image-box-content\"><h4 class=\"elementor-image-box-title\">Quoi de neuf dans les camps d'\u00e9t\u00e9 des petits pal\u00e9ontologues ?<\/h4><p class=\"elementor-image-box-description\">Les activit\u00e9s p\u00e9dagogiques des camps d'\u00e9t\u00e9 comprennent des moments \u00e9ducatifs au mus\u00e9e et \u00e0 l'ext\u00e9rieur. Le camp comprend la visite de plusieurs carri\u00e8res fossilif\u00e8res o\u00f9 vous pourrez vous essayer \u00e0 la recherche de v\u00e9ritables fossiles de l'\u00e8re m\u00e9sozo\u00efque.   \nOutre les fouilles, nous visitons plusieurs mus\u00e9es pr\u00e9sentant des dinosaures et des fossiles spectaculaires de la m\u00eame \u00e9poque, ainsi que des parcs \u00e0 th\u00e8me.<\/p><\/div><\/div>\t\t\t\t<\/div>\n\t\t\t\t<\/div>\n\t\t\t\t<div class=\"elementor-element elementor-element-2a4fdf8 elementor-widget-divider--view-line elementor-widget elementor-widget-divider\" data-id=\"2a4fdf8\" data-element_type=\"widget\" data-e-type=\"widget\" data-widget_type=\"divider.default\">\n\t\t\t\t<div class=\"elementor-widget-container\">\n\t\t\t\t\t\t\t<div class=\"elementor-divider\">\n\t\t\t<span class=\"elementor-divider-separator\">\n\t\t\t\t\t\t<\/span>\n\t\t<\/div>\n\t\t\t\t\t\t<\/div>\n\t\t\t\t<\/div>\n\t\t\t\t<div class=\"elementor-element elementor-element-d2b57d4 elementor-widget elementor-widget-image-box\" data-id=\"d2b57d4\" data-element_type=\"widget\" data-e-type=\"widget\" data-widget_type=\"image-box.default\">\n\t\t\t\t<div class=\"elementor-widget-container\">\n\t\t\t\t\t<div class=\"elementor-image-box-wrapper\"><div class=\"elementor-image-box-content\"><h4 class=\"elementor-image-box-title\">Les outils fournis pour le camp d'\u00e9t\u00e9 sont les suivants<\/h4><p class=\"elementor-image-box-description\"><ul>\n \t<li>Sac \u00e0 dos PARC<\/li>\n \t<li>Marteau<\/li>\n \t<li>Ciseau<\/li>\n \t<li>Brosse<\/li>\n \t<li>Documentation du petit pal\u00e9ontologue<\/li>\n<li>Chemise de petit pal\u00e9ontologue<\/li>\n<\/ul><\/p><\/div><\/div>\t\t\t\t<\/div>\n\t\t\t\t<\/div>\n\t\t\t\t\t<\/div>\n\t\t<\/div>\n\t\t\t\t\t<\/div>\n\t\t<\/section>\n\t\t\t\t\t<\/div>\n\t\t<\/div>\n\t\t\t\t\t<\/div>\n\t\t<\/section>\n\t\t\t\t<section class=\"elementor-section elementor-top-section elementor-element elementor-element-82e8868 elementor-section-content-middle elementor-section-boxed elementor-section-height-default elementor-section-height-default\" data-id=\"82e8868\" data-element_type=\"section\" data-e-type=\"section\" data-settings=\"{&quot;background_background&quot;:&quot;classic&quot;}\">\n\t\t\t\t\t\t<div class=\"elementor-container elementor-column-gap-no\">\n\t\t\t\t\t<div class=\"elementor-column elementor-col-100 elementor-top-column elementor-element elementor-element-564a5bc\" data-id=\"564a5bc\" data-element_type=\"column\" data-e-type=\"column\">\n\t\t\t<div class=\"elementor-widget-wrap elementor-element-populated\">\n\t\t\t\t\t\t<div class=\"elementor-element elementor-element-4755a72 elementor-widget elementor-widget-heading\" data-id=\"4755a72\" data-element_type=\"widget\" data-e-type=\"widget\" data-widget_type=\"heading.default\">\n\t\t\t\t<div class=\"elementor-widget-container\">\n\t\t\t\t\t<h5 class=\"elementor-heading-title elementor-size-default\">Camp d'\u00e9t\u00e9 pour petits pal\u00e9ontologues<\/h5>\t\t\t\t<\/div>\n\t\t\t\t<\/div>\n\t\t\t\t<div class=\"elementor-element elementor-element-7d3bdad elementor-widget elementor-widget-heading\" data-id=\"7d3bdad\" data-element_type=\"widget\" data-e-type=\"widget\" data-widget_type=\"heading.default\">\n\t\t\t\t<div class=\"elementor-widget-container\">\n\t\t\t\t\t<h2 class=\"elementor-heading-title elementor-size-default\">Description d'une journ\u00e9e \"type\" de Campus d'\u00e9t\u00e9 :<\/h2>\t\t\t\t<\/div>\n\t\t\t\t<\/div>\n\t\t\t\t<section class=\"elementor-section elementor-inner-section elementor-element elementor-element-455650f elementor-section-content-top elementor-section-boxed elementor-section-height-default elementor-section-height-default\" data-id=\"455650f\" data-element_type=\"section\" data-e-type=\"section\">\n\t\t\t\t\t\t\t<div class=\"elementor-background-overlay\"><\/div>\n\t\t\t\t\t\t\t<div class=\"elementor-container elementor-column-gap-no\">\n\t\t\t\t\t<div class=\"elementor-column elementor-col-50 elementor-inner-column elementor-element elementor-element-442242f\" data-id=\"442242f\" data-element_type=\"column\" data-e-type=\"column\">\n\t\t\t<div class=\"elementor-widget-wrap elementor-element-populated\">\n\t\t\t\t\t\t<div class=\"elementor-element elementor-element-cbfc1c4 elementor-widget-divider--view-line elementor-widget elementor-widget-divider\" data-id=\"cbfc1c4\" data-element_type=\"widget\" data-e-type=\"widget\" data-widget_type=\"divider.default\">\n\t\t\t\t<div class=\"elementor-widget-container\">\n\t\t\t\t\t\t\t<div class=\"elementor-divider\">\n\t\t\t<span class=\"elementor-divider-separator\">\n\t\t\t\t\t\t<\/span>\n\t\t<\/div>\n\t\t\t\t\t\t<\/div>\n\t\t\t\t<\/div>\n\t\t\t\t<div class=\"elementor-element elementor-element-d5fd056 elementor-widget elementor-widget-image-box\" data-id=\"d5fd056\" data-element_type=\"widget\" data-e-type=\"widget\" data-widget_type=\"image-box.default\">\n\t\t\t\t<div class=\"elementor-widget-container\">\n\t\t\t\t\t<div class=\"elementor-image-box-wrapper\"><div class=\"elementor-image-box-content\"><h4 class=\"elementor-image-box-title\">Op\u00e9rateurs<\/h4><p class=\"elementor-image-box-description\"><strong>Les participants au camp sont toujours accompagn\u00e9s de trois ou quatre animateurs avec une camionnette.<\/strong><\/p><\/div><\/div>\t\t\t\t<\/div>\n\t\t\t\t<\/div>\n\t\t\t\t<div class=\"elementor-element elementor-element-ad83d55 elementor-widget elementor-widget-image-box\" data-id=\"ad83d55\" data-element_type=\"widget\" data-e-type=\"widget\" data-widget_type=\"image-box.default\">\n\t\t\t\t<div class=\"elementor-widget-container\">\n\t\t\t\t\t<div class=\"elementor-image-box-wrapper\"><div class=\"elementor-image-box-content\"><h4 class=\"elementor-image-box-title\">Matin<\/h4><p class=\"elementor-image-box-description\"><ul>\n \t<li>R\u00e9veil vers 7h30.<\/li>\n \t<li>Petit-d\u00e9jeuner italien \u00e0 l'h\u00e9bergement  <\/a><\/li>\n \t<li>D\u00e9placement vers les carri\u00e8res pour la simulation d'excavation<\/li>\n \t<li>Collation<\/li>\n \t<li>Les fouilles se poursuivent<\/li>\n \t<li>D\u00e9jeuner \u00e0 emporter ou dans un h\u00e9bergement adapt\u00e9 pour les enfants<\/li>\n<\/ul>\n<\/p><\/div><\/div>\t\t\t\t<\/div>\n\t\t\t\t<\/div>\n\t\t\t\t<div class=\"elementor-element elementor-element-a67eb7e elementor-widget elementor-widget-image-box\" data-id=\"a67eb7e\" data-element_type=\"widget\" data-e-type=\"widget\" data-widget_type=\"image-box.default\">\n\t\t\t\t<div class=\"elementor-widget-container\">\n\t\t\t\t\t<div class=\"elementor-image-box-wrapper\"><div class=\"elementor-image-box-content\"><h4 class=\"elementor-image-box-title\">Apr\u00e8s-midi<\/h4><p class=\"elementor-image-box-description\"><ul>\n \t<li>Moment de d\u00e9tente dans le parc ou dans la structure d'accueil<\/li>\n \t<li>Activit\u00e9s dans un mus\u00e9e ou un parc<\/li>\n \t<li>Collation<\/li>\n \t<li>18 heures Douches et appels t\u00e9l\u00e9phoniques \u00e0 la maison<\/li>\n \t<li>D\u00eener dans un \u00e9tablissement adapt\u00e9 aux enfants<\/li>\n<\/ul><\/p><\/div><\/div>\t\t\t\t<\/div>\n\t\t\t\t<\/div>\n\t\t\t\t\t<\/div>\n\t\t<\/div>\n\t\t\t\t<div class=\"elementor-column elementor-col-50 elementor-inner-column elementor-element elementor-element-e8eac10\" data-id=\"e8eac10\" data-element_type=\"column\" data-e-type=\"column\">\n\t\t\t<div class=\"elementor-widget-wrap elementor-element-populated\">\n\t\t\t\t\t\t<div class=\"elementor-element elementor-element-687cca4 elementor-widget-divider--view-line elementor-widget elementor-widget-divider\" data-id=\"687cca4\" data-element_type=\"widget\" data-e-type=\"widget\" data-widget_type=\"divider.default\">\n\t\t\t\t<div class=\"elementor-widget-container\">\n\t\t\t\t\t\t\t<div class=\"elementor-divider\">\n\t\t\t<span class=\"elementor-divider-separator\">\n\t\t\t\t\t\t<\/span>\n\t\t<\/div>\n\t\t\t\t\t\t<\/div>\n\t\t\t\t<\/div>\n\t\t\t\t<div class=\"elementor-element elementor-element-5cc39b2 elementor-widget elementor-widget-image-box\" data-id=\"5cc39b2\" data-element_type=\"widget\" data-e-type=\"widget\" data-widget_type=\"image-box.default\">\n\t\t\t\t<div class=\"elementor-widget-container\">\n\t\t\t\t\t<div class=\"elementor-image-box-wrapper\"><div class=\"elementor-image-box-content\"><h4 class=\"elementor-image-box-title\">Nuit<\/h4><p class=\"elementor-image-box-description\"><ul>\n \t<li>Jeux de groupe jusqu'\u00e0 23h30 environ<\/li>\n \t<li>D\u00e9m\u00e9nagement dans les dortoirs pour la nuit. Les chambres sont \u00e9quip\u00e9es d'une salle de bain et les participants sont log\u00e9s dans des dortoirs de 4\/5 lits r\u00e9partis par sexe. Le soir, un op\u00e9rateur et une op\u00e9ratrice suivent le groupe dans la pr\u00e9paration du coucher.\nLes deux op\u00e9rateurs se reposent avec les participants ou dans l'antichambre afin qu'ils puissent faire face \u00e0 un \u00e9ventuel manque de sommeil ou \u00e0 de petits moments de nostalgie.  <\/li>\n \t<\/ul>\n<\/p><\/div><\/div>\t\t\t\t<\/div>\n\t\t\t\t<\/div>\n\t\t\t\t<div class=\"elementor-element elementor-element-82660a0 elementor-widget elementor-widget-image-box\" data-id=\"82660a0\" data-element_type=\"widget\" data-e-type=\"widget\" data-widget_type=\"image-box.default\">\n\t\t\t\t<div class=\"elementor-widget-container\">\n\t\t\t\t\t<div class=\"elementor-image-box-wrapper\"><div class=\"elementor-image-box-content\"><h4 class=\"elementor-image-box-title\">Repas<\/h4><p class=\"elementor-image-box-description\">Les h\u00e9bergements s\u00e9lectionn\u00e9s offrent la possibilit\u00e9 d'utiliser la cuisine pour pr\u00e9parer des repas conformes au r\u00e9gime m\u00e9diterran\u00e9en et aux go\u00fbts des enfants. En m\u00eame temps, il est envisag\u00e9 avec le groupe de savourer la cuisine locale. <\/p><\/div><\/div>\t\t\t\t<\/div>\n\t\t\t\t<\/div>\n\t\t\t\t<div class=\"elementor-element elementor-element-26205ac elementor-widget elementor-widget-image-box\" data-id=\"26205ac\" data-element_type=\"widget\" data-e-type=\"widget\" data-widget_type=\"image-box.default\">\n\t\t\t\t<div class=\"elementor-widget-container\">\n\t\t\t\t\t<div class=\"elementor-image-box-wrapper\"><div class=\"elementor-image-box-content\"><h4 class=\"elementor-image-box-title\">H\u00e9bergement et localisation<\/h4><p class=\"elementor-image-box-description\">L'h\u00e9bergement est situ\u00e9 dans le parc naturel de l'Altm\u00fchltal, s\u00e9lectionn\u00e9 pour accueillir des groupes festifs de jeunes passionn\u00e9s de pal\u00e9ontologie. Vous dormez dans des chambres de 4 \u00e0 5 jeunes.   <br>Dans le c\u0153ur vert de la Bavi\u00e8re : le parc naturel de l'Altm\u00fchltal est situ\u00e9 \u00e0 une centaine de kilom\u00e8tres au nord de Munich.<\/p><\/div><\/div>\t\t\t\t<\/div>\n\t\t\t\t<\/div>\n\t\t\t\t\t<\/div>\n\t\t<\/div>\n\t\t\t\t\t<\/div>\n\t\t<\/section>\n\t\t\t\t\t<\/div>\n\t\t<\/div>\n\t\t\t\t\t<\/div>\n\t\t<\/section>\n\t\t<div class=\"elementor-element elementor-element-9a659aa e-flex e-con-boxed e-con e-parent\" data-id=\"9a659aa\" data-element_type=\"container\" data-e-type=\"container\">\n\t\t\t\t\t<div class=\"e-con-inner\">\n\t\t\t\t<div class=\"elementor-element elementor-element-f6ff5c6 elementor-widget elementor-widget-heading\" data-id=\"f6ff5c6\" data-element_type=\"widget\" data-e-type=\"widget\" data-widget_type=\"heading.default\">\n\t\t\t\t<div class=\"elementor-widget-container\">\n\t\t\t\t\t<h2 class=\"elementor-heading-title elementor-size-default\">Comment se rendre au camp et transfert<\/h2>\t\t\t\t<\/div>\n\t\t\t\t<\/div>\n\t\t\t\t<div class=\"elementor-element elementor-element-59b0708 elementor-widget elementor-widget-spacer\" data-id=\"59b0708\" data-element_type=\"widget\" data-e-type=\"widget\" data-widget_type=\"spacer.default\">\n\t\t\t\t<div class=\"elementor-widget-container\">\n\t\t\t\t\t\t\t<div class=\"elementor-spacer\">\n\t\t\t<div class=\"elementor-spacer-inner\"><\/div>\n\t\t<\/div>\n\t\t\t\t\t\t<\/div>\n\t\t\t\t<\/div>\n\t\t\t\t<div class=\"elementor-element elementor-element-513c601 elementor-widget elementor-widget-text-editor\" data-id=\"513c601\" data-element_type=\"widget\" data-e-type=\"widget\" data-widget_type=\"text-editor.default\">\n\t\t\t\t<div class=\"elementor-widget-container\">\n\t\t\t\t\t\t\t\t\t<h4><strong><span style=\"font-style: inherit; text-align: var(--text-align); background-color: var(--ast-global-color-4); color: var(--ast-global-color-3);\">Pour rejoindre le camp, plusieurs solutions de transport sont disponibles :<\/span><\/strong><\/h4><ul><li><p><strong>D\u00e9part et retour avec les op\u00e9rateurs de l&rsquo;a\u00e9roport de Cagliari-Elmas<\/strong><br>Les participants peuvent voyager en groupe avec les op\u00e9rateurs du camp, ce qui garantit un accompagnement s\u00fbr tout au long du voyage.<\/p><\/li><li><p><strong>Arriv\u00e9e et d\u00e9part ind\u00e9pendants du<\/strong> camp<br>Les participants peuvent \u00eatre d\u00e9pos\u00e9s et r\u00e9cup\u00e9r\u00e9s directement au camp, en convenant \u00e0 l&rsquo;avance des heures d&rsquo;arriv\u00e9e et de d\u00e9part.<\/p><\/li><li><p><strong>Arriv\u00e9e et d\u00e9part des<\/strong> a\u00e9roports de <strong>Munich ou de Nuremberg<\/strong><br>Les participants peuvent voyager ind\u00e9pendamment et atterrir aux a\u00e9roports de <strong>Munich ou de Nuremberg<\/strong>.<br>Un service de <strong>transfert depuis et vers l&rsquo;a\u00e9roport<\/strong> peut \u00eatre organis\u00e9 avec les organisateurs du camp, ainsi qu&rsquo;un accueil pour les participants voyageant seuls.<\/p><\/li><\/ul>\t\t\t\t\t\t\t\t<\/div>\n\t\t\t\t<\/div>\n\t\t\t\t\t<\/div>\n\t\t\t\t<\/div>\n\t\t\t\t<section class=\"elementor-section elementor-top-section elementor-element elementor-element-6de1c71 elementor-section-content-middle elementor-section-boxed elementor-section-height-default elementor-section-height-default\" data-id=\"6de1c71\" data-element_type=\"section\" data-e-type=\"section\" data-settings=\"{&quot;background_background&quot;:&quot;classic&quot;}\">\n\t\t\t\t\t\t<div class=\"elementor-container elementor-column-gap-no\">\n\t\t\t\t\t<div class=\"elementor-column elementor-col-100 elementor-top-column elementor-element elementor-element-76cf75e\" data-id=\"76cf75e\" data-element_type=\"column\" data-e-type=\"column\">\n\t\t\t<div class=\"elementor-widget-wrap elementor-element-populated\">\n\t\t\t\t\t\t<div class=\"elementor-element elementor-element-3b42610 elementor-widget elementor-widget-heading\" data-id=\"3b42610\" data-element_type=\"widget\" data-e-type=\"widget\" data-widget_type=\"heading.default\">\n\t\t\t\t<div class=\"elementor-widget-container\">\n\t\t\t\t\t<h2 class=\"elementor-heading-title elementor-size-default\"><h2 data-elementor-setting-key=\"title\" data-pen-placeholder=\"Digita qui...\" style=\"font-style: normal\">R\u00e9sum\u00e9 des co\u00fbts et des d\u00e9tails r\u00e9glementaires<\/h2><\/h2>\t\t\t\t<\/div>\n\t\t\t\t<\/div>\n\t\t\t\t<section class=\"elementor-section elementor-inner-section elementor-element elementor-element-844e74e elementor-section-content-top elementor-section-boxed elementor-section-height-default elementor-section-height-default\" data-id=\"844e74e\" data-element_type=\"section\" data-e-type=\"section\">\n\t\t\t\t\t\t\t<div class=\"elementor-background-overlay\"><\/div>\n\t\t\t\t\t\t\t<div class=\"elementor-container elementor-column-gap-no\">\n\t\t\t\t\t<div class=\"elementor-column elementor-col-50 elementor-inner-column elementor-element elementor-element-6a8473a\" data-id=\"6a8473a\" data-element_type=\"column\" data-e-type=\"column\">\n\t\t\t<div class=\"elementor-widget-wrap elementor-element-populated\">\n\t\t\t\t\t\t<div class=\"elementor-element elementor-element-bce2569 elementor-widget-divider--view-line elementor-widget elementor-widget-divider\" data-id=\"bce2569\" data-element_type=\"widget\" data-e-type=\"widget\" data-widget_type=\"divider.default\">\n\t\t\t\t<div class=\"elementor-widget-container\">\n\t\t\t\t\t\t\t<div class=\"elementor-divider\">\n\t\t\t<span class=\"elementor-divider-separator\">\n\t\t\t\t\t\t<\/span>\n\t\t<\/div>\n\t\t\t\t\t\t<\/div>\n\t\t\t\t<\/div>\n\t\t\t\t<div class=\"elementor-element elementor-element-d7d32fe elementor-widget elementor-widget-image-box\" data-id=\"d7d32fe\" data-element_type=\"widget\" data-e-type=\"widget\" data-widget_type=\"image-box.default\">\n\t\t\t\t<div class=\"elementor-widget-container\">\n\t\t\t\t\t<div class=\"elementor-image-box-wrapper\"><div class=\"elementor-image-box-content\"><h4 class=\"elementor-image-box-title\">Le co\u00fbt du camp est de 890 euros par participant (850 euros pour une double inscription dans la m\u00eame famille, par exemple fr\u00e8res\/s\u0153urs, deuxi\u00e8me ann\u00e9e cons\u00e9cutive) et comprend<\/h4><p class=\"elementor-image-box-description\"><ul>\n \t<li>6 d\u00e9jeuners (peuvent \u00eatre emball\u00e9s)<\/li>\n<li>5 petits d\u00e9jeuners<\/li>\n \t<li>12 collations<\/li>\n \t<li>5 d\u00eeners<\/li>\n \t<li>5 nuit\u00e9es<\/li>\n \t<li>petit kit du pal\u00e9ontologue<\/li>\n<li>Maillot de camp<\/li>\n \t<li>pr\u00e9sence continue d'\u00e9ducateurs\/op\u00e9rateurs<\/li>\n \t<li>frais d'inscription<\/li>\n \t<li>assurance<\/li>\n<li>le voyage aller-retour entre le lieu d'h\u00e9bergement et les lieux o\u00f9 se d\u00e9rouleront les activit\u00e9s pendant tous les jours du camp<\/li>\n<\/ul><\/p><\/div><\/div>\t\t\t\t<\/div>\n\t\t\t\t<\/div>\n\t\t\t\t\t<\/div>\n\t\t<\/div>\n\t\t\t\t<div class=\"elementor-column elementor-col-50 elementor-inner-column elementor-element elementor-element-bb536ba\" data-id=\"bb536ba\" data-element_type=\"column\" data-e-type=\"column\">\n\t\t\t<div class=\"elementor-widget-wrap elementor-element-populated\">\n\t\t\t\t\t\t<div class=\"elementor-element elementor-element-93aa637 elementor-widget-divider--view-line elementor-widget elementor-widget-divider\" data-id=\"93aa637\" data-element_type=\"widget\" data-e-type=\"widget\" data-widget_type=\"divider.default\">\n\t\t\t\t<div class=\"elementor-widget-container\">\n\t\t\t\t\t\t\t<div class=\"elementor-divider\">\n\t\t\t<span class=\"elementor-divider-separator\">\n\t\t\t\t\t\t<\/span>\n\t\t<\/div>\n\t\t\t\t\t\t<\/div>\n\t\t\t\t<\/div>\n\t\t\t\t<div class=\"elementor-element elementor-element-e4cc63c elementor-widget elementor-widget-image-box\" data-id=\"e4cc63c\" data-element_type=\"widget\" data-e-type=\"widget\" data-widget_type=\"image-box.default\">\n\t\t\t\t<div class=\"elementor-widget-container\">\n\t\t\t\t\t<div class=\"elementor-image-box-wrapper\"><div class=\"elementor-image-box-content\"><h4 class=\"elementor-image-box-title\">Nombre minimum et maximum de participants<\/h4><p class=\"elementor-image-box-description\">Le campus d'\u00e9t\u00e9 est confirm\u00e9 d\u00e8s que 8 enfants se sont inscrits.\n\nLe nombre maximum pour chaque campus est de 15\/16 participants.<\/p><\/div><\/div>\t\t\t\t<\/div>\n\t\t\t\t<\/div>\n\t\t\t\t<div class=\"elementor-element elementor-element-abbbbeb elementor-widget elementor-widget-image-box\" data-id=\"abbbbeb\" data-element_type=\"widget\" data-e-type=\"widget\" data-widget_type=\"image-box.default\">\n\t\t\t\t<div class=\"elementor-widget-container\">\n\t\t\t\t\t<div class=\"elementor-image-box-wrapper\"><div class=\"elementor-image-box-content\"><h4 class=\"elementor-image-box-title\">NON COMPRIS<\/h4><p class=\"elementor-image-box-description\">Vol aller-retour depuis l'Italie. Les a\u00e9roports les plus proches sont Munich et Nuremberg, qui sont \u00e0 \u00e9gale distance du lieu d'h\u00e9bergement qui accueillera le groupe. En cas d'arriv\u00e9e individuelle, un service de transfert de l'a\u00e9roport au lieu d'h\u00e9bergement peut \u00eatre organis\u00e9 (non inclus).  <br><b>Les jeunes peuvent voyager avec les op\u00e9rateurs<\/b> en prenant le vol pour Munich le samedi 9 ao\u00fbt avec d\u00e9part de Cagliari<br>et retour le jeudi 14 ao\u00fbt avec arriv\u00e9e \u00e0 Cagliari.<br>Vol avec un chariot de 8 kg avec Lufthansa.<\/p><\/div><\/div>\t\t\t\t<\/div>\n\t\t\t\t<\/div>\n\t\t\t\t<div class=\"elementor-element elementor-element-5ecb8a5 elementor-widget elementor-widget-image-box\" data-id=\"5ecb8a5\" data-element_type=\"widget\" data-e-type=\"widget\" data-widget_type=\"image-box.default\">\n\t\t\t\t<div class=\"elementor-widget-container\">\n\t\t\t\t\t<div class=\"elementor-image-box-wrapper\"><div class=\"elementor-image-box-content\"><h4 class=\"elementor-image-box-title\">DOCUMENTS ET AUTORISATIONS<\/h4><p class=\"elementor-image-box-description\">\n<ol>\n \t<li><strong>Documents de voyage individuels<\/strong>\n<br>Depuis le 26 juin 2012, tous les mineurs italiens doivent \u00eatre munis de leur propre document de voyage en cours de validit\u00e9, tel qu'un passeport ou une carte d'identit\u00e9 valable pour l'expatriation.<\/li>\n \t<li><strong>D\u00e9claration d'accompagnement\n<\/strong>\n<br>Pour les mineurs de moins de 14 ans voyageant sans leurs parents ou tuteurs l\u00e9gaux, une \"d\u00e9claration d'accompagnement\" est requise. Ce document doit \u00eatre \u00e9tabli par les parents ou les tuteurs \u00e0 la Questura, autorisant un adulte sp\u00e9cifique \u00e0 accompagner l'enfant pendant le voyage. <\/li>\n \t<li><strong>Consentement parental pour l'entr\u00e9e et l'h\u00e9bergement en Allemagne<\/strong>\n<br>Les autorit\u00e9s allemandes recommandent que les mineurs voyageant seuls ou accompagn\u00e9s de personnes autres que leurs parents soient munis d'une d\u00e9claration notari\u00e9e de consentement de leurs parents ou tuteurs l\u00e9gaux.<\/li>\n<\/ol><\/p><\/div><\/div>\t\t\t\t<\/div>\n\t\t\t\t<\/div>\n\t\t\t\t\t<\/div>\n\t\t<\/div>\n\t\t\t\t\t<\/div>\n\t\t<\/section>\n\t\t\t\t\t<\/div>\n\t\t<\/div>\n\t\t\t\t\t<\/div>\n\t\t<\/section>\n\t\t<div class=\"elementor-element elementor-element-35c02c6 e-flex e-con-boxed e-con e-parent\" data-id=\"35c02c6\" data-element_type=\"container\" data-e-type=\"container\">\n\t\t\t\t\t<div class=\"e-con-inner\">\n\t\t\t\t<div class=\"elementor-element elementor-element-fe28f1b elementor-widget elementor-widget-heading\" data-id=\"fe28f1b\" data-element_type=\"widget\" data-e-type=\"widget\" data-widget_type=\"heading.default\">\n\t\t\t\t<div class=\"elementor-widget-container\">\n\t\t\t\t\t<h2 class=\"elementor-heading-title elementor-size-default\">Comment r\u00e9server le Campus<\/h2>\t\t\t\t<\/div>\n\t\t\t\t<\/div>\n\t\t\t\t\t<\/div>\n\t\t\t\t<\/div>\n\t\t<div class=\"elementor-element elementor-element-c7d22f6 e-flex e-con-boxed e-con e-parent\" data-id=\"c7d22f6\" data-element_type=\"container\" data-e-type=\"container\">\n\t\t\t\t\t<div class=\"e-con-inner\">\n\t\t\t\t<div class=\"elementor-element elementor-element-061048d elementor-widget elementor-widget-text-editor\" data-id=\"061048d\" data-element_type=\"widget\" data-e-type=\"widget\" data-widget_type=\"text-editor.default\">\n\t\t\t\t<div class=\"elementor-widget-container\">\n\t\t\t\t\t\t\t\t\t<p><b>Le campus d&rsquo;\u00e9t\u00e9 est confirm\u00e9 avec une participation minimale de 8 personnes.<\/b><\/p><p>Pour r\u00e9server le campus, vous pouvez nous contacter par t\u00e9l\u00e9phone au <strong>+39 339 16 76 863<\/strong> (\u00e9galement disponible via WhatsApp) ou par e-mail \u00e0 l&rsquo;adresse suivante <strong><a rel=\"noopener\">parcgenoni@gmail.com<\/a><\/strong>. Apr\u00e8s avoir pris contact, nous vous enverrons les formulaires d&rsquo;inscription et les documents n\u00e9cessaires pour compl\u00e9ter la proc\u00e9dure. <\/p><p>Les r\u00e9servations seront consid\u00e9r\u00e9es comme compl\u00e8tes apr\u00e8s r\u00e9ception de la confirmation des organisateurs du campus. En cas de nombre \u00e9lev\u00e9 de demandes, les groupes seront constitu\u00e9s en fonction de l&rsquo;ordre d&rsquo;arriv\u00e9e des demandes compl\u00e8tes, accompagn\u00e9es de tous les documents requis. <\/p><p>En g\u00e9n\u00e9ral, les op\u00e9rateurs vous fourniront des mises \u00e0 jour sur le nombre d&rsquo;inscriptions pour chaque campus. En collaboration avec les parents, l&rsquo;organisation du campus s&rsquo;efforcera d&rsquo;identifier la date et le groupe qui conviennent le mieux \u00e0 chaque participant. <\/p><p>Avec les formulaires d&rsquo;inscription, vous recevrez \u00e9galement une liste des choses essentielles \u00e0 apporter et de celles qui sont d\u00e9conseill\u00e9es, ainsi qu&rsquo;une demande d&rsquo;indication des allergies ou des pr\u00e9cautions particuli\u00e8res \u00e0 prendre pour chaque participant.<\/p><p>Pendant le camp, de nombreuses photos seront prises, tant en groupe qu&rsquo;individuellement, afin de documenter l&rsquo;exp\u00e9rience et les moments forts, y compris la remise du dipl\u00f4me de petit pal\u00e9ontologue. \u00c0 cette fin, il vous sera demand\u00e9 de signer un formulaire de d\u00e9charge pour l&rsquo;utilisation des photos. Les photos seront ensuite envoy\u00e9es \u00e0 tous les membres dans des dossiers s\u00e9par\u00e9s. Si vous ne souhaitez pas signer le formulaire d&rsquo;autorisation, les visages des participants seront masqu\u00e9s de mani\u00e8re appropri\u00e9e sur les photos de groupe.   <\/p><p>Nous garantissons une disponibilit\u00e9 et un professionnalisme maximums afin d&rsquo;offrir la meilleure exp\u00e9rience possible \u00e0 vos tr\u00e9sors.<\/p>\t\t\t\t\t\t\t\t<\/div>\n\t\t\t\t<\/div>\n\t\t\t\t\t<\/div>\n\t\t\t\t<\/div>\n\t\t\t\t<section class=\"elementor-section elementor-top-section elementor-element elementor-element-2ce5004 elementor-section-content-middle elementor-section-boxed elementor-section-height-default elementor-section-height-default\" data-id=\"2ce5004\" data-element_type=\"section\" data-e-type=\"section\" data-settings=\"{&quot;background_background&quot;:&quot;classic&quot;}\">\n\t\t\t\t\t\t<div class=\"elementor-container elementor-column-gap-default\">\n\t\t\t\t\t<div class=\"elementor-column elementor-col-100 elementor-top-column elementor-element elementor-element-de23f45\" data-id=\"de23f45\" data-element_type=\"column\" data-e-type=\"column\">\n\t\t\t<div class=\"elementor-widget-wrap elementor-element-populated\">\n\t\t\t\t\t\t<div class=\"elementor-element elementor-element-aca2d6b elementor-widget elementor-widget-heading\" data-id=\"aca2d6b\" data-element_type=\"widget\" data-e-type=\"widget\" data-widget_type=\"heading.default\">\n\t\t\t\t<div class=\"elementor-widget-container\">\n\t\t\t\t\t<h2 class=\"elementor-heading-title elementor-size-default\"><a href=\"https:\/\/www.museumshop.inlandsardinia.it\/campi-estivi-del-piccolo-archeologo-e-paleontologo\/\">R\u00e9sum\u00e9 des co\u00fbts<\/a><\/h2>\t\t\t\t<\/div>\n\t\t\t\t<\/div>\n\t\t\t\t\t<\/div>\n\t\t<\/div>\n\t\t\t\t\t<\/div>\n\t\t<\/section>\n\t\t<div class=\"elementor-element elementor-element-b104b23 e-flex e-con-boxed e-con e-parent\" data-id=\"b104b23\" data-element_type=\"container\" data-e-type=\"container\">\n\t\t\t\t\t<div class=\"e-con-inner\">\n\t\t<div class=\"elementor-element elementor-element-5ea65f3 e-con-full e-flex e-con e-child\" data-id=\"5ea65f3\" data-element_type=\"container\" data-e-type=\"container\">\n\t\t\t\t<\/div>\n\t\t<div class=\"elementor-element elementor-element-7c577d2 e-con-full e-flex e-con e-child\" data-id=\"7c577d2\" data-element_type=\"container\" data-e-type=\"container\">\n\t\t\t\t<div class=\"elementor-element elementor-element-07f3f71 elementor-widget elementor-widget-price-table\" data-id=\"07f3f71\" data-element_type=\"widget\" data-e-type=\"widget\" data-widget_type=\"price-table.default\">\n\t\t\t\t<div class=\"elementor-widget-container\">\n\t\t\t\t\t\n\t\t<div class=\"elementor-price-table\">\n\t\t\t\t\t\t\t<div class=\"elementor-price-table__header\">\n\t\t\t\t\t\t\t\t\t\t\t<h3 class=\"elementor-price-table__heading\">\n\t\t\t\t\t\tCamp d'\u00e9t\u00e9 en Allemagne\t\t\t\t\t\t<\/h3>\n\t\t\t\t\t\n\t\t\t\t\t\t\t\t\t\t\t<span class=\"elementor-price-table__subheading\">\n\t\t\t\t\t\t\tParc naturel de l'Altm\u00fchltal  \t\t\t\t\t\t<\/span>\n\t\t\t\t\t\t\t\t\t<\/div>\n\t\t\t\n\t\t\t<div class=\"elementor-price-table__price\">\n\t\t\t\t\t\t\t\t<span class=\"elementor-price-table__currency\">&#128;<\/span>\t\t\t\t\t\t\t\t\t<span class=\"elementor-price-table__integer-part\">\n\t\t\t\t\t\t900\t\t\t\t\t<\/span>\n\t\t\t\t\n\t\t\t\t\n\t\t\t\t\n\t\t\t\t\t\t\t\t\t<span class=\"elementor-price-table__period elementor-typo-excluded\">5 nuits et 6 jours<\/span>\t\t\t\t\t\t\t<\/div>\n\n\t\t\t\t\t\t\t<ul class=\"elementor-price-table__features-list\">\n\t\t\t\t\t\t\t\t\t\t\t<li class=\"elementor-repeater-item-2077bac\">\n\t\t\t\t\t\t\t<div class=\"elementor-price-table__feature-inner\">\n\t\t\t\t\t\t\t\t<svg aria-hidden=\"true\" class=\"e-font-icon-svg e-far-hand-peace\" viewBox=\"0 0 448 512\" xmlns=\"http:\/\/www.w3.org\/2000\/svg\"><path d=\"M362.146 191.976c-13.71-21.649-38.761-34.016-65.006-30.341V74c0-40.804-32.811-74-73.141-74-40.33 0-73.14 33.196-73.14 74L160 168l-18.679-78.85C126.578 50.843 83.85 32.11 46.209 47.208 8.735 62.238-9.571 104.963 5.008 142.85l55.757 144.927c-30.557 24.956-43.994 57.809-24.733 92.218l54.853 97.999C102.625 498.97 124.73 512 148.575 512h205.702c30.744 0 57.558-21.44 64.555-51.797l27.427-118.999a67.801 67.801 0 0 0 1.729-15.203L448 256c0-44.956-43.263-77.343-85.854-64.024zM399.987 326c0 1.488-.169 2.977-.502 4.423l-27.427 119.001c-1.978 8.582-9.29 14.576-17.782 14.576H148.575c-6.486 0-12.542-3.621-15.805-9.449l-54.854-98c-4.557-8.141-2.619-18.668 4.508-24.488l26.647-21.764a16 16 0 0 0 4.812-18.139l-64.09-166.549C37.226 92.956 84.37 74.837 96.51 106.389l59.784 155.357A16 16 0 0 0 171.227 272h11.632c8.837 0 16-7.163 16-16V74c0-34.375 50.281-34.43 50.281 0v182c0 8.837 7.163 16 16 16h6.856c8.837 0 16-7.163 16-16v-28c0-25.122 36.567-25.159 36.567 0v28c0 8.837 7.163 16 16 16h6.856c8.837 0 16-7.163 16-16 0-25.12 36.567-25.16 36.567 0v70z\"><\/path><\/svg>\t\t\t\t\t\t\t\t\t\t\t\t\t\t\t\t\t<span >\n\t\t\t\t\t\t\t\t\t\t850 \u20ac - deuxi\u00e8me ann\u00e9e cons\u00e9cutive\t\t\t\t\t\t\t\t\t<\/span>\n\t\t\t\t\t\t\t\t\t\t\t\t\t\t\t\t<\/div>\n\t\t\t\t\t\t<\/li>\n\t\t\t\t\t\t\t\t\t\t\t<li class=\"elementor-repeater-item-a943b20\">\n\t\t\t\t\t\t\t<div class=\"elementor-price-table__feature-inner\">\n\t\t\t\t\t\t\t\t<svg aria-hidden=\"true\" class=\"e-font-icon-svg e-fas-user-plus\" viewBox=\"0 0 640 512\" xmlns=\"http:\/\/www.w3.org\/2000\/svg\"><path d=\"M624 208h-64v-64c0-8.8-7.2-16-16-16h-32c-8.8 0-16 7.2-16 16v64h-64c-8.8 0-16 7.2-16 16v32c0 8.8 7.2 16 16 16h64v64c0 8.8 7.2 16 16 16h32c8.8 0 16-7.2 16-16v-64h64c8.8 0 16-7.2 16-16v-32c0-8.8-7.2-16-16-16zm-400 48c70.7 0 128-57.3 128-128S294.7 0 224 0 96 57.3 96 128s57.3 128 128 128zm89.6 32h-16.7c-22.2 10.2-46.9 16-72.9 16s-50.6-5.8-72.9-16h-16.7C60.2 288 0 348.2 0 422.4V464c0 26.5 21.5 48 48 48h352c26.5 0 48-21.5 48-48v-41.6c0-74.2-60.2-134.4-134.4-134.4z\"><\/path><\/svg>\t\t\t\t\t\t\t\t\t\t\t\t\t\t\t\t\t<span >\n\t\t\t\t\t\t\t\t\t\t850 \u20ac par personne pour une inscription double dans la m\u00eame famille\t\t\t\t\t\t\t\t\t<\/span>\n\t\t\t\t\t\t\t\t\t\t\t\t\t\t\t\t<\/div>\n\t\t\t\t\t\t<\/li>\n\t\t\t\t\t\t\t\t\t<\/ul>\n\t\t\t\n\t\t\t\t\t\t\t<div class=\"elementor-price-table__footer\">\n\t\t\t\t\t\t\t\t\t\t\t<a class=\"elementor-price-table__button elementor-button elementor-size-md\" href=\"https:\/\/parcgenoni.com\/fr\/contact\/\" target=\"_blank\">\n\t\t\t\t\t\t\tR\u00c9SERVEZ D\u00c8S MAINTENANT !\t\t\t\t\t\t<\/a>\n\t\t\t\t\t\n\t\t\t\t\t\t\t\t\t<\/div>\n\t\t\t\t\t<\/div>\n\n\t\t\t\t\t\t<\/div>\n\t\t\t\t<\/div>\n\t\t\t\t<\/div>\n\t\t<div class=\"elementor-element elementor-element-726482a e-con-full e-flex e-con e-child\" data-id=\"726482a\" data-element_type=\"container\" data-e-type=\"container\">\n\t\t\t\t<\/div>\n\t\t\t\t\t<\/div>\n\t\t\t\t<\/div>\n\t\t<div class=\"elementor-element elementor-element-7dc8d7e e-flex e-con-boxed e-con e-parent\" data-id=\"7dc8d7e\" data-element_type=\"container\" data-e-type=\"container\">\n\t\t\t\t\t<div class=\"e-con-inner\">\n\t\t\t\t<div class=\"elementor-element elementor-element-bcdb878 elementor-widget elementor-widget-spacer\" data-id=\"bcdb878\" data-element_type=\"widget\" data-e-type=\"widget\" data-widget_type=\"spacer.default\">\n\t\t\t\t<div class=\"elementor-widget-container\">\n\t\t\t\t\t\t\t<div class=\"elementor-spacer\">\n\t\t\t<div class=\"elementor-spacer-inner\"><\/div>\n\t\t<\/div>\n\t\t\t\t\t\t<\/div>\n\t\t\t\t<\/div>\n\t\t\t\t<div class=\"elementor-element elementor-element-5b54a82 elementor-widget elementor-widget-heading\" data-id=\"5b54a82\" data-element_type=\"widget\" data-e-type=\"widget\" data-widget_type=\"heading.default\">\n\t\t\t\t<div class=\"elementor-widget-container\">\n\t\t\t\t\t<h4 class=\"elementor-heading-title elementor-size-default\">Organisation technique : Dolcevita Bike Tours<\/h4>\t\t\t\t<\/div>\n\t\t\t\t<\/div>\n\t\t\t\t\t<\/div>\n\t\t\t\t<\/div>\n\t\t\t\t<section class=\"elementor-section elementor-top-section elementor-element elementor-element-eru5qhb elementor-section-content-middle elementor-section-boxed elementor-section-height-default elementor-section-height-default\" data-id=\"eru5qhb\" data-element_type=\"section\" data-e-type=\"section\" data-settings=\"{&quot;background_background&quot;:&quot;classic&quot;}\">\n\t\t\t\t\t\t<div class=\"elementor-container elementor-column-gap-no\">\n\t\t\t\t\t<div class=\"elementor-column elementor-col-100 elementor-top-column elementor-element elementor-element-8712de8\" data-id=\"8712de8\" data-element_type=\"column\" data-e-type=\"column\">\n\t\t\t<div class=\"elementor-widget-wrap elementor-element-populated\">\n\t\t\t\t\t\t<div class=\"elementor-element elementor-element-8f19103 elementor-widget elementor-widget-heading\" data-id=\"8f19103\" data-element_type=\"widget\" data-e-type=\"widget\" data-widget_type=\"heading.default\">\n\t\t\t\t<div class=\"elementor-widget-container\">\n\t\t\t\t\t<h2 class=\"elementor-heading-title elementor-size-default\">F.A.Q.<\/h2>\t\t\t\t<\/div>\n\t\t\t\t<\/div>\n\t\t\t\t<div class=\"elementor-element elementor-element-4682809 elementor-widget elementor-widget-heading\" data-id=\"4682809\" data-element_type=\"widget\" data-e-type=\"widget\" data-widget_type=\"heading.default\">\n\t\t\t\t<div class=\"elementor-widget-container\">\n\t\t\t\t\t<h5 class=\"elementor-heading-title elementor-size-default\">Questions fr\u00e9quemment pos\u00e9es<\/h5>\t\t\t\t<\/div>\n\t\t\t\t<\/div>\n\t\t\t\t<div class=\"elementor-element elementor-element-a8f902c elementor-widget elementor-widget-toggle\" data-id=\"a8f902c\" data-element_type=\"widget\" data-e-type=\"widget\" data-widget_type=\"toggle.default\">\n\t\t\t\t<div class=\"elementor-widget-container\">\n\t\t\t\t\t\t\t<div class=\"elementor-toggle\">\n\t\t\t\t\t\t\t<div class=\"elementor-toggle-item\">\n\t\t\t\t\t<div id=\"elementor-tab-title-1771\" class=\"elementor-tab-title\" data-tab=\"1\" role=\"button\" aria-controls=\"elementor-tab-content-1771\" aria-expanded=\"false\">\n\t\t\t\t\t\t\t\t\t\t\t\t<span class=\"elementor-toggle-icon elementor-toggle-icon-left\" aria-hidden=\"true\">\n\t\t\t\t\t\t\t\t\t\t\t\t\t\t\t<span class=\"elementor-toggle-icon-closed\"><svg class=\"e-font-icon-svg e-fas-caret-right\" viewBox=\"0 0 192 512\" xmlns=\"http:\/\/www.w3.org\/2000\/svg\"><path d=\"M0 384.662V127.338c0-17.818 21.543-26.741 34.142-14.142l128.662 128.662c7.81 7.81 7.81 20.474 0 28.284L34.142 398.804C21.543 411.404 0 402.48 0 384.662z\"><\/path><\/svg><\/span>\n\t\t\t\t\t\t\t\t<span class=\"elementor-toggle-icon-opened\"><svg class=\"elementor-toggle-icon-opened e-font-icon-svg e-fas-caret-up\" viewBox=\"0 0 320 512\" xmlns=\"http:\/\/www.w3.org\/2000\/svg\"><path d=\"M288.662 352H31.338c-17.818 0-26.741-21.543-14.142-34.142l128.662-128.662c7.81-7.81 20.474-7.81 28.284 0l128.662 128.662c12.6 12.599 3.676 34.142-14.142 34.142z\"><\/path><\/svg><\/span>\n\t\t\t\t\t\t\t\t\t\t\t\t\t<\/span>\n\t\t\t\t\t\t\t\t\t\t\t\t<a class=\"elementor-toggle-title\" tabindex=\"0\">Heures pour les appels \u00e0 domicile ?<\/a>\n\t\t\t\t\t<\/div>\n\n\t\t\t\t\t<div id=\"elementor-tab-content-1771\" class=\"elementor-tab-content elementor-clearfix\" data-tab=\"1\" role=\"region\" aria-labelledby=\"elementor-tab-title-1771\"><p>Les appels \u00e0 domicile sont pr\u00e9vus de 19 heures \u00e0 20 heures. Si le participant n&rsquo;a pas de t\u00e9l\u00e9phone, les op\u00e9rateurs en mettront un \u00e0 sa disposition. <\/p>\n<\/div>\n\t\t\t\t<\/div>\n\t\t\t\t\t\t\t<div class=\"elementor-toggle-item\">\n\t\t\t\t\t<div id=\"elementor-tab-title-1772\" class=\"elementor-tab-title\" data-tab=\"2\" role=\"button\" aria-controls=\"elementor-tab-content-1772\" aria-expanded=\"false\">\n\t\t\t\t\t\t\t\t\t\t\t\t<span class=\"elementor-toggle-icon elementor-toggle-icon-left\" aria-hidden=\"true\">\n\t\t\t\t\t\t\t\t\t\t\t\t\t\t\t<span class=\"elementor-toggle-icon-closed\"><svg class=\"e-font-icon-svg e-fas-caret-right\" viewBox=\"0 0 192 512\" xmlns=\"http:\/\/www.w3.org\/2000\/svg\"><path d=\"M0 384.662V127.338c0-17.818 21.543-26.741 34.142-14.142l128.662 128.662c7.81 7.81 7.81 20.474 0 28.284L34.142 398.804C21.543 411.404 0 402.48 0 384.662z\"><\/path><\/svg><\/span>\n\t\t\t\t\t\t\t\t<span class=\"elementor-toggle-icon-opened\"><svg class=\"elementor-toggle-icon-opened e-font-icon-svg e-fas-caret-up\" viewBox=\"0 0 320 512\" xmlns=\"http:\/\/www.w3.org\/2000\/svg\"><path d=\"M288.662 352H31.338c-17.818 0-26.741-21.543-14.142-34.142l128.662-128.662c7.81-7.81 20.474-7.81 28.284 0l128.662 128.662c12.6 12.599 3.676 34.142-14.142 34.142z\"><\/path><\/svg><\/span>\n\t\t\t\t\t\t\t\t\t\t\t\t\t<\/span>\n\t\t\t\t\t\t\t\t\t\t\t\t<a class=\"elementor-toggle-title\" tabindex=\"0\">Pouvez-vous lire le soir avant de vous endormir ?<\/a>\n\t\t\t\t\t<\/div>\n\n\t\t\t\t\t<div id=\"elementor-tab-content-1772\" class=\"elementor-tab-content elementor-clearfix\" data-tab=\"2\" role=\"region\" aria-labelledby=\"elementor-tab-title-1772\"><p>Absolument. Les op\u00e9rateurs font des lectures adapt\u00e9es \u00e0 l&rsquo;ensemble du groupe. <\/p>\n<\/div>\n\t\t\t\t<\/div>\n\t\t\t\t\t\t\t<div class=\"elementor-toggle-item\">\n\t\t\t\t\t<div id=\"elementor-tab-title-1773\" class=\"elementor-tab-title\" data-tab=\"3\" role=\"button\" aria-controls=\"elementor-tab-content-1773\" aria-expanded=\"false\">\n\t\t\t\t\t\t\t\t\t\t\t\t<span class=\"elementor-toggle-icon elementor-toggle-icon-left\" aria-hidden=\"true\">\n\t\t\t\t\t\t\t\t\t\t\t\t\t\t\t<span class=\"elementor-toggle-icon-closed\"><svg class=\"e-font-icon-svg e-fas-caret-right\" viewBox=\"0 0 192 512\" xmlns=\"http:\/\/www.w3.org\/2000\/svg\"><path d=\"M0 384.662V127.338c0-17.818 21.543-26.741 34.142-14.142l128.662 128.662c7.81 7.81 7.81 20.474 0 28.284L34.142 398.804C21.543 411.404 0 402.48 0 384.662z\"><\/path><\/svg><\/span>\n\t\t\t\t\t\t\t\t<span class=\"elementor-toggle-icon-opened\"><svg class=\"elementor-toggle-icon-opened e-font-icon-svg e-fas-caret-up\" viewBox=\"0 0 320 512\" xmlns=\"http:\/\/www.w3.org\/2000\/svg\"><path d=\"M288.662 352H31.338c-17.818 0-26.741-21.543-14.142-34.142l128.662-128.662c7.81-7.81 20.474-7.81 28.284 0l128.662 128.662c12.6 12.599 3.676 34.142-14.142 34.142z\"><\/path><\/svg><\/span>\n\t\t\t\t\t\t\t\t\t\t\t\t\t<\/span>\n\t\t\t\t\t\t\t\t\t\t\t\t<a class=\"elementor-toggle-title\" tabindex=\"0\">Les jeux vid\u00e9o peuvent-ils \u00eatre apport\u00e9s ?<\/a>\n\t\t\t\t\t<\/div>\n\n\t\t\t\t\t<div id=\"elementor-tab-content-1773\" class=\"elementor-tab-content elementor-clearfix\" data-tab=\"3\" role=\"region\" aria-labelledby=\"elementor-tab-title-1773\"><p>Absolument pas, y compris celles du t\u00e9l\u00e9phone portable.<\/p>\n<\/div>\n\t\t\t\t<\/div>\n\t\t\t\t\t\t\t<div class=\"elementor-toggle-item\">\n\t\t\t\t\t<div id=\"elementor-tab-title-1774\" class=\"elementor-tab-title\" data-tab=\"4\" role=\"button\" aria-controls=\"elementor-tab-content-1774\" aria-expanded=\"false\">\n\t\t\t\t\t\t\t\t\t\t\t\t<span class=\"elementor-toggle-icon elementor-toggle-icon-left\" aria-hidden=\"true\">\n\t\t\t\t\t\t\t\t\t\t\t\t\t\t\t<span class=\"elementor-toggle-icon-closed\"><svg class=\"e-font-icon-svg e-fas-caret-right\" viewBox=\"0 0 192 512\" xmlns=\"http:\/\/www.w3.org\/2000\/svg\"><path d=\"M0 384.662V127.338c0-17.818 21.543-26.741 34.142-14.142l128.662 128.662c7.81 7.81 7.81 20.474 0 28.284L34.142 398.804C21.543 411.404 0 402.48 0 384.662z\"><\/path><\/svg><\/span>\n\t\t\t\t\t\t\t\t<span class=\"elementor-toggle-icon-opened\"><svg class=\"elementor-toggle-icon-opened e-font-icon-svg e-fas-caret-up\" viewBox=\"0 0 320 512\" xmlns=\"http:\/\/www.w3.org\/2000\/svg\"><path d=\"M288.662 352H31.338c-17.818 0-26.741-21.543-14.142-34.142l128.662-128.662c7.81-7.81 20.474-7.81 28.284 0l128.662 128.662c12.6 12.599 3.676 34.142-14.142 34.142z\"><\/path><\/svg><\/span>\n\t\t\t\t\t\t\t\t\t\t\t\t\t<\/span>\n\t\t\t\t\t\t\t\t\t\t\t\t<a class=\"elementor-toggle-title\" tabindex=\"0\">Pouvez-vous apporter votre appareil photo ?<\/a>\n\t\t\t\t\t<\/div>\n\n\t\t\t\t\t<div id=\"elementor-tab-content-1774\" class=\"elementor-tab-content elementor-clearfix\" data-tab=\"4\" role=\"region\" aria-labelledby=\"elementor-tab-title-1774\"><p>Oui, vous pouvez apporter votre appareil photo. Les op\u00e9rateurs prennent des photos des activit\u00e9s de tous les enfants et, \u00e0 la fin du camp, envoient toutes les photos aux parents par courrier \u00e9lectronique. <\/p>\n<\/div>\n\t\t\t\t<\/div>\n\t\t\t\t\t\t\t<div class=\"elementor-toggle-item\">\n\t\t\t\t\t<div id=\"elementor-tab-title-1775\" class=\"elementor-tab-title\" data-tab=\"5\" role=\"button\" aria-controls=\"elementor-tab-content-1775\" aria-expanded=\"false\">\n\t\t\t\t\t\t\t\t\t\t\t\t<span class=\"elementor-toggle-icon elementor-toggle-icon-left\" aria-hidden=\"true\">\n\t\t\t\t\t\t\t\t\t\t\t\t\t\t\t<span class=\"elementor-toggle-icon-closed\"><svg class=\"e-font-icon-svg e-fas-caret-right\" viewBox=\"0 0 192 512\" xmlns=\"http:\/\/www.w3.org\/2000\/svg\"><path d=\"M0 384.662V127.338c0-17.818 21.543-26.741 34.142-14.142l128.662 128.662c7.81 7.81 7.81 20.474 0 28.284L34.142 398.804C21.543 411.404 0 402.48 0 384.662z\"><\/path><\/svg><\/span>\n\t\t\t\t\t\t\t\t<span class=\"elementor-toggle-icon-opened\"><svg class=\"elementor-toggle-icon-opened e-font-icon-svg e-fas-caret-up\" viewBox=\"0 0 320 512\" xmlns=\"http:\/\/www.w3.org\/2000\/svg\"><path d=\"M288.662 352H31.338c-17.818 0-26.741-21.543-14.142-34.142l128.662-128.662c7.81-7.81 20.474-7.81 28.284 0l128.662 128.662c12.6 12.599 3.676 34.142-14.142 34.142z\"><\/path><\/svg><\/span>\n\t\t\t\t\t\t\t\t\t\t\t\t\t<\/span>\n\t\t\t\t\t\t\t\t\t\t\t\t<a class=\"elementor-toggle-title\" tabindex=\"0\">Vous pouvez utiliser le t\u00e9l\u00e9phone pendant le camp<\/a>\n\t\t\t\t\t<\/div>\n\n\t\t\t\t\t<div id=\"elementor-tab-content-1775\" class=\"elementor-tab-content elementor-clearfix\" data-tab=\"5\" role=\"region\" aria-labelledby=\"elementor-tab-title-1775\"><p>Oui, de 19 heures \u00e0 20 heures, vous pouvez les utiliser pour appeler chez vous.<\/p>\n<\/div>\n\t\t\t\t<\/div>\n\t\t\t\t\t\t\t<div class=\"elementor-toggle-item\">\n\t\t\t\t\t<div id=\"elementor-tab-title-1776\" class=\"elementor-tab-title\" data-tab=\"6\" role=\"button\" aria-controls=\"elementor-tab-content-1776\" aria-expanded=\"false\">\n\t\t\t\t\t\t\t\t\t\t\t\t<span class=\"elementor-toggle-icon elementor-toggle-icon-left\" aria-hidden=\"true\">\n\t\t\t\t\t\t\t\t\t\t\t\t\t\t\t<span class=\"elementor-toggle-icon-closed\"><svg class=\"e-font-icon-svg e-fas-caret-right\" viewBox=\"0 0 192 512\" xmlns=\"http:\/\/www.w3.org\/2000\/svg\"><path d=\"M0 384.662V127.338c0-17.818 21.543-26.741 34.142-14.142l128.662 128.662c7.81 7.81 7.81 20.474 0 28.284L34.142 398.804C21.543 411.404 0 402.48 0 384.662z\"><\/path><\/svg><\/span>\n\t\t\t\t\t\t\t\t<span class=\"elementor-toggle-icon-opened\"><svg class=\"elementor-toggle-icon-opened e-font-icon-svg e-fas-caret-up\" viewBox=\"0 0 320 512\" xmlns=\"http:\/\/www.w3.org\/2000\/svg\"><path d=\"M288.662 352H31.338c-17.818 0-26.741-21.543-14.142-34.142l128.662-128.662c7.81-7.81 20.474-7.81 28.284 0l128.662 128.662c12.6 12.599 3.676 34.142-14.142 34.142z\"><\/path><\/svg><\/span>\n\t\t\t\t\t\t\t\t\t\t\t\t\t<\/span>\n\t\t\t\t\t\t\t\t\t\t\t\t<a class=\"elementor-toggle-title\" tabindex=\"0\">Le camp est remboursable<\/a>\n\t\t\t\t\t<\/div>\n\n\t\t\t\t\t<div id=\"elementor-tab-content-1776\" class=\"elementor-tab-content elementor-clearfix\" data-tab=\"6\" role=\"region\" aria-labelledby=\"elementor-tab-title-1776\"><p>Non, en cas d&rsquo;annulation, le camp n&rsquo;est pas remboursable.<\/p>\n<\/div>\n\t\t\t\t<\/div>\n\t\t\t\t\t\t\t\t<\/div>\n\t\t\t\t\t\t<\/div>\n\t\t\t\t<\/div>\n\t\t\t\t\t<\/div>\n\t\t<\/div>\n\t\t\t\t\t<\/div>\n\t\t<\/section>\n\t\t\t\t<section class=\"elementor-section elementor-top-section elementor-element elementor-element-lbmjezu elementor-section-boxed elementor-section-height-default elementor-section-height-default\" data-id=\"lbmjezu\" data-element_type=\"section\" data-e-type=\"section\" data-settings=\"{&quot;background_background&quot;:&quot;classic&quot;}\">\n\t\t\t\t\t\t<div class=\"elementor-container elementor-column-gap-no\">\n\t\t\t\t\t<div class=\"elementor-column elementor-col-50 elementor-top-column elementor-element elementor-element-5160ef2\" data-id=\"5160ef2\" data-element_type=\"column\" data-e-type=\"column\">\n\t\t\t<div class=\"elementor-widget-wrap elementor-element-populated\">\n\t\t\t\t\t\t<div class=\"elementor-element elementor-element-3e0bbe1 elementor-widget elementor-widget-heading\" data-id=\"3e0bbe1\" data-element_type=\"widget\" data-e-type=\"widget\" data-widget_type=\"heading.default\">\n\t\t\t\t<div class=\"elementor-widget-container\">\n\t\t\t\t\t<h5 class=\"elementor-heading-title elementor-size-default\">Pour plus d'informations<\/h5>\t\t\t\t<\/div>\n\t\t\t\t<\/div>\n\t\t\t\t<div class=\"elementor-element elementor-element-6164241 elementor-widget elementor-widget-heading\" data-id=\"6164241\" data-element_type=\"widget\" data-e-type=\"widget\" data-widget_type=\"heading.default\">\n\t\t\t\t<div class=\"elementor-widget-container\">\n\t\t\t\t\t<h2 class=\"elementor-heading-title elementor-size-default\">Contactez nous  <\/h2>\t\t\t\t<\/div>\n\t\t\t\t<\/div>\n\t\t\t\t<div class=\"elementor-element elementor-element-eaebfd6 elementor-icon-list--layout-traditional elementor-list-item-link-full_width elementor-widget elementor-widget-icon-list\" data-id=\"eaebfd6\" data-element_type=\"widget\" data-e-type=\"widget\" data-widget_type=\"icon-list.default\">\n\t\t\t\t<div class=\"elementor-widget-container\">\n\t\t\t\t\t\t\t<ul class=\"elementor-icon-list-items\">\n\t\t\t\t\t\t\t<li class=\"elementor-icon-list-item\">\n\t\t\t\t\t\t\t\t\t\t\t<a href=\"#\">\n\n\t\t\t\t\t\t\t\t\t\t\t\t<span class=\"elementor-icon-list-icon\">\n\t\t\t\t\t\t\t<svg aria-hidden=\"true\" class=\"e-font-icon-svg e-fas-phone-square-alt\" viewBox=\"0 0 448 512\" xmlns=\"http:\/\/www.w3.org\/2000\/svg\"><path d=\"M400 32H48A48 48 0 0 0 0 80v352a48 48 0 0 0 48 48h352a48 48 0 0 0 48-48V80a48 48 0 0 0-48-48zm-16.39 307.37l-15 65A15 15 0 0 1 354 416C194 416 64 286.29 64 126a15.7 15.7 0 0 1 11.63-14.61l65-15A18.23 18.23 0 0 1 144 96a16.27 16.27 0 0 1 13.79 9.09l30 70A17.9 17.9 0 0 1 189 181a17 17 0 0 1-5.5 11.61l-37.89 31a231.91 231.91 0 0 0 110.78 110.78l31-37.89A17 17 0 0 1 299 291a17.85 17.85 0 0 1 5.91 1.21l70 30A16.25 16.25 0 0 1 384 336a17.41 17.41 0 0 1-.39 3.37z\"><\/path><\/svg>\t\t\t\t\t\t<\/span>\n\t\t\t\t\t\t\t\t\t\t<span class=\"elementor-icon-list-text\">+39 339 16 76 863<\/span>\n\t\t\t\t\t\t\t\t\t\t\t<\/a>\n\t\t\t\t\t\t\t\t\t<\/li>\n\t\t\t\t\t\t\t\t<li class=\"elementor-icon-list-item\">\n\t\t\t\t\t\t\t\t\t\t\t<a href=\"#\">\n\n\t\t\t\t\t\t\t\t\t\t\t\t<span class=\"elementor-icon-list-icon\">\n\t\t\t\t\t\t\t<svg aria-hidden=\"true\" class=\"e-font-icon-svg e-far-envelope\" viewBox=\"0 0 512 512\" xmlns=\"http:\/\/www.w3.org\/2000\/svg\"><path d=\"M464 64H48C21.49 64 0 85.49 0 112v288c0 26.51 21.49 48 48 48h416c26.51 0 48-21.49 48-48V112c0-26.51-21.49-48-48-48zm0 48v40.805c-22.422 18.259-58.168 46.651-134.587 106.49-16.841 13.247-50.201 45.072-73.413 44.701-23.208.375-56.579-31.459-73.413-44.701C106.18 199.465 70.425 171.067 48 152.805V112h416zM48 400V214.398c22.914 18.251 55.409 43.862 104.938 82.646 21.857 17.205 60.134 55.186 103.062 54.955 42.717.231 80.509-37.199 103.053-54.947 49.528-38.783 82.032-64.401 104.947-82.653V400H48z\"><\/path><\/svg>\t\t\t\t\t\t<\/span>\n\t\t\t\t\t\t\t\t\t\t<span class=\"elementor-icon-list-text\">info@parcgenoni.it<\/span>\n\t\t\t\t\t\t\t\t\t\t\t<\/a>\n\t\t\t\t\t\t\t\t\t<\/li>\n\t\t\t\t\t\t<\/ul>\n\t\t\t\t\t\t<\/div>\n\t\t\t\t<\/div>\n\t\t\t\t\t<\/div>\n\t\t<\/div>\n\t\t\t\t<div class=\"elementor-column elementor-col-50 elementor-top-column elementor-element elementor-element-7a070be\" data-id=\"7a070be\" data-element_type=\"column\" data-e-type=\"column\">\n\t\t\t<div class=\"elementor-widget-wrap elementor-element-populated\">\n\t\t\t\t\t\t<div class=\"elementor-element elementor-element-90b0380 elementor-widget elementor-widget-wpforms\" data-id=\"90b0380\" data-element_type=\"widget\" data-e-type=\"widget\" data-widget_type=\"wpforms.default\">\n\t\t\t\t<div class=\"elementor-widget-container\">\n\t\t\t\t\t<div class=\"wpforms-container \" id=\"wpforms-563\"><form id=\"wpforms-form-563\" class=\"wpforms-validate wpforms-form\" data-formid=\"563\" method=\"post\" enctype=\"multipart\/form-data\" action=\"\/fr\/wp-json\/wp\/v2\/pages\/2956\" data-token=\"6ca865a9c38f04cb7b2067c9cc28e0ad\" data-token-time=\"1777497521\"><noscript class=\"wpforms-error-noscript\">Veuillez activer JavaScript dans votre navigateur pour remplir ce formulaire.<\/noscript><div class=\"wpforms-field-container\"><div id=\"wpforms-563-field_0-container\" class=\"wpforms-field wpforms-field-name\" data-field-id=\"0\"><label class=\"wpforms-field-label wpforms-label-hide\" for=\"wpforms-563-field_0\">Nome e cognome <span class=\"wpforms-required-label\">*<\/span><\/label><input type=\"text\" id=\"wpforms-563-field_0\" class=\"wpforms-field-large wpforms-field-required\" name=\"wpforms[fields][0]\" placeholder=\"Nome e cognome\" required><\/div><div id=\"wpforms-563-field_1-container\" class=\"wpforms-field wpforms-field-email\" data-field-id=\"1\"><label class=\"wpforms-field-label wpforms-label-hide\" for=\"wpforms-563-field_1\">Email <span class=\"wpforms-required-label\">*<\/span><\/label><input type=\"email\" id=\"wpforms-563-field_1\" class=\"wpforms-field-large wpforms-field-required\" name=\"wpforms[fields][1]\" placeholder=\"Email\" spellcheck=\"false\" required><\/div><div id=\"wpforms-563-field_4-container\" class=\"wpforms-field wpforms-field-number\" data-field-id=\"4\"><label class=\"wpforms-field-label wpforms-label-hide\" for=\"wpforms-563-field_4\">Telefono<\/label><input type=\"number\" id=\"wpforms-563-field_4\" class=\"wpforms-field-large\" name=\"wpforms[fields][4]\" placeholder=\"+39 345 12 24 264\" step=\"any\" ><\/div><div id=\"wpforms-563-field_3-container\" class=\"wpforms-field wpforms-field-text\" data-field-id=\"3\"><label class=\"wpforms-field-label wpforms-label-hide\" for=\"wpforms-563-field_3\">Subject <span class=\"wpforms-required-label\">*<\/span><\/label><input type=\"text\" id=\"wpforms-563-field_3\" class=\"wpforms-field-large wpforms-field-required\" name=\"wpforms[fields][3]\" placeholder=\"Subject\" required><\/div><div id=\"wpforms-563-field_2-container\" class=\"wpforms-field wpforms-field-textarea\" data-field-id=\"2\"><label class=\"wpforms-field-label wpforms-label-hide\" for=\"wpforms-563-field_2\">Comment or Message <span class=\"wpforms-required-label\">*<\/span><\/label><textarea id=\"wpforms-563-field_2\" class=\"wpforms-field-medium wpforms-field-required\" name=\"wpforms[fields][2]\" placeholder=\"Message\" required><\/textarea><\/div><\/div><!-- .wpforms-field-container --><div class=\"wpforms-field wpforms-field-hp\"><label for=\"wpforms-563-field-hp\" class=\"wpforms-field-label\">Email<\/label><input type=\"text\" name=\"wpforms[hp]\" id=\"wpforms-563-field-hp\" class=\"wpforms-field-medium\"><\/div><div class=\"wpforms-recaptcha-container wpforms-is-recaptcha wpforms-is-recaptcha-type-v2\" ><div class=\"g-recaptcha\" data-sitekey=\"6LfnwbAiAAAAAPLlCczG2wfrdxW6hCstpt7fr5gq\"><\/div><input type=\"text\" name=\"g-recaptcha-hidden\" class=\"wpforms-recaptcha-hidden\" style=\"position:absolute!important;clip:rect(0,0,0,0)!important;height:1px!important;width:1px!important;border:0!important;overflow:hidden!important;padding:0!important;margin:0!important;\" data-rule-recaptcha=\"1\"><\/div><div class=\"wpforms-submit-container\" ><input type=\"hidden\" name=\"wpforms[id]\" value=\"563\"><input type=\"hidden\" name=\"page_title\" value=\"\"><input type=\"hidden\" name=\"page_url\" value=\"https:\/\/parcgenoni.com\/fr\/wp-json\/wp\/v2\/pages\/2956\"><input type=\"hidden\" name=\"url_referer\" value=\"\"><button type=\"submit\" name=\"wpforms[submit]\" id=\"wpforms-submit-563\" class=\"wpforms-submit\" data-alt-text=\"Invio...\" data-submit-text=\"Invia messaggio\" aria-live=\"assertive\" value=\"wpforms-submit\">Invia messaggio<\/button><\/div><\/form><\/div>  <!-- .wpforms-container -->\t\t\t\t<\/div>\n\t\t\t\t<\/div>\n\t\t\t\t\t<\/div>\n\t\t<\/div>\n\t\t\t\t\t<\/div>\n\t\t<\/section>\n\t\t<div class=\"elementor-element elementor-element-22f72df e-flex e-con-boxed e-con e-parent\" data-id=\"22f72df\" data-element_type=\"container\" data-e-type=\"container\">\n\t\t\t\t\t<div class=\"e-con-inner\">\n\t\t\t\t<div class=\"elementor-element elementor-element-de455d9 elementor-widget elementor-widget-spacer\" data-id=\"de455d9\" data-element_type=\"widget\" data-e-type=\"widget\" data-widget_type=\"spacer.default\">\n\t\t\t\t<div class=\"elementor-widget-container\">\n\t\t\t\t\t\t\t<div class=\"elementor-spacer\">\n\t\t\t<div class=\"elementor-spacer-inner\"><\/div>\n\t\t<\/div>\n\t\t\t\t\t\t<\/div>\n\t\t\t\t<\/div>\n\t\t\t\t\t<\/div>\n\t\t\t\t<\/div>\n\t\t<div class=\"elementor-element elementor-element-aefec21 e-flex e-con-boxed e-con e-parent\" data-id=\"aefec21\" data-element_type=\"container\" data-e-type=\"container\">\n\t\t\t\t\t<div class=\"e-con-inner\">\n\t\t\t\t<div class=\"elementor-element elementor-element-bbe6e0f elementor-widget elementor-widget-heading\" data-id=\"bbe6e0f\" data-element_type=\"widget\" data-e-type=\"widget\" data-widget_type=\"heading.default\">\n\t\t\t\t<div class=\"elementor-widget-container\">\n\t\t\t\t\t<h2 class=\"elementor-heading-title elementor-size-default\">Galerie de photos<\/h2>\t\t\t\t<\/div>\n\t\t\t\t<\/div>\n\t\t\t\t\t<\/div>\n\t\t\t\t<\/div>\n\t\t<div class=\"elementor-element elementor-element-1915ce3 e-flex e-con-boxed e-con e-parent\" data-id=\"1915ce3\" data-element_type=\"container\" data-e-type=\"container\">\n\t\t\t\t\t<div class=\"e-con-inner\">\n\t\t\t\t<div class=\"elementor-element elementor-element-2b31824 elementor-widget elementor-widget-gallery\" data-id=\"2b31824\" data-element_type=\"widget\" data-e-type=\"widget\" data-settings=\"{&quot;lazyload&quot;:&quot;yes&quot;,&quot;gallery_layout&quot;:&quot;grid&quot;,&quot;columns&quot;:4,&quot;columns_tablet&quot;:2,&quot;columns_mobile&quot;:1,&quot;gap&quot;:{&quot;unit&quot;:&quot;px&quot;,&quot;size&quot;:10,&quot;sizes&quot;:[]},&quot;gap_tablet&quot;:{&quot;unit&quot;:&quot;px&quot;,&quot;size&quot;:10,&quot;sizes&quot;:[]},&quot;gap_mobile&quot;:{&quot;unit&quot;:&quot;px&quot;,&quot;size&quot;:10,&quot;sizes&quot;:[]},&quot;link_to&quot;:&quot;file&quot;,&quot;aspect_ratio&quot;:&quot;3:2&quot;,&quot;overlay_background&quot;:&quot;yes&quot;,&quot;content_hover_animation&quot;:&quot;fade-in&quot;}\" data-widget_type=\"gallery.default\">\n\t\t\t\t<div class=\"elementor-widget-container\">\n\t\t\t\t\t\t\t<div class=\"elementor-gallery__container\">\n\t\t\t\t\t\t\t<a class=\"e-gallery-item elementor-gallery-item elementor-animated-content\" href=\"https:\/\/parcgenoni.com\/wp-content\/uploads\/2025\/02\/WhatsApp-Image-2024-09-09-at-22.01.29.avif\" data-elementor-open-lightbox=\"yes\" data-elementor-lightbox-slideshow=\"2b31824\" data-elementor-lightbox-title=\"WhatsApp Image 2024-09-09 at 22.01.29\" data-elementor-lightbox-description=\"Scavo Campo estivo Parco Naturale dell&#039;Altm\u00fchltal \" data-e-action-hash=\"#elementor-action%3Aaction%3Dlightbox%26settings%3DeyJpZCI6Mjk2MSwidXJsIjoiaHR0cHM6XC9cL3BhcmNnZW5vbmkuY29tXC93cC1jb250ZW50XC91cGxvYWRzXC8yMDI1XC8wMlwvV2hhdHNBcHAtSW1hZ2UtMjAyNC0wOS0wOS1hdC0yMi4wMS4yOS5hdmlmIiwic2xpZGVzaG93IjoiMmIzMTgyNCJ9\">\n\t\t\t\t\t<div class=\"e-gallery-image elementor-gallery-item__image\" data-thumbnail=\"https:\/\/parcgenoni.com\/wp-content\/uploads\/2025\/02\/WhatsApp-Image-2024-09-09-at-22.01.29-300x225.avif\" data-width=\"300\" data-height=\"225\" aria-label=\"\" role=\"img\" ><\/div>\n\t\t\t\t\t\t\t\t\t\t\t<div class=\"elementor-gallery-item__overlay\"><\/div>\n\t\t\t\t\t\t\t\t\t\t\t\t\t\t<\/a>\n\t\t\t\t\t\t\t<a class=\"e-gallery-item elementor-gallery-item elementor-animated-content\" href=\"https:\/\/parcgenoni.com\/wp-content\/uploads\/2025\/02\/WhatsApp-Image-2024-09-09-at-22.01.30-1.avif\" data-elementor-open-lightbox=\"yes\" data-elementor-lightbox-slideshow=\"2b31824\" data-elementor-lightbox-title=\"WhatsApp Image 2024-09-09 at 22.01.30 (1)\" data-elementor-lightbox-description=\"Scavo Campo estivo Parco Naturale dell&#039;Altm\u00fchltal \" data-e-action-hash=\"#elementor-action%3Aaction%3Dlightbox%26settings%3DeyJpZCI6Mjk2MiwidXJsIjoiaHR0cHM6XC9cL3BhcmNnZW5vbmkuY29tXC93cC1jb250ZW50XC91cGxvYWRzXC8yMDI1XC8wMlwvV2hhdHNBcHAtSW1hZ2UtMjAyNC0wOS0wOS1hdC0yMi4wMS4zMC0xLmF2aWYiLCJzbGlkZXNob3ciOiIyYjMxODI0In0%3D\">\n\t\t\t\t\t<div class=\"e-gallery-image elementor-gallery-item__image\" data-thumbnail=\"https:\/\/parcgenoni.com\/wp-content\/uploads\/2025\/02\/WhatsApp-Image-2024-09-09-at-22.01.30-1-225x300.avif\" data-width=\"225\" data-height=\"300\" aria-label=\"\" role=\"img\" ><\/div>\n\t\t\t\t\t\t\t\t\t\t\t<div class=\"elementor-gallery-item__overlay\"><\/div>\n\t\t\t\t\t\t\t\t\t\t\t\t\t\t<\/a>\n\t\t\t\t\t\t\t<a class=\"e-gallery-item elementor-gallery-item elementor-animated-content\" href=\"https:\/\/parcgenoni.com\/wp-content\/uploads\/2025\/02\/WhatsApp-Image-2024-09-09-at-22.38.58.avif\" data-elementor-open-lightbox=\"yes\" data-elementor-lightbox-slideshow=\"2b31824\" data-elementor-lightbox-title=\"WhatsApp Image 2024-09-09 at 22.38.58\" data-elementor-lightbox-description=\"Scavo Campo estivo Parco Naturale dell&#039;Altm\u00fchltal \" data-e-action-hash=\"#elementor-action%3Aaction%3Dlightbox%26settings%3DeyJpZCI6Mjk2MywidXJsIjoiaHR0cHM6XC9cL3BhcmNnZW5vbmkuY29tXC93cC1jb250ZW50XC91cGxvYWRzXC8yMDI1XC8wMlwvV2hhdHNBcHAtSW1hZ2UtMjAyNC0wOS0wOS1hdC0yMi4zOC41OC5hdmlmIiwic2xpZGVzaG93IjoiMmIzMTgyNCJ9\">\n\t\t\t\t\t<div class=\"e-gallery-image elementor-gallery-item__image\" data-thumbnail=\"https:\/\/parcgenoni.com\/wp-content\/uploads\/2025\/02\/WhatsApp-Image-2024-09-09-at-22.38.58-225x300.avif\" data-width=\"225\" data-height=\"300\" aria-label=\"\" role=\"img\" ><\/div>\n\t\t\t\t\t\t\t\t\t\t\t<div class=\"elementor-gallery-item__overlay\"><\/div>\n\t\t\t\t\t\t\t\t\t\t\t\t\t\t<\/a>\n\t\t\t\t\t\t\t<a class=\"e-gallery-item elementor-gallery-item elementor-animated-content\" href=\"https:\/\/parcgenoni.com\/wp-content\/uploads\/2025\/02\/WhatsApp-Image-2024-09-09-at-22.39.00-1.avif\" data-elementor-open-lightbox=\"yes\" data-elementor-lightbox-slideshow=\"2b31824\" data-elementor-lightbox-title=\"WhatsApp Image 2024-09-09 at 22.39.00 (1)\" data-elementor-lightbox-description=\"Scavo Campo estivo Germania\" data-e-action-hash=\"#elementor-action%3Aaction%3Dlightbox%26settings%3DeyJpZCI6Mjk2NCwidXJsIjoiaHR0cHM6XC9cL3BhcmNnZW5vbmkuY29tXC93cC1jb250ZW50XC91cGxvYWRzXC8yMDI1XC8wMlwvV2hhdHNBcHAtSW1hZ2UtMjAyNC0wOS0wOS1hdC0yMi4zOS4wMC0xLmF2aWYiLCJzbGlkZXNob3ciOiIyYjMxODI0In0%3D\">\n\t\t\t\t\t<div class=\"e-gallery-image elementor-gallery-item__image\" data-thumbnail=\"https:\/\/parcgenoni.com\/wp-content\/uploads\/2025\/02\/WhatsApp-Image-2024-09-09-at-22.39.00-1-300x225.avif\" data-width=\"300\" data-height=\"225\" aria-label=\"\" role=\"img\" ><\/div>\n\t\t\t\t\t\t\t\t\t\t\t<div class=\"elementor-gallery-item__overlay\"><\/div>\n\t\t\t\t\t\t\t\t\t\t\t\t\t\t<\/a>\n\t\t\t\t\t\t\t<a class=\"e-gallery-item elementor-gallery-item elementor-animated-content\" href=\"https:\/\/parcgenoni.com\/wp-content\/uploads\/2025\/02\/Campo-in-Germania_304-scaled.avif\" data-elementor-open-lightbox=\"yes\" data-elementor-lightbox-slideshow=\"2b31824\" data-elementor-lightbox-title=\"Campo in Germania_304\" data-elementor-lightbox-description=\"Dinosauri Campo estivo Germania\" data-e-action-hash=\"#elementor-action%3Aaction%3Dlightbox%26settings%3DeyJpZCI6Mjk2NywidXJsIjoiaHR0cHM6XC9cL3BhcmNnZW5vbmkuY29tXC93cC1jb250ZW50XC91cGxvYWRzXC8yMDI1XC8wMlwvQ2FtcG8taW4tR2VybWFuaWFfMzA0LXNjYWxlZC5hdmlmIiwic2xpZGVzaG93IjoiMmIzMTgyNCJ9\">\n\t\t\t\t\t<div class=\"e-gallery-image elementor-gallery-item__image\" data-thumbnail=\"https:\/\/parcgenoni.com\/wp-content\/uploads\/2025\/02\/Campo-in-Germania_304-300x200.avif\" data-width=\"300\" data-height=\"200\" aria-label=\"\" role=\"img\" ><\/div>\n\t\t\t\t\t\t\t\t\t\t\t<div class=\"elementor-gallery-item__overlay\"><\/div>\n\t\t\t\t\t\t\t\t\t\t\t\t\t\t<\/a>\n\t\t\t\t\t\t\t<a class=\"e-gallery-item elementor-gallery-item elementor-animated-content\" href=\"https:\/\/parcgenoni.com\/wp-content\/uploads\/2025\/02\/Campo-in-Germania_305-scaled.avif\" data-elementor-open-lightbox=\"yes\" data-elementor-lightbox-slideshow=\"2b31824\" data-elementor-lightbox-title=\"Campo in Germania_305\" data-elementor-lightbox-description=\"Dinosauri Campo estivo Germania\" data-e-action-hash=\"#elementor-action%3Aaction%3Dlightbox%26settings%3DeyJpZCI6Mjk2OCwidXJsIjoiaHR0cHM6XC9cL3BhcmNnZW5vbmkuY29tXC93cC1jb250ZW50XC91cGxvYWRzXC8yMDI1XC8wMlwvQ2FtcG8taW4tR2VybWFuaWFfMzA1LXNjYWxlZC5hdmlmIiwic2xpZGVzaG93IjoiMmIzMTgyNCJ9\">\n\t\t\t\t\t<div class=\"e-gallery-image elementor-gallery-item__image\" data-thumbnail=\"https:\/\/parcgenoni.com\/wp-content\/uploads\/2025\/02\/Campo-in-Germania_305-300x200.avif\" data-width=\"300\" data-height=\"200\" aria-label=\"\" role=\"img\" ><\/div>\n\t\t\t\t\t\t\t\t\t\t\t<div class=\"elementor-gallery-item__overlay\"><\/div>\n\t\t\t\t\t\t\t\t\t\t\t\t\t\t<\/a>\n\t\t\t\t\t\t\t<a class=\"e-gallery-item elementor-gallery-item elementor-animated-content\" href=\"https:\/\/parcgenoni.com\/wp-content\/uploads\/2025\/02\/Campo-in-Germania_306-scaled.avif\" data-elementor-open-lightbox=\"yes\" data-elementor-lightbox-slideshow=\"2b31824\" data-elementor-lightbox-title=\"Campo in Germania_306\" data-elementor-lightbox-description=\"Dinosauri Campo estivo Germania\" data-e-action-hash=\"#elementor-action%3Aaction%3Dlightbox%26settings%3DeyJpZCI6Mjk2OSwidXJsIjoiaHR0cHM6XC9cL3BhcmNnZW5vbmkuY29tXC93cC1jb250ZW50XC91cGxvYWRzXC8yMDI1XC8wMlwvQ2FtcG8taW4tR2VybWFuaWFfMzA2LXNjYWxlZC5hdmlmIiwic2xpZGVzaG93IjoiMmIzMTgyNCJ9\">\n\t\t\t\t\t<div class=\"e-gallery-image elementor-gallery-item__image\" data-thumbnail=\"https:\/\/parcgenoni.com\/wp-content\/uploads\/2025\/02\/Campo-in-Germania_306-300x200.avif\" data-width=\"300\" data-height=\"200\" aria-label=\"\" role=\"img\" ><\/div>\n\t\t\t\t\t\t\t\t\t\t\t<div class=\"elementor-gallery-item__overlay\"><\/div>\n\t\t\t\t\t\t\t\t\t\t\t\t\t\t<\/a>\n\t\t\t\t\t\t\t<a class=\"e-gallery-item elementor-gallery-item elementor-animated-content\" href=\"https:\/\/parcgenoni.com\/wp-content\/uploads\/2025\/02\/Campo-in-Germania_307-scaled.avif\" data-elementor-open-lightbox=\"yes\" data-elementor-lightbox-slideshow=\"2b31824\" data-elementor-lightbox-title=\"Campo in Germania_307\" data-elementor-lightbox-description=\"Dinosauri Campo estivo Germania\" data-e-action-hash=\"#elementor-action%3Aaction%3Dlightbox%26settings%3DeyJpZCI6Mjk3MCwidXJsIjoiaHR0cHM6XC9cL3BhcmNnZW5vbmkuY29tXC93cC1jb250ZW50XC91cGxvYWRzXC8yMDI1XC8wMlwvQ2FtcG8taW4tR2VybWFuaWFfMzA3LXNjYWxlZC5hdmlmIiwic2xpZGVzaG93IjoiMmIzMTgyNCJ9\">\n\t\t\t\t\t<div class=\"e-gallery-image elementor-gallery-item__image\" data-thumbnail=\"https:\/\/parcgenoni.com\/wp-content\/uploads\/2025\/02\/Campo-in-Germania_307-300x200.avif\" data-width=\"300\" data-height=\"200\" aria-label=\"\" role=\"img\" ><\/div>\n\t\t\t\t\t\t\t\t\t\t\t<div class=\"elementor-gallery-item__overlay\"><\/div>\n\t\t\t\t\t\t\t\t\t\t\t\t\t\t<\/a>\n\t\t\t\t\t\t\t<a class=\"e-gallery-item elementor-gallery-item elementor-animated-content\" href=\"https:\/\/parcgenoni.com\/wp-content\/uploads\/2025\/02\/Campo-in-Germania_308-scaled.avif\" data-elementor-open-lightbox=\"yes\" data-elementor-lightbox-slideshow=\"2b31824\" data-elementor-lightbox-title=\"Campo in Germania_308\" data-elementor-lightbox-description=\"Dinosauri Campo estivo Germania\" data-e-action-hash=\"#elementor-action%3Aaction%3Dlightbox%26settings%3DeyJpZCI6Mjk3MSwidXJsIjoiaHR0cHM6XC9cL3BhcmNnZW5vbmkuY29tXC93cC1jb250ZW50XC91cGxvYWRzXC8yMDI1XC8wMlwvQ2FtcG8taW4tR2VybWFuaWFfMzA4LXNjYWxlZC5hdmlmIiwic2xpZGVzaG93IjoiMmIzMTgyNCJ9\">\n\t\t\t\t\t<div class=\"e-gallery-image elementor-gallery-item__image\" data-thumbnail=\"https:\/\/parcgenoni.com\/wp-content\/uploads\/2025\/02\/Campo-in-Germania_308-300x200.avif\" data-width=\"300\" data-height=\"200\" aria-label=\"\" role=\"img\" ><\/div>\n\t\t\t\t\t\t\t\t\t\t\t<div class=\"elementor-gallery-item__overlay\"><\/div>\n\t\t\t\t\t\t\t\t\t\t\t\t\t\t<\/a>\n\t\t\t\t\t\t\t<a class=\"e-gallery-item elementor-gallery-item elementor-animated-content\" href=\"https:\/\/parcgenoni.com\/wp-content\/uploads\/2025\/02\/Campo-in-Germania_309-scaled.avif\" data-elementor-open-lightbox=\"yes\" data-elementor-lightbox-slideshow=\"2b31824\" data-elementor-lightbox-title=\"Campo in Germania_309\" data-elementor-lightbox-description=\"Dinosauri Campo estivo Germania\" data-e-action-hash=\"#elementor-action%3Aaction%3Dlightbox%26settings%3DeyJpZCI6Mjk3MiwidXJsIjoiaHR0cHM6XC9cL3BhcmNnZW5vbmkuY29tXC93cC1jb250ZW50XC91cGxvYWRzXC8yMDI1XC8wMlwvQ2FtcG8taW4tR2VybWFuaWFfMzA5LXNjYWxlZC5hdmlmIiwic2xpZGVzaG93IjoiMmIzMTgyNCJ9\">\n\t\t\t\t\t<div class=\"e-gallery-image elementor-gallery-item__image\" data-thumbnail=\"https:\/\/parcgenoni.com\/wp-content\/uploads\/2025\/02\/Campo-in-Germania_309-200x300.avif\" data-width=\"200\" data-height=\"300\" aria-label=\"\" role=\"img\" ><\/div>\n\t\t\t\t\t\t\t\t\t\t\t<div class=\"elementor-gallery-item__overlay\"><\/div>\n\t\t\t\t\t\t\t\t\t\t\t\t\t\t<\/a>\n\t\t\t\t\t\t\t<a class=\"e-gallery-item elementor-gallery-item elementor-animated-content\" href=\"https:\/\/parcgenoni.com\/wp-content\/uploads\/2025\/02\/Campo-in-Germania_310-scaled.avif\" data-elementor-open-lightbox=\"yes\" data-elementor-lightbox-slideshow=\"2b31824\" data-elementor-lightbox-title=\"Campo in Germania_310\" data-elementor-lightbox-description=\"Dinosauri Campo estivo Germania\" data-e-action-hash=\"#elementor-action%3Aaction%3Dlightbox%26settings%3DeyJpZCI6Mjk3MywidXJsIjoiaHR0cHM6XC9cL3BhcmNnZW5vbmkuY29tXC93cC1jb250ZW50XC91cGxvYWRzXC8yMDI1XC8wMlwvQ2FtcG8taW4tR2VybWFuaWFfMzEwLXNjYWxlZC5hdmlmIiwic2xpZGVzaG93IjoiMmIzMTgyNCJ9\">\n\t\t\t\t\t<div class=\"e-gallery-image elementor-gallery-item__image\" data-thumbnail=\"https:\/\/parcgenoni.com\/wp-content\/uploads\/2025\/02\/Campo-in-Germania_310-300x200.avif\" data-width=\"300\" data-height=\"200\" aria-label=\"\" role=\"img\" ><\/div>\n\t\t\t\t\t\t\t\t\t\t\t<div class=\"elementor-gallery-item__overlay\"><\/div>\n\t\t\t\t\t\t\t\t\t\t\t\t\t\t<\/a>\n\t\t\t\t\t\t\t<a class=\"e-gallery-item elementor-gallery-item elementor-animated-content\" href=\"https:\/\/parcgenoni.com\/wp-content\/uploads\/2025\/02\/Campo-in-Germania_311-scaled.avif\" data-elementor-open-lightbox=\"yes\" data-elementor-lightbox-slideshow=\"2b31824\" data-elementor-lightbox-title=\"Campo in Germania_311\" data-elementor-lightbox-description=\"Dinosauri Campo estivo Germania\" data-e-action-hash=\"#elementor-action%3Aaction%3Dlightbox%26settings%3DeyJpZCI6Mjk3NCwidXJsIjoiaHR0cHM6XC9cL3BhcmNnZW5vbmkuY29tXC93cC1jb250ZW50XC91cGxvYWRzXC8yMDI1XC8wMlwvQ2FtcG8taW4tR2VybWFuaWFfMzExLXNjYWxlZC5hdmlmIiwic2xpZGVzaG93IjoiMmIzMTgyNCJ9\">\n\t\t\t\t\t<div class=\"e-gallery-image elementor-gallery-item__image\" data-thumbnail=\"https:\/\/parcgenoni.com\/wp-content\/uploads\/2025\/02\/Campo-in-Germania_311-300x200.avif\" data-width=\"300\" data-height=\"200\" aria-label=\"\" role=\"img\" ><\/div>\n\t\t\t\t\t\t\t\t\t\t\t<div class=\"elementor-gallery-item__overlay\"><\/div>\n\t\t\t\t\t\t\t\t\t\t\t\t\t\t<\/a>\n\t\t\t\t\t\t\t<a class=\"e-gallery-item elementor-gallery-item elementor-animated-content\" href=\"https:\/\/parcgenoni.com\/wp-content\/uploads\/2025\/02\/Campo-in-Germania_316-scaled.avif\" data-elementor-open-lightbox=\"yes\" data-elementor-lightbox-slideshow=\"2b31824\" data-elementor-lightbox-title=\"Campo in Germania_316\" data-elementor-lightbox-description=\"Campo estivo Germania\" data-e-action-hash=\"#elementor-action%3Aaction%3Dlightbox%26settings%3DeyJpZCI6Mjk3NSwidXJsIjoiaHR0cHM6XC9cL3BhcmNnZW5vbmkuY29tXC93cC1jb250ZW50XC91cGxvYWRzXC8yMDI1XC8wMlwvQ2FtcG8taW4tR2VybWFuaWFfMzE2LXNjYWxlZC5hdmlmIiwic2xpZGVzaG93IjoiMmIzMTgyNCJ9\">\n\t\t\t\t\t<div class=\"e-gallery-image elementor-gallery-item__image\" data-thumbnail=\"https:\/\/parcgenoni.com\/wp-content\/uploads\/2025\/02\/Campo-in-Germania_316-300x200.avif\" data-width=\"300\" data-height=\"200\" aria-label=\"\" role=\"img\" ><\/div>\n\t\t\t\t\t\t\t\t\t\t\t<div class=\"elementor-gallery-item__overlay\"><\/div>\n\t\t\t\t\t\t\t\t\t\t\t\t\t\t<\/a>\n\t\t\t\t\t\t\t<a class=\"e-gallery-item elementor-gallery-item elementor-animated-content\" href=\"https:\/\/parcgenoni.com\/wp-content\/uploads\/2025\/02\/Campo-in-Germania_319-scaled.avif\" data-elementor-open-lightbox=\"yes\" data-elementor-lightbox-slideshow=\"2b31824\" data-elementor-lightbox-title=\"Campo in Germania_319\" data-elementor-lightbox-description=\"Campo estivo Germania\" data-e-action-hash=\"#elementor-action%3Aaction%3Dlightbox%26settings%3DeyJpZCI6Mjk3NiwidXJsIjoiaHR0cHM6XC9cL3BhcmNnZW5vbmkuY29tXC93cC1jb250ZW50XC91cGxvYWRzXC8yMDI1XC8wMlwvQ2FtcG8taW4tR2VybWFuaWFfMzE5LXNjYWxlZC5hdmlmIiwic2xpZGVzaG93IjoiMmIzMTgyNCJ9\">\n\t\t\t\t\t<div class=\"e-gallery-image elementor-gallery-item__image\" data-thumbnail=\"https:\/\/parcgenoni.com\/wp-content\/uploads\/2025\/02\/Campo-in-Germania_319-300x200.avif\" data-width=\"300\" data-height=\"200\" aria-label=\"\" role=\"img\" ><\/div>\n\t\t\t\t\t\t\t\t\t\t\t<div class=\"elementor-gallery-item__overlay\"><\/div>\n\t\t\t\t\t\t\t\t\t\t\t\t\t\t<\/a>\n\t\t\t\t\t\t\t<a class=\"e-gallery-item elementor-gallery-item elementor-animated-content\" href=\"https:\/\/parcgenoni.com\/wp-content\/uploads\/2025\/02\/Campo-in-Germania_320-scaled.avif\" data-elementor-open-lightbox=\"yes\" data-elementor-lightbox-slideshow=\"2b31824\" data-elementor-lightbox-title=\"Campo in Germania_320\" data-elementor-lightbox-description=\"Campo estivo Germania\" data-e-action-hash=\"#elementor-action%3Aaction%3Dlightbox%26settings%3DeyJpZCI6Mjk3NywidXJsIjoiaHR0cHM6XC9cL3BhcmNnZW5vbmkuY29tXC93cC1jb250ZW50XC91cGxvYWRzXC8yMDI1XC8wMlwvQ2FtcG8taW4tR2VybWFuaWFfMzIwLXNjYWxlZC5hdmlmIiwic2xpZGVzaG93IjoiMmIzMTgyNCJ9\">\n\t\t\t\t\t<div class=\"e-gallery-image elementor-gallery-item__image\" data-thumbnail=\"https:\/\/parcgenoni.com\/wp-content\/uploads\/2025\/02\/Campo-in-Germania_320-300x200.avif\" data-width=\"300\" data-height=\"200\" aria-label=\"\" role=\"img\" ><\/div>\n\t\t\t\t\t\t\t\t\t\t\t<div class=\"elementor-gallery-item__overlay\"><\/div>\n\t\t\t\t\t\t\t\t\t\t\t\t\t\t<\/a>\n\t\t\t\t\t\t\t<a class=\"e-gallery-item elementor-gallery-item elementor-animated-content\" href=\"https:\/\/parcgenoni.com\/wp-content\/uploads\/2025\/02\/Campo-in-Germania_322-scaled.avif\" data-elementor-open-lightbox=\"yes\" data-elementor-lightbox-slideshow=\"2b31824\" data-elementor-lightbox-title=\"Campo in Germania_322\" data-elementor-lightbox-description=\"Campo estivo Germania\" data-e-action-hash=\"#elementor-action%3Aaction%3Dlightbox%26settings%3DeyJpZCI6Mjk3OCwidXJsIjoiaHR0cHM6XC9cL3BhcmNnZW5vbmkuY29tXC93cC1jb250ZW50XC91cGxvYWRzXC8yMDI1XC8wMlwvQ2FtcG8taW4tR2VybWFuaWFfMzIyLXNjYWxlZC5hdmlmIiwic2xpZGVzaG93IjoiMmIzMTgyNCJ9\">\n\t\t\t\t\t<div class=\"e-gallery-image elementor-gallery-item__image\" data-thumbnail=\"https:\/\/parcgenoni.com\/wp-content\/uploads\/2025\/02\/Campo-in-Germania_322-300x200.avif\" data-width=\"300\" data-height=\"200\" aria-label=\"\" role=\"img\" ><\/div>\n\t\t\t\t\t\t\t\t\t\t\t<div class=\"elementor-gallery-item__overlay\"><\/div>\n\t\t\t\t\t\t\t\t\t\t\t\t\t\t<\/a>\n\t\t\t\t\t\t\t<a class=\"e-gallery-item elementor-gallery-item elementor-animated-content\" href=\"https:\/\/parcgenoni.com\/wp-content\/uploads\/2025\/02\/Campo-in-Germania_265-scaled.avif\" data-elementor-open-lightbox=\"yes\" data-elementor-lightbox-slideshow=\"2b31824\" data-elementor-lightbox-title=\"Campo in Germania_265\" data-elementor-lightbox-description=\"Musei Campo estivo Germania\" data-e-action-hash=\"#elementor-action%3Aaction%3Dlightbox%26settings%3DeyJpZCI6Mjk3OSwidXJsIjoiaHR0cHM6XC9cL3BhcmNnZW5vbmkuY29tXC93cC1jb250ZW50XC91cGxvYWRzXC8yMDI1XC8wMlwvQ2FtcG8taW4tR2VybWFuaWFfMjY1LXNjYWxlZC5hdmlmIiwic2xpZGVzaG93IjoiMmIzMTgyNCJ9\">\n\t\t\t\t\t<div class=\"e-gallery-image elementor-gallery-item__image\" data-thumbnail=\"https:\/\/parcgenoni.com\/wp-content\/uploads\/2025\/02\/Campo-in-Germania_265-300x200.avif\" data-width=\"300\" data-height=\"200\" aria-label=\"\" role=\"img\" ><\/div>\n\t\t\t\t\t\t\t\t\t\t\t<div class=\"elementor-gallery-item__overlay\"><\/div>\n\t\t\t\t\t\t\t\t\t\t\t\t\t\t<\/a>\n\t\t\t\t\t\t\t<a class=\"e-gallery-item elementor-gallery-item elementor-animated-content\" href=\"https:\/\/parcgenoni.com\/wp-content\/uploads\/2025\/02\/Campo-in-Germania_266-scaled.avif\" data-elementor-open-lightbox=\"yes\" data-elementor-lightbox-slideshow=\"2b31824\" data-elementor-lightbox-title=\"Campo in Germania_266\" data-elementor-lightbox-description=\"Musei Campo estivo Germania\" data-e-action-hash=\"#elementor-action%3Aaction%3Dlightbox%26settings%3DeyJpZCI6Mjk4MCwidXJsIjoiaHR0cHM6XC9cL3BhcmNnZW5vbmkuY29tXC93cC1jb250ZW50XC91cGxvYWRzXC8yMDI1XC8wMlwvQ2FtcG8taW4tR2VybWFuaWFfMjY2LXNjYWxlZC5hdmlmIiwic2xpZGVzaG93IjoiMmIzMTgyNCJ9\">\n\t\t\t\t\t<div class=\"e-gallery-image elementor-gallery-item__image\" data-thumbnail=\"https:\/\/parcgenoni.com\/wp-content\/uploads\/2025\/02\/Campo-in-Germania_266-300x200.avif\" data-width=\"300\" data-height=\"200\" aria-label=\"\" role=\"img\" ><\/div>\n\t\t\t\t\t\t\t\t\t\t\t<div class=\"elementor-gallery-item__overlay\"><\/div>\n\t\t\t\t\t\t\t\t\t\t\t\t\t\t<\/a>\n\t\t\t\t\t\t\t<a class=\"e-gallery-item elementor-gallery-item elementor-animated-content\" href=\"https:\/\/parcgenoni.com\/wp-content\/uploads\/2025\/02\/Campo-in-Germania_268-scaled.avif\" data-elementor-open-lightbox=\"yes\" data-elementor-lightbox-slideshow=\"2b31824\" data-elementor-lightbox-title=\"Campo in Germania_268\" data-elementor-lightbox-description=\"Musei Campo estivo Germania\" data-e-action-hash=\"#elementor-action%3Aaction%3Dlightbox%26settings%3DeyJpZCI6Mjk4MSwidXJsIjoiaHR0cHM6XC9cL3BhcmNnZW5vbmkuY29tXC93cC1jb250ZW50XC91cGxvYWRzXC8yMDI1XC8wMlwvQ2FtcG8taW4tR2VybWFuaWFfMjY4LXNjYWxlZC5hdmlmIiwic2xpZGVzaG93IjoiMmIzMTgyNCJ9\">\n\t\t\t\t\t<div class=\"e-gallery-image elementor-gallery-item__image\" data-thumbnail=\"https:\/\/parcgenoni.com\/wp-content\/uploads\/2025\/02\/Campo-in-Germania_268-300x200.avif\" data-width=\"300\" data-height=\"200\" aria-label=\"\" role=\"img\" ><\/div>\n\t\t\t\t\t\t\t\t\t\t\t<div class=\"elementor-gallery-item__overlay\"><\/div>\n\t\t\t\t\t\t\t\t\t\t\t\t\t\t<\/a>\n\t\t\t\t\t\t\t<a class=\"e-gallery-item elementor-gallery-item elementor-animated-content\" href=\"https:\/\/parcgenoni.com\/wp-content\/uploads\/2025\/02\/Campo-in-Germania_269-scaled.avif\" data-elementor-open-lightbox=\"yes\" data-elementor-lightbox-slideshow=\"2b31824\" data-elementor-lightbox-title=\"Campo in Germania_269\" data-elementor-lightbox-description=\"Musei Campo estivo Germania\" data-e-action-hash=\"#elementor-action%3Aaction%3Dlightbox%26settings%3DeyJpZCI6Mjk4MiwidXJsIjoiaHR0cHM6XC9cL3BhcmNnZW5vbmkuY29tXC93cC1jb250ZW50XC91cGxvYWRzXC8yMDI1XC8wMlwvQ2FtcG8taW4tR2VybWFuaWFfMjY5LXNjYWxlZC5hdmlmIiwic2xpZGVzaG93IjoiMmIzMTgyNCJ9\">\n\t\t\t\t\t<div class=\"e-gallery-image elementor-gallery-item__image\" data-thumbnail=\"https:\/\/parcgenoni.com\/wp-content\/uploads\/2025\/02\/Campo-in-Germania_269-300x200.avif\" data-width=\"300\" data-height=\"200\" aria-label=\"\" role=\"img\" ><\/div>\n\t\t\t\t\t\t\t\t\t\t\t<div class=\"elementor-gallery-item__overlay\"><\/div>\n\t\t\t\t\t\t\t\t\t\t\t\t\t\t<\/a>\n\t\t\t\t\t\t\t<a class=\"e-gallery-item elementor-gallery-item elementor-animated-content\" href=\"https:\/\/parcgenoni.com\/wp-content\/uploads\/2025\/02\/Campo-in-Germania_270-scaled.avif\" data-elementor-open-lightbox=\"yes\" data-elementor-lightbox-slideshow=\"2b31824\" data-elementor-lightbox-title=\"Campo in Germania_270\" data-elementor-lightbox-description=\"Musei Campo estivo Germania\" data-e-action-hash=\"#elementor-action%3Aaction%3Dlightbox%26settings%3DeyJpZCI6Mjk4MywidXJsIjoiaHR0cHM6XC9cL3BhcmNnZW5vbmkuY29tXC93cC1jb250ZW50XC91cGxvYWRzXC8yMDI1XC8wMlwvQ2FtcG8taW4tR2VybWFuaWFfMjcwLXNjYWxlZC5hdmlmIiwic2xpZGVzaG93IjoiMmIzMTgyNCJ9\">\n\t\t\t\t\t<div class=\"e-gallery-image elementor-gallery-item__image\" data-thumbnail=\"https:\/\/parcgenoni.com\/wp-content\/uploads\/2025\/02\/Campo-in-Germania_270-300x200.avif\" data-width=\"300\" data-height=\"200\" aria-label=\"\" role=\"img\" ><\/div>\n\t\t\t\t\t\t\t\t\t\t\t<div class=\"elementor-gallery-item__overlay\"><\/div>\n\t\t\t\t\t\t\t\t\t\t\t\t\t\t<\/a>\n\t\t\t\t\t\t\t<a class=\"e-gallery-item elementor-gallery-item elementor-animated-content\" href=\"https:\/\/parcgenoni.com\/wp-content\/uploads\/2025\/02\/Campo-in-Germania_271-scaled.avif\" data-elementor-open-lightbox=\"yes\" data-elementor-lightbox-slideshow=\"2b31824\" data-elementor-lightbox-title=\"Campo in Germania_271\" data-elementor-lightbox-description=\"Fossili Campo estivo Germania\" data-e-action-hash=\"#elementor-action%3Aaction%3Dlightbox%26settings%3DeyJpZCI6Mjk4NCwidXJsIjoiaHR0cHM6XC9cL3BhcmNnZW5vbmkuY29tXC93cC1jb250ZW50XC91cGxvYWRzXC8yMDI1XC8wMlwvQ2FtcG8taW4tR2VybWFuaWFfMjcxLXNjYWxlZC5hdmlmIiwic2xpZGVzaG93IjoiMmIzMTgyNCJ9\">\n\t\t\t\t\t<div class=\"e-gallery-image elementor-gallery-item__image\" data-thumbnail=\"https:\/\/parcgenoni.com\/wp-content\/uploads\/2025\/02\/Campo-in-Germania_271-300x200.avif\" data-width=\"300\" data-height=\"200\" aria-label=\"\" role=\"img\" ><\/div>\n\t\t\t\t\t\t\t\t\t\t\t<div class=\"elementor-gallery-item__overlay\"><\/div>\n\t\t\t\t\t\t\t\t\t\t\t\t\t\t<\/a>\n\t\t\t\t\t\t\t<a class=\"e-gallery-item elementor-gallery-item elementor-animated-content\" href=\"https:\/\/parcgenoni.com\/wp-content\/uploads\/2025\/02\/Campo-in-Germania_272-scaled.avif\" data-elementor-open-lightbox=\"yes\" data-elementor-lightbox-slideshow=\"2b31824\" data-elementor-lightbox-title=\"Campo in Germania_272\" data-elementor-lightbox-description=\"Fossili Campo estivo Germania\" data-e-action-hash=\"#elementor-action%3Aaction%3Dlightbox%26settings%3DeyJpZCI6Mjk4NSwidXJsIjoiaHR0cHM6XC9cL3BhcmNnZW5vbmkuY29tXC93cC1jb250ZW50XC91cGxvYWRzXC8yMDI1XC8wMlwvQ2FtcG8taW4tR2VybWFuaWFfMjcyLXNjYWxlZC5hdmlmIiwic2xpZGVzaG93IjoiMmIzMTgyNCJ9\">\n\t\t\t\t\t<div class=\"e-gallery-image elementor-gallery-item__image\" data-thumbnail=\"https:\/\/parcgenoni.com\/wp-content\/uploads\/2025\/02\/Campo-in-Germania_272-300x200.avif\" data-width=\"300\" data-height=\"200\" aria-label=\"\" role=\"img\" ><\/div>\n\t\t\t\t\t\t\t\t\t\t\t<div class=\"elementor-gallery-item__overlay\"><\/div>\n\t\t\t\t\t\t\t\t\t\t\t\t\t\t<\/a>\n\t\t\t\t\t\t\t<a class=\"e-gallery-item elementor-gallery-item elementor-animated-content\" href=\"https:\/\/parcgenoni.com\/wp-content\/uploads\/2025\/02\/Campo-in-Germania_273-scaled.avif\" data-elementor-open-lightbox=\"yes\" data-elementor-lightbox-slideshow=\"2b31824\" data-elementor-lightbox-title=\"Campo in Germania_273\" data-elementor-lightbox-description=\"Fossili Campo estivo Germania\" data-e-action-hash=\"#elementor-action%3Aaction%3Dlightbox%26settings%3DeyJpZCI6Mjk4NiwidXJsIjoiaHR0cHM6XC9cL3BhcmNnZW5vbmkuY29tXC93cC1jb250ZW50XC91cGxvYWRzXC8yMDI1XC8wMlwvQ2FtcG8taW4tR2VybWFuaWFfMjczLXNjYWxlZC5hdmlmIiwic2xpZGVzaG93IjoiMmIzMTgyNCJ9\">\n\t\t\t\t\t<div class=\"e-gallery-image elementor-gallery-item__image\" data-thumbnail=\"https:\/\/parcgenoni.com\/wp-content\/uploads\/2025\/02\/Campo-in-Germania_273-300x200.avif\" data-width=\"300\" data-height=\"200\" aria-label=\"\" role=\"img\" ><\/div>\n\t\t\t\t\t\t\t\t\t\t\t<div class=\"elementor-gallery-item__overlay\"><\/div>\n\t\t\t\t\t\t\t\t\t\t\t\t\t\t<\/a>\n\t\t\t\t\t\t\t<a class=\"e-gallery-item elementor-gallery-item elementor-animated-content\" href=\"https:\/\/parcgenoni.com\/wp-content\/uploads\/2025\/02\/Campo-in-Germania_274-1-scaled.avif\" data-elementor-open-lightbox=\"yes\" data-elementor-lightbox-slideshow=\"2b31824\" data-elementor-lightbox-title=\"Campo in Germania_274\" data-elementor-lightbox-description=\"Fossili Campo estivo Germania\" data-e-action-hash=\"#elementor-action%3Aaction%3Dlightbox%26settings%3DeyJpZCI6Mjk4NywidXJsIjoiaHR0cHM6XC9cL3BhcmNnZW5vbmkuY29tXC93cC1jb250ZW50XC91cGxvYWRzXC8yMDI1XC8wMlwvQ2FtcG8taW4tR2VybWFuaWFfMjc0LTEtc2NhbGVkLmF2aWYiLCJzbGlkZXNob3ciOiIyYjMxODI0In0%3D\">\n\t\t\t\t\t<div class=\"e-gallery-image elementor-gallery-item__image\" data-thumbnail=\"https:\/\/parcgenoni.com\/wp-content\/uploads\/2025\/02\/Campo-in-Germania_274-1-300x200.avif\" data-width=\"300\" data-height=\"200\" aria-label=\"\" role=\"img\" ><\/div>\n\t\t\t\t\t\t\t\t\t\t\t<div class=\"elementor-gallery-item__overlay\"><\/div>\n\t\t\t\t\t\t\t\t\t\t\t\t\t\t<\/a>\n\t\t\t\t\t\t\t<a class=\"e-gallery-item elementor-gallery-item elementor-animated-content\" href=\"https:\/\/parcgenoni.com\/wp-content\/uploads\/2025\/02\/Campo-in-Germania_277-scaled.avif\" data-elementor-open-lightbox=\"yes\" data-elementor-lightbox-slideshow=\"2b31824\" data-elementor-lightbox-title=\"Campo in Germania_277\" data-elementor-lightbox-description=\"Campo estivo Germania\" data-e-action-hash=\"#elementor-action%3Aaction%3Dlightbox%26settings%3DeyJpZCI6Mjk4OCwidXJsIjoiaHR0cHM6XC9cL3BhcmNnZW5vbmkuY29tXC93cC1jb250ZW50XC91cGxvYWRzXC8yMDI1XC8wMlwvQ2FtcG8taW4tR2VybWFuaWFfMjc3LXNjYWxlZC5hdmlmIiwic2xpZGVzaG93IjoiMmIzMTgyNCJ9\">\n\t\t\t\t\t<div class=\"e-gallery-image elementor-gallery-item__image\" data-thumbnail=\"https:\/\/parcgenoni.com\/wp-content\/uploads\/2025\/02\/Campo-in-Germania_277-300x200.avif\" data-width=\"300\" data-height=\"200\" aria-label=\"\" role=\"img\" ><\/div>\n\t\t\t\t\t\t\t\t\t\t\t<div class=\"elementor-gallery-item__overlay\"><\/div>\n\t\t\t\t\t\t\t\t\t\t\t\t\t\t<\/a>\n\t\t\t\t\t\t\t<a class=\"e-gallery-item elementor-gallery-item elementor-animated-content\" href=\"https:\/\/parcgenoni.com\/wp-content\/uploads\/2025\/02\/Campo-in-Germania_280-scaled.avif\" data-elementor-open-lightbox=\"yes\" data-elementor-lightbox-slideshow=\"2b31824\" data-elementor-lightbox-title=\"Campo in Germania_280\" data-elementor-lightbox-description=\"Parco Campo estivo Germania\" data-e-action-hash=\"#elementor-action%3Aaction%3Dlightbox%26settings%3DeyJpZCI6Mjk4OSwidXJsIjoiaHR0cHM6XC9cL3BhcmNnZW5vbmkuY29tXC93cC1jb250ZW50XC91cGxvYWRzXC8yMDI1XC8wMlwvQ2FtcG8taW4tR2VybWFuaWFfMjgwLXNjYWxlZC5hdmlmIiwic2xpZGVzaG93IjoiMmIzMTgyNCJ9\">\n\t\t\t\t\t<div class=\"e-gallery-image elementor-gallery-item__image\" data-thumbnail=\"https:\/\/parcgenoni.com\/wp-content\/uploads\/2025\/02\/Campo-in-Germania_280-300x200.avif\" data-width=\"300\" data-height=\"200\" aria-label=\"\" role=\"img\" ><\/div>\n\t\t\t\t\t\t\t\t\t\t\t<div class=\"elementor-gallery-item__overlay\"><\/div>\n\t\t\t\t\t\t\t\t\t\t\t\t\t\t<\/a>\n\t\t\t\t\t\t\t<a class=\"e-gallery-item elementor-gallery-item elementor-animated-content\" href=\"https:\/\/parcgenoni.com\/wp-content\/uploads\/2025\/02\/Campo-in-Germania_282-scaled.avif\" data-elementor-open-lightbox=\"yes\" data-elementor-lightbox-slideshow=\"2b31824\" data-elementor-lightbox-title=\"Campo in Germania_282\" data-elementor-lightbox-description=\"Campo estivo Germania\" data-e-action-hash=\"#elementor-action%3Aaction%3Dlightbox%26settings%3DeyJpZCI6Mjk5MCwidXJsIjoiaHR0cHM6XC9cL3BhcmNnZW5vbmkuY29tXC93cC1jb250ZW50XC91cGxvYWRzXC8yMDI1XC8wMlwvQ2FtcG8taW4tR2VybWFuaWFfMjgyLXNjYWxlZC5hdmlmIiwic2xpZGVzaG93IjoiMmIzMTgyNCJ9\">\n\t\t\t\t\t<div class=\"e-gallery-image elementor-gallery-item__image\" data-thumbnail=\"https:\/\/parcgenoni.com\/wp-content\/uploads\/2025\/02\/Campo-in-Germania_282-300x200.avif\" data-width=\"300\" data-height=\"200\" aria-label=\"\" role=\"img\" ><\/div>\n\t\t\t\t\t\t\t\t\t\t\t<div class=\"elementor-gallery-item__overlay\"><\/div>\n\t\t\t\t\t\t\t\t\t\t\t\t\t\t<\/a>\n\t\t\t\t\t\t\t<a class=\"e-gallery-item elementor-gallery-item elementor-animated-content\" href=\"https:\/\/parcgenoni.com\/wp-content\/uploads\/2025\/02\/Campo-in-Germania_283-scaled.avif\" data-elementor-open-lightbox=\"yes\" data-elementor-lightbox-slideshow=\"2b31824\" data-elementor-lightbox-title=\"Campo in Germania_283\" data-elementor-lightbox-description=\"Campo estivo Parco Naturale dell&#039;Altm\u00fchltal \" data-e-action-hash=\"#elementor-action%3Aaction%3Dlightbox%26settings%3DeyJpZCI6Mjk5MSwidXJsIjoiaHR0cHM6XC9cL3BhcmNnZW5vbmkuY29tXC93cC1jb250ZW50XC91cGxvYWRzXC8yMDI1XC8wMlwvQ2FtcG8taW4tR2VybWFuaWFfMjgzLXNjYWxlZC5hdmlmIiwic2xpZGVzaG93IjoiMmIzMTgyNCJ9\">\n\t\t\t\t\t<div class=\"e-gallery-image elementor-gallery-item__image\" data-thumbnail=\"https:\/\/parcgenoni.com\/wp-content\/uploads\/2025\/02\/Campo-in-Germania_283-300x200.avif\" data-width=\"300\" data-height=\"200\" aria-label=\"\" role=\"img\" ><\/div>\n\t\t\t\t\t\t\t\t\t\t\t<div class=\"elementor-gallery-item__overlay\"><\/div>\n\t\t\t\t\t\t\t\t\t\t\t\t\t\t<\/a>\n\t\t\t\t\t\t\t<a class=\"e-gallery-item elementor-gallery-item elementor-animated-content\" href=\"https:\/\/parcgenoni.com\/wp-content\/uploads\/2025\/02\/Campo-in-Germania_291-scaled.avif\" data-elementor-open-lightbox=\"yes\" data-elementor-lightbox-slideshow=\"2b31824\" data-elementor-lightbox-title=\"Campo in Germania_291\" data-elementor-lightbox-description=\"Campo estivo Germania\" data-e-action-hash=\"#elementor-action%3Aaction%3Dlightbox%26settings%3DeyJpZCI6Mjk5MiwidXJsIjoiaHR0cHM6XC9cL3BhcmNnZW5vbmkuY29tXC93cC1jb250ZW50XC91cGxvYWRzXC8yMDI1XC8wMlwvQ2FtcG8taW4tR2VybWFuaWFfMjkxLXNjYWxlZC5hdmlmIiwic2xpZGVzaG93IjoiMmIzMTgyNCJ9\">\n\t\t\t\t\t<div class=\"e-gallery-image elementor-gallery-item__image\" data-thumbnail=\"https:\/\/parcgenoni.com\/wp-content\/uploads\/2025\/02\/Campo-in-Germania_291-300x200.avif\" data-width=\"300\" data-height=\"200\" aria-label=\"\" role=\"img\" ><\/div>\n\t\t\t\t\t\t\t\t\t\t\t<div class=\"elementor-gallery-item__overlay\"><\/div>\n\t\t\t\t\t\t\t\t\t\t\t\t\t\t<\/a>\n\t\t\t\t\t\t\t<a class=\"e-gallery-item elementor-gallery-item elementor-animated-content\" href=\"https:\/\/parcgenoni.com\/wp-content\/uploads\/2025\/02\/Campo-in-Germania_293-scaled.avif\" data-elementor-open-lightbox=\"yes\" data-elementor-lightbox-slideshow=\"2b31824\" data-elementor-lightbox-title=\"Campo in Germania_293\" data-elementor-lightbox-description=\"Campo estivo Germania\" data-e-action-hash=\"#elementor-action%3Aaction%3Dlightbox%26settings%3DeyJpZCI6Mjk5MywidXJsIjoiaHR0cHM6XC9cL3BhcmNnZW5vbmkuY29tXC93cC1jb250ZW50XC91cGxvYWRzXC8yMDI1XC8wMlwvQ2FtcG8taW4tR2VybWFuaWFfMjkzLXNjYWxlZC5hdmlmIiwic2xpZGVzaG93IjoiMmIzMTgyNCJ9\">\n\t\t\t\t\t<div class=\"e-gallery-image elementor-gallery-item__image\" data-thumbnail=\"https:\/\/parcgenoni.com\/wp-content\/uploads\/2025\/02\/Campo-in-Germania_293-300x200.avif\" data-width=\"300\" data-height=\"200\" aria-label=\"\" role=\"img\" ><\/div>\n\t\t\t\t\t\t\t\t\t\t\t<div class=\"elementor-gallery-item__overlay\"><\/div>\n\t\t\t\t\t\t\t\t\t\t\t\t\t\t<\/a>\n\t\t\t\t\t\t\t<a class=\"e-gallery-item elementor-gallery-item elementor-animated-content\" href=\"https:\/\/parcgenoni.com\/wp-content\/uploads\/2025\/02\/Campo-in-Germania_264-scaled.avif\" data-elementor-open-lightbox=\"yes\" data-elementor-lightbox-slideshow=\"2b31824\" data-elementor-lightbox-title=\"Campo in Germania_264\" data-elementor-lightbox-description=\"Campo estivo Germania\" data-e-action-hash=\"#elementor-action%3Aaction%3Dlightbox%26settings%3DeyJpZCI6Mjk5NCwidXJsIjoiaHR0cHM6XC9cL3BhcmNnZW5vbmkuY29tXC93cC1jb250ZW50XC91cGxvYWRzXC8yMDI1XC8wMlwvQ2FtcG8taW4tR2VybWFuaWFfMjY0LXNjYWxlZC5hdmlmIiwic2xpZGVzaG93IjoiMmIzMTgyNCJ9\">\n\t\t\t\t\t<div class=\"e-gallery-image elementor-gallery-item__image\" data-thumbnail=\"https:\/\/parcgenoni.com\/wp-content\/uploads\/2025\/02\/Campo-in-Germania_264-300x200.avif\" data-width=\"300\" data-height=\"200\" aria-label=\"\" role=\"img\" ><\/div>\n\t\t\t\t\t\t\t\t\t\t\t<div class=\"elementor-gallery-item__overlay\"><\/div>\n\t\t\t\t\t\t\t\t\t\t\t\t\t\t<\/a>\n\t\t\t\t\t\t\t<a class=\"e-gallery-item elementor-gallery-item elementor-animated-content\" href=\"https:\/\/parcgenoni.com\/wp-content\/uploads\/2025\/02\/Campo-in-Germania_258-scaled.avif\" data-elementor-open-lightbox=\"yes\" data-elementor-lightbox-slideshow=\"2b31824\" data-elementor-lightbox-title=\"Campo in Germania_258\" data-elementor-lightbox-description=\"Fossili Campo estivo Germania\" data-e-action-hash=\"#elementor-action%3Aaction%3Dlightbox%26settings%3DeyJpZCI6Mjk5NSwidXJsIjoiaHR0cHM6XC9cL3BhcmNnZW5vbmkuY29tXC93cC1jb250ZW50XC91cGxvYWRzXC8yMDI1XC8wMlwvQ2FtcG8taW4tR2VybWFuaWFfMjU4LXNjYWxlZC5hdmlmIiwic2xpZGVzaG93IjoiMmIzMTgyNCJ9\">\n\t\t\t\t\t<div class=\"e-gallery-image elementor-gallery-item__image\" data-thumbnail=\"https:\/\/parcgenoni.com\/wp-content\/uploads\/2025\/02\/Campo-in-Germania_258-300x200.avif\" data-width=\"300\" data-height=\"200\" aria-label=\"\" role=\"img\" ><\/div>\n\t\t\t\t\t\t\t\t\t\t\t<div class=\"elementor-gallery-item__overlay\"><\/div>\n\t\t\t\t\t\t\t\t\t\t\t\t\t\t<\/a>\n\t\t\t\t\t\t\t<a class=\"e-gallery-item elementor-gallery-item elementor-animated-content\" href=\"https:\/\/parcgenoni.com\/wp-content\/uploads\/2025\/02\/Campo-in-Germania_260-scaled.avif\" data-elementor-open-lightbox=\"yes\" data-elementor-lightbox-slideshow=\"2b31824\" data-elementor-lightbox-title=\"Campo in Germania_260\" data-e-action-hash=\"#elementor-action%3Aaction%3Dlightbox%26settings%3DeyJpZCI6Mjk5NiwidXJsIjoiaHR0cHM6XC9cL3BhcmNnZW5vbmkuY29tXC93cC1jb250ZW50XC91cGxvYWRzXC8yMDI1XC8wMlwvQ2FtcG8taW4tR2VybWFuaWFfMjYwLXNjYWxlZC5hdmlmIiwic2xpZGVzaG93IjoiMmIzMTgyNCJ9\">\n\t\t\t\t\t<div class=\"e-gallery-image elementor-gallery-item__image\" data-thumbnail=\"https:\/\/parcgenoni.com\/wp-content\/uploads\/2025\/02\/Campo-in-Germania_260-300x200.avif\" data-width=\"300\" data-height=\"200\" aria-label=\"\" role=\"img\" ><\/div>\n\t\t\t\t\t\t\t\t\t\t\t<div class=\"elementor-gallery-item__overlay\"><\/div>\n\t\t\t\t\t\t\t\t\t\t\t\t\t\t<\/a>\n\t\t\t\t\t\t\t<a class=\"e-gallery-item elementor-gallery-item elementor-animated-content\" href=\"https:\/\/parcgenoni.com\/wp-content\/uploads\/2025\/02\/Campo-in-Germania_262-scaled.avif\" data-elementor-open-lightbox=\"yes\" data-elementor-lightbox-slideshow=\"2b31824\" data-elementor-lightbox-title=\"Campo in Germania_262\" data-elementor-lightbox-description=\"Fossili Campo estivo Germania\" data-e-action-hash=\"#elementor-action%3Aaction%3Dlightbox%26settings%3DeyJpZCI6Mjk5NywidXJsIjoiaHR0cHM6XC9cL3BhcmNnZW5vbmkuY29tXC93cC1jb250ZW50XC91cGxvYWRzXC8yMDI1XC8wMlwvQ2FtcG8taW4tR2VybWFuaWFfMjYyLXNjYWxlZC5hdmlmIiwic2xpZGVzaG93IjoiMmIzMTgyNCJ9\">\n\t\t\t\t\t<div class=\"e-gallery-image elementor-gallery-item__image\" data-thumbnail=\"https:\/\/parcgenoni.com\/wp-content\/uploads\/2025\/02\/Campo-in-Germania_262-300x200.avif\" data-width=\"300\" data-height=\"200\" aria-label=\"\" role=\"img\" ><\/div>\n\t\t\t\t\t\t\t\t\t\t\t<div class=\"elementor-gallery-item__overlay\"><\/div>\n\t\t\t\t\t\t\t\t\t\t\t\t\t\t<\/a>\n\t\t\t\t\t\t\t<a class=\"e-gallery-item elementor-gallery-item elementor-animated-content\" href=\"https:\/\/parcgenoni.com\/wp-content\/uploads\/2025\/02\/Campo-in-Germania_263-scaled.avif\" data-elementor-open-lightbox=\"yes\" data-elementor-lightbox-slideshow=\"2b31824\" data-elementor-lightbox-title=\"Campo in Germania_263\" data-e-action-hash=\"#elementor-action%3Aaction%3Dlightbox%26settings%3DeyJpZCI6Mjk5OCwidXJsIjoiaHR0cHM6XC9cL3BhcmNnZW5vbmkuY29tXC93cC1jb250ZW50XC91cGxvYWRzXC8yMDI1XC8wMlwvQ2FtcG8taW4tR2VybWFuaWFfMjYzLXNjYWxlZC5hdmlmIiwic2xpZGVzaG93IjoiMmIzMTgyNCJ9\">\n\t\t\t\t\t<div class=\"e-gallery-image elementor-gallery-item__image\" data-thumbnail=\"https:\/\/parcgenoni.com\/wp-content\/uploads\/2025\/02\/Campo-in-Germania_263-300x200.avif\" data-width=\"300\" data-height=\"200\" aria-label=\"\" role=\"img\" ><\/div>\n\t\t\t\t\t\t\t\t\t\t\t<div class=\"elementor-gallery-item__overlay\"><\/div>\n\t\t\t\t\t\t\t\t\t\t\t\t\t\t<\/a>\n\t\t\t\t\t\t\t<a class=\"e-gallery-item elementor-gallery-item elementor-animated-content\" href=\"https:\/\/parcgenoni.com\/wp-content\/uploads\/2025\/02\/Campo-in-Germania_236-scaled.avif\" data-elementor-open-lightbox=\"yes\" data-elementor-lightbox-slideshow=\"2b31824\" data-elementor-lightbox-title=\"Campo in Germania_236\" data-elementor-lightbox-description=\"Fossili Campo estivo Germania\" data-e-action-hash=\"#elementor-action%3Aaction%3Dlightbox%26settings%3DeyJpZCI6Mjk5OSwidXJsIjoiaHR0cHM6XC9cL3BhcmNnZW5vbmkuY29tXC93cC1jb250ZW50XC91cGxvYWRzXC8yMDI1XC8wMlwvQ2FtcG8taW4tR2VybWFuaWFfMjM2LXNjYWxlZC5hdmlmIiwic2xpZGVzaG93IjoiMmIzMTgyNCJ9\">\n\t\t\t\t\t<div class=\"e-gallery-image elementor-gallery-item__image\" data-thumbnail=\"https:\/\/parcgenoni.com\/wp-content\/uploads\/2025\/02\/Campo-in-Germania_236-300x200.avif\" data-width=\"300\" data-height=\"200\" aria-label=\"\" role=\"img\" ><\/div>\n\t\t\t\t\t\t\t\t\t\t\t<div class=\"elementor-gallery-item__overlay\"><\/div>\n\t\t\t\t\t\t\t\t\t\t\t\t\t\t<\/a>\n\t\t\t\t\t\t\t<a class=\"e-gallery-item elementor-gallery-item elementor-animated-content\" href=\"https:\/\/parcgenoni.com\/wp-content\/uploads\/2025\/02\/Campo-in-Germania_240-scaled.avif\" data-elementor-open-lightbox=\"yes\" data-elementor-lightbox-slideshow=\"2b31824\" data-elementor-lightbox-title=\"Campo in Germania_240\" data-elementor-lightbox-description=\"Fossili Campo estivo Germania\" data-e-action-hash=\"#elementor-action%3Aaction%3Dlightbox%26settings%3DeyJpZCI6MzAwMCwidXJsIjoiaHR0cHM6XC9cL3BhcmNnZW5vbmkuY29tXC93cC1jb250ZW50XC91cGxvYWRzXC8yMDI1XC8wMlwvQ2FtcG8taW4tR2VybWFuaWFfMjQwLXNjYWxlZC5hdmlmIiwic2xpZGVzaG93IjoiMmIzMTgyNCJ9\">\n\t\t\t\t\t<div class=\"e-gallery-image elementor-gallery-item__image\" data-thumbnail=\"https:\/\/parcgenoni.com\/wp-content\/uploads\/2025\/02\/Campo-in-Germania_240-300x200.avif\" data-width=\"300\" data-height=\"200\" aria-label=\"\" role=\"img\" ><\/div>\n\t\t\t\t\t\t\t\t\t\t\t<div class=\"elementor-gallery-item__overlay\"><\/div>\n\t\t\t\t\t\t\t\t\t\t\t\t\t\t<\/a>\n\t\t\t\t\t\t\t<a class=\"e-gallery-item elementor-gallery-item elementor-animated-content\" href=\"https:\/\/parcgenoni.com\/wp-content\/uploads\/2025\/02\/Campo-in-Germania_242-scaled.avif\" data-elementor-open-lightbox=\"yes\" data-elementor-lightbox-slideshow=\"2b31824\" data-elementor-lightbox-title=\"Campo in Germania_242\" data-elementor-lightbox-description=\"Fossili Campo estivo Germania\" data-e-action-hash=\"#elementor-action%3Aaction%3Dlightbox%26settings%3DeyJpZCI6MzAwMSwidXJsIjoiaHR0cHM6XC9cL3BhcmNnZW5vbmkuY29tXC93cC1jb250ZW50XC91cGxvYWRzXC8yMDI1XC8wMlwvQ2FtcG8taW4tR2VybWFuaWFfMjQyLXNjYWxlZC5hdmlmIiwic2xpZGVzaG93IjoiMmIzMTgyNCJ9\">\n\t\t\t\t\t<div class=\"e-gallery-image elementor-gallery-item__image\" data-thumbnail=\"https:\/\/parcgenoni.com\/wp-content\/uploads\/2025\/02\/Campo-in-Germania_242-300x200.avif\" data-width=\"300\" data-height=\"200\" aria-label=\"\" role=\"img\" ><\/div>\n\t\t\t\t\t\t\t\t\t\t\t<div class=\"elementor-gallery-item__overlay\"><\/div>\n\t\t\t\t\t\t\t\t\t\t\t\t\t\t<\/a>\n\t\t\t\t\t\t\t<a class=\"e-gallery-item elementor-gallery-item elementor-animated-content\" href=\"https:\/\/parcgenoni.com\/wp-content\/uploads\/2025\/02\/Campo-in-Germania_245-scaled.avif\" data-elementor-open-lightbox=\"yes\" data-elementor-lightbox-slideshow=\"2b31824\" data-elementor-lightbox-title=\"Campo in Germania_245\" data-elementor-lightbox-description=\"Fossili Campo estivo Germania\" data-e-action-hash=\"#elementor-action%3Aaction%3Dlightbox%26settings%3DeyJpZCI6MzAwMiwidXJsIjoiaHR0cHM6XC9cL3BhcmNnZW5vbmkuY29tXC93cC1jb250ZW50XC91cGxvYWRzXC8yMDI1XC8wMlwvQ2FtcG8taW4tR2VybWFuaWFfMjQ1LXNjYWxlZC5hdmlmIiwic2xpZGVzaG93IjoiMmIzMTgyNCJ9\">\n\t\t\t\t\t<div class=\"e-gallery-image elementor-gallery-item__image\" data-thumbnail=\"https:\/\/parcgenoni.com\/wp-content\/uploads\/2025\/02\/Campo-in-Germania_245-300x200.avif\" data-width=\"300\" data-height=\"200\" aria-label=\"\" role=\"img\" ><\/div>\n\t\t\t\t\t\t\t\t\t\t\t<div class=\"elementor-gallery-item__overlay\"><\/div>\n\t\t\t\t\t\t\t\t\t\t\t\t\t\t<\/a>\n\t\t\t\t\t\t\t<a class=\"e-gallery-item elementor-gallery-item elementor-animated-content\" href=\"https:\/\/parcgenoni.com\/wp-content\/uploads\/2025\/02\/Campo-in-Germania_248-scaled.avif\" data-elementor-open-lightbox=\"yes\" data-elementor-lightbox-slideshow=\"2b31824\" data-elementor-lightbox-title=\"Campo in Germania_248\" data-elementor-lightbox-description=\"Fossili Campo estivo Germania\" data-e-action-hash=\"#elementor-action%3Aaction%3Dlightbox%26settings%3DeyJpZCI6MzAwMywidXJsIjoiaHR0cHM6XC9cL3BhcmNnZW5vbmkuY29tXC93cC1jb250ZW50XC91cGxvYWRzXC8yMDI1XC8wMlwvQ2FtcG8taW4tR2VybWFuaWFfMjQ4LXNjYWxlZC5hdmlmIiwic2xpZGVzaG93IjoiMmIzMTgyNCJ9\">\n\t\t\t\t\t<div class=\"e-gallery-image elementor-gallery-item__image\" data-thumbnail=\"https:\/\/parcgenoni.com\/wp-content\/uploads\/2025\/02\/Campo-in-Germania_248-300x200.avif\" data-width=\"300\" data-height=\"200\" aria-label=\"\" role=\"img\" ><\/div>\n\t\t\t\t\t\t\t\t\t\t\t<div class=\"elementor-gallery-item__overlay\"><\/div>\n\t\t\t\t\t\t\t\t\t\t\t\t\t\t<\/a>\n\t\t\t\t\t\t\t<a class=\"e-gallery-item elementor-gallery-item elementor-animated-content\" href=\"https:\/\/parcgenoni.com\/wp-content\/uploads\/2025\/02\/Campo-in-Germania_249-scaled.avif\" data-elementor-open-lightbox=\"yes\" data-elementor-lightbox-slideshow=\"2b31824\" data-elementor-lightbox-title=\"Campo in Germania_249\" data-elementor-lightbox-description=\"Fossili Campo estivo Germania\" data-e-action-hash=\"#elementor-action%3Aaction%3Dlightbox%26settings%3DeyJpZCI6MzAwNCwidXJsIjoiaHR0cHM6XC9cL3BhcmNnZW5vbmkuY29tXC93cC1jb250ZW50XC91cGxvYWRzXC8yMDI1XC8wMlwvQ2FtcG8taW4tR2VybWFuaWFfMjQ5LXNjYWxlZC5hdmlmIiwic2xpZGVzaG93IjoiMmIzMTgyNCJ9\">\n\t\t\t\t\t<div class=\"e-gallery-image elementor-gallery-item__image\" data-thumbnail=\"https:\/\/parcgenoni.com\/wp-content\/uploads\/2025\/02\/Campo-in-Germania_249-300x200.avif\" data-width=\"300\" data-height=\"200\" aria-label=\"\" role=\"img\" ><\/div>\n\t\t\t\t\t\t\t\t\t\t\t<div class=\"elementor-gallery-item__overlay\"><\/div>\n\t\t\t\t\t\t\t\t\t\t\t\t\t\t<\/a>\n\t\t\t\t\t\t\t<a class=\"e-gallery-item elementor-gallery-item elementor-animated-content\" href=\"https:\/\/parcgenoni.com\/wp-content\/uploads\/2025\/02\/Campo-in-Germania_158-scaled.avif\" data-elementor-open-lightbox=\"yes\" data-elementor-lightbox-slideshow=\"2b31824\" data-elementor-lightbox-title=\"Campo in Germania_158\" data-elementor-lightbox-description=\"Fossili Campo estivo Germania\" data-e-action-hash=\"#elementor-action%3Aaction%3Dlightbox%26settings%3DeyJpZCI6MzAwNSwidXJsIjoiaHR0cHM6XC9cL3BhcmNnZW5vbmkuY29tXC93cC1jb250ZW50XC91cGxvYWRzXC8yMDI1XC8wMlwvQ2FtcG8taW4tR2VybWFuaWFfMTU4LXNjYWxlZC5hdmlmIiwic2xpZGVzaG93IjoiMmIzMTgyNCJ9\">\n\t\t\t\t\t<div class=\"e-gallery-image elementor-gallery-item__image\" data-thumbnail=\"https:\/\/parcgenoni.com\/wp-content\/uploads\/2025\/02\/Campo-in-Germania_158-300x200.avif\" data-width=\"300\" data-height=\"200\" aria-label=\"\" role=\"img\" ><\/div>\n\t\t\t\t\t\t\t\t\t\t\t<div class=\"elementor-gallery-item__overlay\"><\/div>\n\t\t\t\t\t\t\t\t\t\t\t\t\t\t<\/a>\n\t\t\t\t\t\t\t<a class=\"e-gallery-item elementor-gallery-item elementor-animated-content\" href=\"https:\/\/parcgenoni.com\/wp-content\/uploads\/2025\/02\/Campo-in-Germania_159-scaled.avif\" data-elementor-open-lightbox=\"yes\" data-elementor-lightbox-slideshow=\"2b31824\" data-elementor-lightbox-title=\"Campo in Germania_159\" data-elementor-lightbox-description=\"Fossili Campo estivo Germania\" data-e-action-hash=\"#elementor-action%3Aaction%3Dlightbox%26settings%3DeyJpZCI6MzAwNiwidXJsIjoiaHR0cHM6XC9cL3BhcmNnZW5vbmkuY29tXC93cC1jb250ZW50XC91cGxvYWRzXC8yMDI1XC8wMlwvQ2FtcG8taW4tR2VybWFuaWFfMTU5LXNjYWxlZC5hdmlmIiwic2xpZGVzaG93IjoiMmIzMTgyNCJ9\">\n\t\t\t\t\t<div class=\"e-gallery-image elementor-gallery-item__image\" data-thumbnail=\"https:\/\/parcgenoni.com\/wp-content\/uploads\/2025\/02\/Campo-in-Germania_159-300x200.avif\" data-width=\"300\" data-height=\"200\" aria-label=\"\" role=\"img\" ><\/div>\n\t\t\t\t\t\t\t\t\t\t\t<div class=\"elementor-gallery-item__overlay\"><\/div>\n\t\t\t\t\t\t\t\t\t\t\t\t\t\t<\/a>\n\t\t\t\t\t\t\t<a class=\"e-gallery-item elementor-gallery-item elementor-animated-content\" href=\"https:\/\/parcgenoni.com\/wp-content\/uploads\/2025\/02\/Campo-in-Germania_165-scaled.avif\" data-elementor-open-lightbox=\"yes\" data-elementor-lightbox-slideshow=\"2b31824\" data-elementor-lightbox-title=\"Campo in Germania_165\" data-elementor-lightbox-description=\"Campo estivo Germania\" data-e-action-hash=\"#elementor-action%3Aaction%3Dlightbox%26settings%3DeyJpZCI6MzAwNywidXJsIjoiaHR0cHM6XC9cL3BhcmNnZW5vbmkuY29tXC93cC1jb250ZW50XC91cGxvYWRzXC8yMDI1XC8wMlwvQ2FtcG8taW4tR2VybWFuaWFfMTY1LXNjYWxlZC5hdmlmIiwic2xpZGVzaG93IjoiMmIzMTgyNCJ9\">\n\t\t\t\t\t<div class=\"e-gallery-image elementor-gallery-item__image\" data-thumbnail=\"https:\/\/parcgenoni.com\/wp-content\/uploads\/2025\/02\/Campo-in-Germania_165-300x200.avif\" data-width=\"300\" data-height=\"200\" aria-label=\"\" role=\"img\" ><\/div>\n\t\t\t\t\t\t\t\t\t\t\t<div class=\"elementor-gallery-item__overlay\"><\/div>\n\t\t\t\t\t\t\t\t\t\t\t\t\t\t<\/a>\n\t\t\t\t\t\t\t<a class=\"e-gallery-item elementor-gallery-item elementor-animated-content\" href=\"https:\/\/parcgenoni.com\/wp-content\/uploads\/2025\/02\/Campo-in-Germania_131-1-scaled.avif\" data-elementor-open-lightbox=\"yes\" data-elementor-lightbox-slideshow=\"2b31824\" data-elementor-lightbox-title=\"Campo in Germania_131\" data-e-action-hash=\"#elementor-action%3Aaction%3Dlightbox%26settings%3DeyJpZCI6MzAwOCwidXJsIjoiaHR0cHM6XC9cL3BhcmNnZW5vbmkuY29tXC93cC1jb250ZW50XC91cGxvYWRzXC8yMDI1XC8wMlwvQ2FtcG8taW4tR2VybWFuaWFfMTMxLTEtc2NhbGVkLmF2aWYiLCJzbGlkZXNob3ciOiIyYjMxODI0In0%3D\">\n\t\t\t\t\t<div class=\"e-gallery-image elementor-gallery-item__image\" data-thumbnail=\"https:\/\/parcgenoni.com\/wp-content\/uploads\/2025\/02\/Campo-in-Germania_131-1-300x200.avif\" data-width=\"300\" data-height=\"200\" aria-label=\"\" role=\"img\" ><\/div>\n\t\t\t\t\t\t\t\t\t\t\t<div class=\"elementor-gallery-item__overlay\"><\/div>\n\t\t\t\t\t\t\t\t\t\t\t\t\t\t<\/a>\n\t\t\t\t\t\t\t<a class=\"e-gallery-item elementor-gallery-item elementor-animated-content\" href=\"https:\/\/parcgenoni.com\/wp-content\/uploads\/2025\/02\/Campo-in-Germania_132-scaled.avif\" data-elementor-open-lightbox=\"yes\" data-elementor-lightbox-slideshow=\"2b31824\" data-elementor-lightbox-title=\"Campo in Germania_132\" data-e-action-hash=\"#elementor-action%3Aaction%3Dlightbox%26settings%3DeyJpZCI6MzAwOSwidXJsIjoiaHR0cHM6XC9cL3BhcmNnZW5vbmkuY29tXC93cC1jb250ZW50XC91cGxvYWRzXC8yMDI1XC8wMlwvQ2FtcG8taW4tR2VybWFuaWFfMTMyLXNjYWxlZC5hdmlmIiwic2xpZGVzaG93IjoiMmIzMTgyNCJ9\">\n\t\t\t\t\t<div class=\"e-gallery-image elementor-gallery-item__image\" data-thumbnail=\"https:\/\/parcgenoni.com\/wp-content\/uploads\/2025\/02\/Campo-in-Germania_132-300x200.avif\" data-width=\"300\" data-height=\"200\" aria-label=\"\" role=\"img\" ><\/div>\n\t\t\t\t\t\t\t\t\t\t\t<div class=\"elementor-gallery-item__overlay\"><\/div>\n\t\t\t\t\t\t\t\t\t\t\t\t\t\t<\/a>\n\t\t\t\t\t\t\t<a class=\"e-gallery-item elementor-gallery-item elementor-animated-content\" href=\"https:\/\/parcgenoni.com\/wp-content\/uploads\/2025\/02\/Campo-in-Germania_136-1-scaled.avif\" data-elementor-open-lightbox=\"yes\" data-elementor-lightbox-slideshow=\"2b31824\" data-elementor-lightbox-title=\"Campo in Germania_136\" data-elementor-lightbox-description=\"Fossili Campo estivo Germania\" data-e-action-hash=\"#elementor-action%3Aaction%3Dlightbox%26settings%3DeyJpZCI6MzAxMCwidXJsIjoiaHR0cHM6XC9cL3BhcmNnZW5vbmkuY29tXC93cC1jb250ZW50XC91cGxvYWRzXC8yMDI1XC8wMlwvQ2FtcG8taW4tR2VybWFuaWFfMTM2LTEtc2NhbGVkLmF2aWYiLCJzbGlkZXNob3ciOiIyYjMxODI0In0%3D\">\n\t\t\t\t\t<div class=\"e-gallery-image elementor-gallery-item__image\" data-thumbnail=\"https:\/\/parcgenoni.com\/wp-content\/uploads\/2025\/02\/Campo-in-Germania_136-1-200x300.avif\" data-width=\"200\" data-height=\"300\" aria-label=\"\" role=\"img\" ><\/div>\n\t\t\t\t\t\t\t\t\t\t\t<div class=\"elementor-gallery-item__overlay\"><\/div>\n\t\t\t\t\t\t\t\t\t\t\t\t\t\t<\/a>\n\t\t\t\t\t\t\t<a class=\"e-gallery-item elementor-gallery-item elementor-animated-content\" href=\"https:\/\/parcgenoni.com\/wp-content\/uploads\/2025\/02\/Campo-in-Germania_139-scaled.avif\" data-elementor-open-lightbox=\"yes\" data-elementor-lightbox-slideshow=\"2b31824\" data-elementor-lightbox-title=\"Campo in Germania_139\" data-elementor-lightbox-description=\"Fossili Campo estivo Germania\" data-e-action-hash=\"#elementor-action%3Aaction%3Dlightbox%26settings%3DeyJpZCI6MzAxMSwidXJsIjoiaHR0cHM6XC9cL3BhcmNnZW5vbmkuY29tXC93cC1jb250ZW50XC91cGxvYWRzXC8yMDI1XC8wMlwvQ2FtcG8taW4tR2VybWFuaWFfMTM5LXNjYWxlZC5hdmlmIiwic2xpZGVzaG93IjoiMmIzMTgyNCJ9\">\n\t\t\t\t\t<div class=\"e-gallery-image elementor-gallery-item__image\" data-thumbnail=\"https:\/\/parcgenoni.com\/wp-content\/uploads\/2025\/02\/Campo-in-Germania_139-300x200.avif\" data-width=\"300\" data-height=\"200\" aria-label=\"\" role=\"img\" ><\/div>\n\t\t\t\t\t\t\t\t\t\t\t<div class=\"elementor-gallery-item__overlay\"><\/div>\n\t\t\t\t\t\t\t\t\t\t\t\t\t\t<\/a>\n\t\t\t\t\t\t\t<a class=\"e-gallery-item elementor-gallery-item elementor-animated-content\" href=\"https:\/\/parcgenoni.com\/wp-content\/uploads\/2025\/02\/Campo-in-Germania_113-min-scaled.avif\" data-elementor-open-lightbox=\"yes\" data-elementor-lightbox-slideshow=\"2b31824\" data-elementor-lightbox-title=\"Campo in Germania_113-min\" data-elementor-lightbox-description=\"cave Campo estivo Germania\" data-e-action-hash=\"#elementor-action%3Aaction%3Dlightbox%26settings%3DeyJpZCI6MzAxMiwidXJsIjoiaHR0cHM6XC9cL3BhcmNnZW5vbmkuY29tXC93cC1jb250ZW50XC91cGxvYWRzXC8yMDI1XC8wMlwvQ2FtcG8taW4tR2VybWFuaWFfMTEzLW1pbi1zY2FsZWQuYXZpZiIsInNsaWRlc2hvdyI6IjJiMzE4MjQifQ%3D%3D\">\n\t\t\t\t\t<div class=\"e-gallery-image elementor-gallery-item__image\" data-thumbnail=\"https:\/\/parcgenoni.com\/wp-content\/uploads\/2025\/02\/Campo-in-Germania_113-min-300x200.avif\" data-width=\"300\" data-height=\"200\" aria-label=\"\" role=\"img\" ><\/div>\n\t\t\t\t\t\t\t\t\t\t\t<div class=\"elementor-gallery-item__overlay\"><\/div>\n\t\t\t\t\t\t\t\t\t\t\t\t\t\t<\/a>\n\t\t\t\t\t\t\t<a class=\"e-gallery-item elementor-gallery-item elementor-animated-content\" href=\"https:\/\/parcgenoni.com\/wp-content\/uploads\/2025\/02\/Campo-in-Germania_114-min-scaled.avif\" data-elementor-open-lightbox=\"yes\" data-elementor-lightbox-slideshow=\"2b31824\" data-elementor-lightbox-title=\"Campo in Germania_114-min\" data-elementor-lightbox-description=\"cave Campo estivo Germania\" data-e-action-hash=\"#elementor-action%3Aaction%3Dlightbox%26settings%3DeyJpZCI6MzAxMywidXJsIjoiaHR0cHM6XC9cL3BhcmNnZW5vbmkuY29tXC93cC1jb250ZW50XC91cGxvYWRzXC8yMDI1XC8wMlwvQ2FtcG8taW4tR2VybWFuaWFfMTE0LW1pbi1zY2FsZWQuYXZpZiIsInNsaWRlc2hvdyI6IjJiMzE4MjQifQ%3D%3D\">\n\t\t\t\t\t<div class=\"e-gallery-image elementor-gallery-item__image\" data-thumbnail=\"https:\/\/parcgenoni.com\/wp-content\/uploads\/2025\/02\/Campo-in-Germania_114-min-300x200.avif\" data-width=\"300\" data-height=\"200\" aria-label=\"\" role=\"img\" ><\/div>\n\t\t\t\t\t\t\t\t\t\t\t<div class=\"elementor-gallery-item__overlay\"><\/div>\n\t\t\t\t\t\t\t\t\t\t\t\t\t\t<\/a>\n\t\t\t\t\t\t\t<a class=\"e-gallery-item elementor-gallery-item elementor-animated-content\" href=\"https:\/\/parcgenoni.com\/wp-content\/uploads\/2025\/02\/Campo-in-Germania_83-min-scaled.avif\" data-elementor-open-lightbox=\"yes\" data-elementor-lightbox-slideshow=\"2b31824\" data-elementor-lightbox-title=\"Campo in Germania_83-min\" data-elementor-lightbox-description=\"musei Campo estivo Germania\" data-e-action-hash=\"#elementor-action%3Aaction%3Dlightbox%26settings%3DeyJpZCI6MzAxNCwidXJsIjoiaHR0cHM6XC9cL3BhcmNnZW5vbmkuY29tXC93cC1jb250ZW50XC91cGxvYWRzXC8yMDI1XC8wMlwvQ2FtcG8taW4tR2VybWFuaWFfODMtbWluLXNjYWxlZC5hdmlmIiwic2xpZGVzaG93IjoiMmIzMTgyNCJ9\">\n\t\t\t\t\t<div class=\"e-gallery-image elementor-gallery-item__image\" data-thumbnail=\"https:\/\/parcgenoni.com\/wp-content\/uploads\/2025\/02\/Campo-in-Germania_83-min-300x200.avif\" data-width=\"300\" data-height=\"200\" aria-label=\"\" role=\"img\" ><\/div>\n\t\t\t\t\t\t\t\t\t\t\t<div class=\"elementor-gallery-item__overlay\"><\/div>\n\t\t\t\t\t\t\t\t\t\t\t\t\t\t<\/a>\n\t\t\t\t\t\t\t<a class=\"e-gallery-item elementor-gallery-item elementor-animated-content\" href=\"https:\/\/parcgenoni.com\/wp-content\/uploads\/2025\/02\/Campo-in-Germania_88-min-scaled.avif\" data-elementor-open-lightbox=\"yes\" data-elementor-lightbox-slideshow=\"2b31824\" data-elementor-lightbox-title=\"Campo in Germania_88-min\" data-elementor-lightbox-description=\"Fossili Campo estivo Germania\" data-e-action-hash=\"#elementor-action%3Aaction%3Dlightbox%26settings%3DeyJpZCI6MzAxNSwidXJsIjoiaHR0cHM6XC9cL3BhcmNnZW5vbmkuY29tXC93cC1jb250ZW50XC91cGxvYWRzXC8yMDI1XC8wMlwvQ2FtcG8taW4tR2VybWFuaWFfODgtbWluLXNjYWxlZC5hdmlmIiwic2xpZGVzaG93IjoiMmIzMTgyNCJ9\">\n\t\t\t\t\t<div class=\"e-gallery-image elementor-gallery-item__image\" data-thumbnail=\"https:\/\/parcgenoni.com\/wp-content\/uploads\/2025\/02\/Campo-in-Germania_88-min-300x200.avif\" data-width=\"300\" data-height=\"200\" aria-label=\"\" role=\"img\" ><\/div>\n\t\t\t\t\t\t\t\t\t\t\t<div class=\"elementor-gallery-item__overlay\"><\/div>\n\t\t\t\t\t\t\t\t\t\t\t\t\t\t<\/a>\n\t\t\t\t\t\t\t<a class=\"e-gallery-item elementor-gallery-item elementor-animated-content\" href=\"https:\/\/parcgenoni.com\/wp-content\/uploads\/2025\/02\/Campo-in-Germania_71-min-scaled.avif\" data-elementor-open-lightbox=\"yes\" data-elementor-lightbox-slideshow=\"2b31824\" data-elementor-lightbox-title=\"Campo in Germania_71-min\" data-elementor-lightbox-description=\"Fossili Campo estivo Germania\" data-e-action-hash=\"#elementor-action%3Aaction%3Dlightbox%26settings%3DeyJpZCI6MzAxNiwidXJsIjoiaHR0cHM6XC9cL3BhcmNnZW5vbmkuY29tXC93cC1jb250ZW50XC91cGxvYWRzXC8yMDI1XC8wMlwvQ2FtcG8taW4tR2VybWFuaWFfNzEtbWluLXNjYWxlZC5hdmlmIiwic2xpZGVzaG93IjoiMmIzMTgyNCJ9\">\n\t\t\t\t\t<div class=\"e-gallery-image elementor-gallery-item__image\" data-thumbnail=\"https:\/\/parcgenoni.com\/wp-content\/uploads\/2025\/02\/Campo-in-Germania_71-min-300x200.avif\" data-width=\"300\" data-height=\"200\" aria-label=\"\" role=\"img\" ><\/div>\n\t\t\t\t\t\t\t\t\t\t\t<div class=\"elementor-gallery-item__overlay\"><\/div>\n\t\t\t\t\t\t\t\t\t\t\t\t\t\t<\/a>\n\t\t\t\t\t\t\t<a class=\"e-gallery-item elementor-gallery-item elementor-animated-content\" href=\"https:\/\/parcgenoni.com\/wp-content\/uploads\/2025\/02\/Campo-in-Germania_42-scaled.avif\" data-elementor-open-lightbox=\"yes\" data-elementor-lightbox-slideshow=\"2b31824\" data-elementor-lightbox-title=\"Campo in Germania_42\" data-elementor-lightbox-description=\"musei Campo estivo Germania\" data-e-action-hash=\"#elementor-action%3Aaction%3Dlightbox%26settings%3DeyJpZCI6MzAxNywidXJsIjoiaHR0cHM6XC9cL3BhcmNnZW5vbmkuY29tXC93cC1jb250ZW50XC91cGxvYWRzXC8yMDI1XC8wMlwvQ2FtcG8taW4tR2VybWFuaWFfNDItc2NhbGVkLmF2aWYiLCJzbGlkZXNob3ciOiIyYjMxODI0In0%3D\">\n\t\t\t\t\t<div class=\"e-gallery-image elementor-gallery-item__image\" data-thumbnail=\"https:\/\/parcgenoni.com\/wp-content\/uploads\/2025\/02\/Campo-in-Germania_42-300x200.avif\" data-width=\"300\" data-height=\"200\" aria-label=\"\" role=\"img\" ><\/div>\n\t\t\t\t\t\t\t\t\t\t\t<div class=\"elementor-gallery-item__overlay\"><\/div>\n\t\t\t\t\t\t\t\t\t\t\t\t\t\t<\/a>\n\t\t\t\t\t\t\t<a class=\"e-gallery-item elementor-gallery-item elementor-animated-content\" href=\"https:\/\/parcgenoni.com\/wp-content\/uploads\/2025\/02\/Campo-in-Germania_53-scaled.avif\" data-elementor-open-lightbox=\"yes\" data-elementor-lightbox-slideshow=\"2b31824\" data-elementor-lightbox-title=\"Campo in Germania_53\" data-elementor-lightbox-description=\"minerali Campo estivo Germania\" data-e-action-hash=\"#elementor-action%3Aaction%3Dlightbox%26settings%3DeyJpZCI6MzAxOCwidXJsIjoiaHR0cHM6XC9cL3BhcmNnZW5vbmkuY29tXC93cC1jb250ZW50XC91cGxvYWRzXC8yMDI1XC8wMlwvQ2FtcG8taW4tR2VybWFuaWFfNTMtc2NhbGVkLmF2aWYiLCJzbGlkZXNob3ciOiIyYjMxODI0In0%3D\">\n\t\t\t\t\t<div class=\"e-gallery-image elementor-gallery-item__image\" data-thumbnail=\"https:\/\/parcgenoni.com\/wp-content\/uploads\/2025\/02\/Campo-in-Germania_53-300x200.avif\" data-width=\"300\" data-height=\"200\" aria-label=\"\" role=\"img\" ><\/div>\n\t\t\t\t\t\t\t\t\t\t\t<div class=\"elementor-gallery-item__overlay\"><\/div>\n\t\t\t\t\t\t\t\t\t\t\t\t\t\t<\/a>\n\t\t\t\t\t\t\t<a class=\"e-gallery-item elementor-gallery-item elementor-animated-content\" href=\"https:\/\/parcgenoni.com\/wp-content\/uploads\/2025\/02\/Campo-in-Germania_57-scaled.avif\" data-elementor-open-lightbox=\"yes\" data-elementor-lightbox-slideshow=\"2b31824\" data-elementor-lightbox-title=\"Campo in Germania_57\" data-elementor-lightbox-description=\"Fossili Campo estivo Germania\" data-e-action-hash=\"#elementor-action%3Aaction%3Dlightbox%26settings%3DeyJpZCI6MzAxOSwidXJsIjoiaHR0cHM6XC9cL3BhcmNnZW5vbmkuY29tXC93cC1jb250ZW50XC91cGxvYWRzXC8yMDI1XC8wMlwvQ2FtcG8taW4tR2VybWFuaWFfNTctc2NhbGVkLmF2aWYiLCJzbGlkZXNob3ciOiIyYjMxODI0In0%3D\">\n\t\t\t\t\t<div class=\"e-gallery-image elementor-gallery-item__image\" data-thumbnail=\"https:\/\/parcgenoni.com\/wp-content\/uploads\/2025\/02\/Campo-in-Germania_57-300x200.avif\" data-width=\"300\" data-height=\"200\" aria-label=\"\" role=\"img\" ><\/div>\n\t\t\t\t\t\t\t\t\t\t\t<div class=\"elementor-gallery-item__overlay\"><\/div>\n\t\t\t\t\t\t\t\t\t\t\t\t\t\t<\/a>\n\t\t\t\t\t\t\t<a class=\"e-gallery-item elementor-gallery-item elementor-animated-content\" href=\"https:\/\/parcgenoni.com\/wp-content\/uploads\/2025\/02\/Campo-in-Germania_14-scaled.avif\" data-elementor-open-lightbox=\"yes\" data-elementor-lightbox-slideshow=\"2b31824\" data-elementor-lightbox-title=\"Campo in Germania_14\" data-elementor-lightbox-description=\"Fossili Campo estivo Germania\" data-e-action-hash=\"#elementor-action%3Aaction%3Dlightbox%26settings%3DeyJpZCI6MzAyMiwidXJsIjoiaHR0cHM6XC9cL3BhcmNnZW5vbmkuY29tXC93cC1jb250ZW50XC91cGxvYWRzXC8yMDI1XC8wMlwvQ2FtcG8taW4tR2VybWFuaWFfMTQtc2NhbGVkLmF2aWYiLCJzbGlkZXNob3ciOiIyYjMxODI0In0%3D\">\n\t\t\t\t\t<div class=\"e-gallery-image elementor-gallery-item__image\" data-thumbnail=\"https:\/\/parcgenoni.com\/wp-content\/uploads\/2025\/02\/Campo-in-Germania_14-300x200.avif\" data-width=\"300\" data-height=\"200\" aria-label=\"\" role=\"img\" ><\/div>\n\t\t\t\t\t\t\t\t\t\t\t<div class=\"elementor-gallery-item__overlay\"><\/div>\n\t\t\t\t\t\t\t\t\t\t\t\t\t\t<\/a>\n\t\t\t\t\t\t\t<a class=\"e-gallery-item elementor-gallery-item elementor-animated-content\" href=\"https:\/\/parcgenoni.com\/wp-content\/uploads\/2025\/02\/Campo-in-Germania_15-scaled.avif\" data-elementor-open-lightbox=\"yes\" data-elementor-lightbox-slideshow=\"2b31824\" data-elementor-lightbox-title=\"Campo in Germania_15\" data-e-action-hash=\"#elementor-action%3Aaction%3Dlightbox%26settings%3DeyJpZCI6MzAyMywidXJsIjoiaHR0cHM6XC9cL3BhcmNnZW5vbmkuY29tXC93cC1jb250ZW50XC91cGxvYWRzXC8yMDI1XC8wMlwvQ2FtcG8taW4tR2VybWFuaWFfMTUtc2NhbGVkLmF2aWYiLCJzbGlkZXNob3ciOiIyYjMxODI0In0%3D\">\n\t\t\t\t\t<div class=\"e-gallery-image elementor-gallery-item__image\" data-thumbnail=\"https:\/\/parcgenoni.com\/wp-content\/uploads\/2025\/02\/Campo-in-Germania_15-300x200.avif\" data-width=\"300\" data-height=\"200\" aria-label=\"\" role=\"img\" ><\/div>\n\t\t\t\t\t\t\t\t\t\t\t<div class=\"elementor-gallery-item__overlay\"><\/div>\n\t\t\t\t\t\t\t\t\t\t\t\t\t\t<\/a>\n\t\t\t\t\t\t\t<a class=\"e-gallery-item elementor-gallery-item elementor-animated-content\" href=\"https:\/\/parcgenoni.com\/wp-content\/uploads\/2025\/02\/Campo-in-Germania_69-min-scaled.avif\" data-elementor-open-lightbox=\"yes\" data-elementor-lightbox-slideshow=\"2b31824\" data-elementor-lightbox-title=\"Campo in Germania_69-min\" data-elementor-lightbox-description=\"Ritrovamento fossile in Germania\" data-e-action-hash=\"#elementor-action%3Aaction%3Dlightbox%26settings%3DeyJpZCI6Mjk1OCwidXJsIjoiaHR0cHM6XC9cL3BhcmNnZW5vbmkuY29tXC93cC1jb250ZW50XC91cGxvYWRzXC8yMDI1XC8wMlwvQ2FtcG8taW4tR2VybWFuaWFfNjktbWluLXNjYWxlZC5hdmlmIiwic2xpZGVzaG93IjoiMmIzMTgyNCJ9\">\n\t\t\t\t\t<div class=\"e-gallery-image elementor-gallery-item__image\" data-thumbnail=\"https:\/\/parcgenoni.com\/wp-content\/uploads\/2025\/02\/Campo-in-Germania_69-min-300x200.avif\" data-width=\"300\" data-height=\"200\" aria-label=\"\" role=\"img\" ><\/div>\n\t\t\t\t\t\t\t\t\t\t\t<div class=\"elementor-gallery-item__overlay\"><\/div>\n\t\t\t\t\t\t\t\t\t\t\t\t\t\t<\/a>\n\t\t\t\t\t\t\t<a class=\"e-gallery-item elementor-gallery-item elementor-animated-content\" href=\"https:\/\/parcgenoni.com\/wp-content\/uploads\/2025\/02\/Campo-in-Germania_136-scaled.avif\" data-elementor-open-lightbox=\"yes\" data-elementor-lightbox-slideshow=\"2b31824\" data-elementor-lightbox-title=\"Campo in Germania_136\" data-elementor-lightbox-description=\"Ammonite fossile\" data-e-action-hash=\"#elementor-action%3Aaction%3Dlightbox%26settings%3DeyJpZCI6Mjk1OSwidXJsIjoiaHR0cHM6XC9cL3BhcmNnZW5vbmkuY29tXC93cC1jb250ZW50XC91cGxvYWRzXC8yMDI1XC8wMlwvQ2FtcG8taW4tR2VybWFuaWFfMTM2LXNjYWxlZC5hdmlmIiwic2xpZGVzaG93IjoiMmIzMTgyNCJ9\">\n\t\t\t\t\t<div class=\"e-gallery-image elementor-gallery-item__image\" data-thumbnail=\"https:\/\/parcgenoni.com\/wp-content\/uploads\/2025\/02\/Campo-in-Germania_136-200x300.avif\" data-width=\"200\" data-height=\"300\" aria-label=\"\" role=\"img\" ><\/div>\n\t\t\t\t\t\t\t\t\t\t\t<div class=\"elementor-gallery-item__overlay\"><\/div>\n\t\t\t\t\t\t\t\t\t\t\t\t\t\t<\/a>\n\t\t\t\t\t\t\t<a class=\"e-gallery-item elementor-gallery-item elementor-animated-content\" href=\"https:\/\/parcgenoni.com\/wp-content\/uploads\/2025\/02\/Campo-in-Germania_274-scaled.avif\" data-elementor-open-lightbox=\"yes\" data-elementor-lightbox-slideshow=\"2b31824\" data-elementor-lightbox-title=\"Campo in Germania_274\" data-elementor-lightbox-description=\"Fossili Germania\" data-e-action-hash=\"#elementor-action%3Aaction%3Dlightbox%26settings%3DeyJpZCI6Mjk2MCwidXJsIjoiaHR0cHM6XC9cL3BhcmNnZW5vbmkuY29tXC93cC1jb250ZW50XC91cGxvYWRzXC8yMDI1XC8wMlwvQ2FtcG8taW4tR2VybWFuaWFfMjc0LXNjYWxlZC5hdmlmIiwic2xpZGVzaG93IjoiMmIzMTgyNCJ9\">\n\t\t\t\t\t<div class=\"e-gallery-image elementor-gallery-item__image\" data-thumbnail=\"https:\/\/parcgenoni.com\/wp-content\/uploads\/2025\/02\/Campo-in-Germania_274-300x200.avif\" data-width=\"300\" data-height=\"200\" aria-label=\"\" role=\"img\" ><\/div>\n\t\t\t\t\t\t\t\t\t\t\t<div class=\"elementor-gallery-item__overlay\"><\/div>\n\t\t\t\t\t\t\t\t\t\t\t\t\t\t<\/a>\n\t\t\t\t\t\t\t<a class=\"e-gallery-item elementor-gallery-item elementor-animated-content\" href=\"https:\/\/parcgenoni.com\/wp-content\/uploads\/2025\/11\/campo-estivo-Germania-2025-1-scaled.avif\" data-elementor-open-lightbox=\"yes\" data-elementor-lightbox-slideshow=\"2b31824\" data-elementor-lightbox-title=\"campo estivo Germania 2025 (1)\" data-e-action-hash=\"#elementor-action%3Aaction%3Dlightbox%26settings%3DeyJpZCI6NDg0MiwidXJsIjoiaHR0cHM6XC9cL3BhcmNnZW5vbmkuY29tXC93cC1jb250ZW50XC91cGxvYWRzXC8yMDI1XC8xMVwvY2FtcG8tZXN0aXZvLUdlcm1hbmlhLTIwMjUtMS1zY2FsZWQuYXZpZiIsInNsaWRlc2hvdyI6IjJiMzE4MjQifQ%3D%3D\">\n\t\t\t\t\t<div class=\"e-gallery-image elementor-gallery-item__image\" data-thumbnail=\"https:\/\/parcgenoni.com\/wp-content\/uploads\/2025\/11\/campo-estivo-Germania-2025-1-225x300.avif\" data-width=\"225\" data-height=\"300\" aria-label=\"\" role=\"img\" ><\/div>\n\t\t\t\t\t\t\t\t\t\t\t<div class=\"elementor-gallery-item__overlay\"><\/div>\n\t\t\t\t\t\t\t\t\t\t\t\t\t\t<\/a>\n\t\t\t\t\t\t\t<a class=\"e-gallery-item elementor-gallery-item elementor-animated-content\" href=\"https:\/\/parcgenoni.com\/wp-content\/uploads\/2025\/11\/campo-estivo-Germania-2025-3.avif\" data-elementor-open-lightbox=\"yes\" data-elementor-lightbox-slideshow=\"2b31824\" data-elementor-lightbox-title=\"campo estivo Germania 2025 (3)\" data-e-action-hash=\"#elementor-action%3Aaction%3Dlightbox%26settings%3DeyJpZCI6NDg0NSwidXJsIjoiaHR0cHM6XC9cL3BhcmNnZW5vbmkuY29tXC93cC1jb250ZW50XC91cGxvYWRzXC8yMDI1XC8xMVwvY2FtcG8tZXN0aXZvLUdlcm1hbmlhLTIwMjUtMy5hdmlmIiwic2xpZGVzaG93IjoiMmIzMTgyNCJ9\">\n\t\t\t\t\t<div class=\"e-gallery-image elementor-gallery-item__image\" data-thumbnail=\"https:\/\/parcgenoni.com\/wp-content\/uploads\/2025\/11\/campo-estivo-Germania-2025-3-225x300.avif\" data-width=\"225\" data-height=\"300\" aria-label=\"\" role=\"img\" ><\/div>\n\t\t\t\t\t\t\t\t\t\t\t<div class=\"elementor-gallery-item__overlay\"><\/div>\n\t\t\t\t\t\t\t\t\t\t\t\t\t\t<\/a>\n\t\t\t\t\t\t\t<a class=\"e-gallery-item elementor-gallery-item elementor-animated-content\" href=\"https:\/\/parcgenoni.com\/wp-content\/uploads\/2025\/11\/campo-estivo-Germania-2025-5.avif\" data-elementor-open-lightbox=\"yes\" data-elementor-lightbox-slideshow=\"2b31824\" data-elementor-lightbox-title=\"campo estivo Germania 2025 (5)\" data-e-action-hash=\"#elementor-action%3Aaction%3Dlightbox%26settings%3DeyJpZCI6NDg0OCwidXJsIjoiaHR0cHM6XC9cL3BhcmNnZW5vbmkuY29tXC93cC1jb250ZW50XC91cGxvYWRzXC8yMDI1XC8xMVwvY2FtcG8tZXN0aXZvLUdlcm1hbmlhLTIwMjUtNS5hdmlmIiwic2xpZGVzaG93IjoiMmIzMTgyNCJ9\">\n\t\t\t\t\t<div class=\"e-gallery-image elementor-gallery-item__image\" data-thumbnail=\"https:\/\/parcgenoni.com\/wp-content\/uploads\/2025\/11\/campo-estivo-Germania-2025-5-300x225.avif\" data-width=\"300\" data-height=\"225\" aria-label=\"\" role=\"img\" ><\/div>\n\t\t\t\t\t\t\t\t\t\t\t<div class=\"elementor-gallery-item__overlay\"><\/div>\n\t\t\t\t\t\t\t\t\t\t\t\t\t\t<\/a>\n\t\t\t\t\t\t\t<a class=\"e-gallery-item elementor-gallery-item elementor-animated-content\" href=\"https:\/\/parcgenoni.com\/wp-content\/uploads\/2025\/11\/campo-estivo-Germania-2025-7-scaled.avif\" data-elementor-open-lightbox=\"yes\" data-elementor-lightbox-slideshow=\"2b31824\" data-elementor-lightbox-title=\"campo estivo Germania 2025 (7)\" data-e-action-hash=\"#elementor-action%3Aaction%3Dlightbox%26settings%3DeyJpZCI6NDg1MSwidXJsIjoiaHR0cHM6XC9cL3BhcmNnZW5vbmkuY29tXC93cC1jb250ZW50XC91cGxvYWRzXC8yMDI1XC8xMVwvY2FtcG8tZXN0aXZvLUdlcm1hbmlhLTIwMjUtNy1zY2FsZWQuYXZpZiIsInNsaWRlc2hvdyI6IjJiMzE4MjQifQ%3D%3D\">\n\t\t\t\t\t<div class=\"e-gallery-image elementor-gallery-item__image\" data-thumbnail=\"https:\/\/parcgenoni.com\/wp-content\/uploads\/2025\/11\/campo-estivo-Germania-2025-7-225x300.avif\" data-width=\"225\" data-height=\"300\" aria-label=\"\" role=\"img\" ><\/div>\n\t\t\t\t\t\t\t\t\t\t\t<div class=\"elementor-gallery-item__overlay\"><\/div>\n\t\t\t\t\t\t\t\t\t\t\t\t\t\t<\/a>\n\t\t\t\t\t\t\t<a class=\"e-gallery-item elementor-gallery-item elementor-animated-content\" href=\"https:\/\/parcgenoni.com\/wp-content\/uploads\/2025\/11\/campo-estivo-Germania-2025-9-scaled.avif\" data-elementor-open-lightbox=\"yes\" data-elementor-lightbox-slideshow=\"2b31824\" data-elementor-lightbox-title=\"campo estivo Germania 2025 (9)\" data-e-action-hash=\"#elementor-action%3Aaction%3Dlightbox%26settings%3DeyJpZCI6NDg1NCwidXJsIjoiaHR0cHM6XC9cL3BhcmNnZW5vbmkuY29tXC93cC1jb250ZW50XC91cGxvYWRzXC8yMDI1XC8xMVwvY2FtcG8tZXN0aXZvLUdlcm1hbmlhLTIwMjUtOS1zY2FsZWQuYXZpZiIsInNsaWRlc2hvdyI6IjJiMzE4MjQifQ%3D%3D\">\n\t\t\t\t\t<div class=\"e-gallery-image elementor-gallery-item__image\" data-thumbnail=\"https:\/\/parcgenoni.com\/wp-content\/uploads\/2025\/11\/campo-estivo-Germania-2025-9-225x300.avif\" data-width=\"225\" data-height=\"300\" aria-label=\"\" role=\"img\" ><\/div>\n\t\t\t\t\t\t\t\t\t\t\t<div class=\"elementor-gallery-item__overlay\"><\/div>\n\t\t\t\t\t\t\t\t\t\t\t\t\t\t<\/a>\n\t\t\t\t\t\t\t<a class=\"e-gallery-item elementor-gallery-item elementor-animated-content\" href=\"https:\/\/parcgenoni.com\/wp-content\/uploads\/2025\/11\/campo-estivo-Germania-2025-10.avif\" data-elementor-open-lightbox=\"yes\" data-elementor-lightbox-slideshow=\"2b31824\" data-elementor-lightbox-title=\"campo estivo Germania 2025 (10)\" data-e-action-hash=\"#elementor-action%3Aaction%3Dlightbox%26settings%3DeyJpZCI6NDg1NywidXJsIjoiaHR0cHM6XC9cL3BhcmNnZW5vbmkuY29tXC93cC1jb250ZW50XC91cGxvYWRzXC8yMDI1XC8xMVwvY2FtcG8tZXN0aXZvLUdlcm1hbmlhLTIwMjUtMTAuYXZpZiIsInNsaWRlc2hvdyI6IjJiMzE4MjQifQ%3D%3D\">\n\t\t\t\t\t<div class=\"e-gallery-image elementor-gallery-item__image\" data-thumbnail=\"https:\/\/parcgenoni.com\/wp-content\/uploads\/2025\/11\/campo-estivo-Germania-2025-10-225x300.avif\" data-width=\"225\" data-height=\"300\" aria-label=\"\" role=\"img\" ><\/div>\n\t\t\t\t\t\t\t\t\t\t\t<div class=\"elementor-gallery-item__overlay\"><\/div>\n\t\t\t\t\t\t\t\t\t\t\t\t\t\t<\/a>\n\t\t\t\t\t\t\t<a class=\"e-gallery-item elementor-gallery-item elementor-animated-content\" href=\"https:\/\/parcgenoni.com\/wp-content\/uploads\/2025\/11\/campo-estivo-Germania-2025-12-scaled.avif\" data-elementor-open-lightbox=\"yes\" data-elementor-lightbox-slideshow=\"2b31824\" data-elementor-lightbox-title=\"campo estivo Germania 2025 (12)\" data-e-action-hash=\"#elementor-action%3Aaction%3Dlightbox%26settings%3DeyJpZCI6NDg2MCwidXJsIjoiaHR0cHM6XC9cL3BhcmNnZW5vbmkuY29tXC93cC1jb250ZW50XC91cGxvYWRzXC8yMDI1XC8xMVwvY2FtcG8tZXN0aXZvLUdlcm1hbmlhLTIwMjUtMTItc2NhbGVkLmF2aWYiLCJzbGlkZXNob3ciOiIyYjMxODI0In0%3D\">\n\t\t\t\t\t<div class=\"e-gallery-image elementor-gallery-item__image\" data-thumbnail=\"https:\/\/parcgenoni.com\/wp-content\/uploads\/2025\/11\/campo-estivo-Germania-2025-12-225x300.avif\" data-width=\"225\" data-height=\"300\" aria-label=\"\" role=\"img\" ><\/div>\n\t\t\t\t\t\t\t\t\t\t\t<div class=\"elementor-gallery-item__overlay\"><\/div>\n\t\t\t\t\t\t\t\t\t\t\t\t\t\t<\/a>\n\t\t\t\t\t\t\t<a class=\"e-gallery-item elementor-gallery-item elementor-animated-content\" href=\"https:\/\/parcgenoni.com\/wp-content\/uploads\/2025\/11\/campo-estivo-Germania-2025-15-scaled.avif\" data-elementor-open-lightbox=\"yes\" data-elementor-lightbox-slideshow=\"2b31824\" data-elementor-lightbox-title=\"campo estivo Germania 2025 (15)\" data-e-action-hash=\"#elementor-action%3Aaction%3Dlightbox%26settings%3DeyJpZCI6NDg2MywidXJsIjoiaHR0cHM6XC9cL3BhcmNnZW5vbmkuY29tXC93cC1jb250ZW50XC91cGxvYWRzXC8yMDI1XC8xMVwvY2FtcG8tZXN0aXZvLUdlcm1hbmlhLTIwMjUtMTUtc2NhbGVkLmF2aWYiLCJzbGlkZXNob3ciOiIyYjMxODI0In0%3D\">\n\t\t\t\t\t<div class=\"e-gallery-image elementor-gallery-item__image\" data-thumbnail=\"https:\/\/parcgenoni.com\/wp-content\/uploads\/2025\/11\/campo-estivo-Germania-2025-15-225x300.avif\" data-width=\"225\" data-height=\"300\" aria-label=\"\" role=\"img\" ><\/div>\n\t\t\t\t\t\t\t\t\t\t\t<div class=\"elementor-gallery-item__overlay\"><\/div>\n\t\t\t\t\t\t\t\t\t\t\t\t\t\t<\/a>\n\t\t\t\t\t\t\t<a class=\"e-gallery-item elementor-gallery-item elementor-animated-content\" href=\"https:\/\/parcgenoni.com\/wp-content\/uploads\/2025\/11\/campo-estivo-Germania-2025-19.avif\" data-elementor-open-lightbox=\"yes\" data-elementor-lightbox-slideshow=\"2b31824\" data-elementor-lightbox-title=\"campo estivo Germania 2025 (19)\" data-e-action-hash=\"#elementor-action%3Aaction%3Dlightbox%26settings%3DeyJpZCI6NDg2NiwidXJsIjoiaHR0cHM6XC9cL3BhcmNnZW5vbmkuY29tXC93cC1jb250ZW50XC91cGxvYWRzXC8yMDI1XC8xMVwvY2FtcG8tZXN0aXZvLUdlcm1hbmlhLTIwMjUtMTkuYXZpZiIsInNsaWRlc2hvdyI6IjJiMzE4MjQifQ%3D%3D\">\n\t\t\t\t\t<div class=\"e-gallery-image elementor-gallery-item__image\" data-thumbnail=\"https:\/\/parcgenoni.com\/wp-content\/uploads\/2025\/11\/campo-estivo-Germania-2025-19-225x300.avif\" data-width=\"225\" data-height=\"300\" aria-label=\"\" role=\"img\" ><\/div>\n\t\t\t\t\t\t\t\t\t\t\t<div class=\"elementor-gallery-item__overlay\"><\/div>\n\t\t\t\t\t\t\t\t\t\t\t\t\t\t<\/a>\n\t\t\t\t\t\t\t<a class=\"e-gallery-item elementor-gallery-item elementor-animated-content\" href=\"https:\/\/parcgenoni.com\/wp-content\/uploads\/2025\/11\/campo-estivo-Germania-2025-25-scaled.avif\" data-elementor-open-lightbox=\"yes\" data-elementor-lightbox-slideshow=\"2b31824\" data-elementor-lightbox-title=\"campo estivo Germania 2025 (25)\" data-e-action-hash=\"#elementor-action%3Aaction%3Dlightbox%26settings%3DeyJpZCI6NDg2OSwidXJsIjoiaHR0cHM6XC9cL3BhcmNnZW5vbmkuY29tXC93cC1jb250ZW50XC91cGxvYWRzXC8yMDI1XC8xMVwvY2FtcG8tZXN0aXZvLUdlcm1hbmlhLTIwMjUtMjUtc2NhbGVkLmF2aWYiLCJzbGlkZXNob3ciOiIyYjMxODI0In0%3D\">\n\t\t\t\t\t<div class=\"e-gallery-image elementor-gallery-item__image\" data-thumbnail=\"https:\/\/parcgenoni.com\/wp-content\/uploads\/2025\/11\/campo-estivo-Germania-2025-25-225x300.avif\" data-width=\"225\" data-height=\"300\" aria-label=\"\" role=\"img\" ><\/div>\n\t\t\t\t\t\t\t\t\t\t\t<div class=\"elementor-gallery-item__overlay\"><\/div>\n\t\t\t\t\t\t\t\t\t\t\t\t\t\t<\/a>\n\t\t\t\t\t\t\t<a class=\"e-gallery-item elementor-gallery-item elementor-animated-content\" href=\"https:\/\/parcgenoni.com\/wp-content\/uploads\/2025\/11\/campo-estivo-Germania-2025-28.avif\" data-elementor-open-lightbox=\"yes\" data-elementor-lightbox-slideshow=\"2b31824\" data-elementor-lightbox-title=\"campo estivo Germania 2025 (28)\" data-e-action-hash=\"#elementor-action%3Aaction%3Dlightbox%26settings%3DeyJpZCI6NDg3MiwidXJsIjoiaHR0cHM6XC9cL3BhcmNnZW5vbmkuY29tXC93cC1jb250ZW50XC91cGxvYWRzXC8yMDI1XC8xMVwvY2FtcG8tZXN0aXZvLUdlcm1hbmlhLTIwMjUtMjguYXZpZiIsInNsaWRlc2hvdyI6IjJiMzE4MjQifQ%3D%3D\">\n\t\t\t\t\t<div class=\"e-gallery-image elementor-gallery-item__image\" data-thumbnail=\"https:\/\/parcgenoni.com\/wp-content\/uploads\/2025\/11\/campo-estivo-Germania-2025-28-300x225.avif\" data-width=\"300\" data-height=\"225\" aria-label=\"\" role=\"img\" ><\/div>\n\t\t\t\t\t\t\t\t\t\t\t<div class=\"elementor-gallery-item__overlay\"><\/div>\n\t\t\t\t\t\t\t\t\t\t\t\t\t\t<\/a>\n\t\t\t\t\t\t\t<a class=\"e-gallery-item elementor-gallery-item elementor-animated-content\" href=\"https:\/\/parcgenoni.com\/wp-content\/uploads\/2025\/11\/campo-estivo-Germania-2025-32.avif\" data-elementor-open-lightbox=\"yes\" data-elementor-lightbox-slideshow=\"2b31824\" data-elementor-lightbox-title=\"campo estivo Germania 2025 (32)\" data-e-action-hash=\"#elementor-action%3Aaction%3Dlightbox%26settings%3DeyJpZCI6NDg3NSwidXJsIjoiaHR0cHM6XC9cL3BhcmNnZW5vbmkuY29tXC93cC1jb250ZW50XC91cGxvYWRzXC8yMDI1XC8xMVwvY2FtcG8tZXN0aXZvLUdlcm1hbmlhLTIwMjUtMzIuYXZpZiIsInNsaWRlc2hvdyI6IjJiMzE4MjQifQ%3D%3D\">\n\t\t\t\t\t<div class=\"e-gallery-image elementor-gallery-item__image\" data-thumbnail=\"https:\/\/parcgenoni.com\/wp-content\/uploads\/2025\/11\/campo-estivo-Germania-2025-32-225x300.avif\" data-width=\"225\" data-height=\"300\" aria-label=\"\" role=\"img\" ><\/div>\n\t\t\t\t\t\t\t\t\t\t\t<div class=\"elementor-gallery-item__overlay\"><\/div>\n\t\t\t\t\t\t\t\t\t\t\t\t\t\t<\/a>\n\t\t\t\t\t\t\t<a class=\"e-gallery-item elementor-gallery-item elementor-animated-content\" href=\"https:\/\/parcgenoni.com\/wp-content\/uploads\/2025\/11\/campo-estivo-Germania-2025-37.avif\" data-elementor-open-lightbox=\"yes\" data-elementor-lightbox-slideshow=\"2b31824\" data-elementor-lightbox-title=\"campo estivo Germania 2025 (37)\" data-e-action-hash=\"#elementor-action%3Aaction%3Dlightbox%26settings%3DeyJpZCI6NDg3OCwidXJsIjoiaHR0cHM6XC9cL3BhcmNnZW5vbmkuY29tXC93cC1jb250ZW50XC91cGxvYWRzXC8yMDI1XC8xMVwvY2FtcG8tZXN0aXZvLUdlcm1hbmlhLTIwMjUtMzcuYXZpZiIsInNsaWRlc2hvdyI6IjJiMzE4MjQifQ%3D%3D\">\n\t\t\t\t\t<div class=\"e-gallery-image elementor-gallery-item__image\" data-thumbnail=\"https:\/\/parcgenoni.com\/wp-content\/uploads\/2025\/11\/campo-estivo-Germania-2025-37-225x300.avif\" data-width=\"225\" data-height=\"300\" aria-label=\"\" role=\"img\" ><\/div>\n\t\t\t\t\t\t\t\t\t\t\t<div class=\"elementor-gallery-item__overlay\"><\/div>\n\t\t\t\t\t\t\t\t\t\t\t\t\t\t<\/a>\n\t\t\t\t\t\t\t<a class=\"e-gallery-item elementor-gallery-item elementor-animated-content\" href=\"https:\/\/parcgenoni.com\/wp-content\/uploads\/2025\/11\/campo-estivo-Germania-2025-46.avif\" data-elementor-open-lightbox=\"yes\" data-elementor-lightbox-slideshow=\"2b31824\" data-elementor-lightbox-title=\"campo estivo Germania 2025 (46)\" data-e-action-hash=\"#elementor-action%3Aaction%3Dlightbox%26settings%3DeyJpZCI6NDg4MSwidXJsIjoiaHR0cHM6XC9cL3BhcmNnZW5vbmkuY29tXC93cC1jb250ZW50XC91cGxvYWRzXC8yMDI1XC8xMVwvY2FtcG8tZXN0aXZvLUdlcm1hbmlhLTIwMjUtNDYuYXZpZiIsInNsaWRlc2hvdyI6IjJiMzE4MjQifQ%3D%3D\">\n\t\t\t\t\t<div class=\"e-gallery-image elementor-gallery-item__image\" data-thumbnail=\"https:\/\/parcgenoni.com\/wp-content\/uploads\/2025\/11\/campo-estivo-Germania-2025-46-225x300.avif\" data-width=\"225\" data-height=\"300\" aria-label=\"\" role=\"img\" ><\/div>\n\t\t\t\t\t\t\t\t\t\t\t<div class=\"elementor-gallery-item__overlay\"><\/div>\n\t\t\t\t\t\t\t\t\t\t\t\t\t\t<\/a>\n\t\t\t\t\t\t\t<a class=\"e-gallery-item elementor-gallery-item elementor-animated-content\" href=\"https:\/\/parcgenoni.com\/wp-content\/uploads\/2025\/11\/campo-estivo-Germania-2025-48.avif\" data-elementor-open-lightbox=\"yes\" data-elementor-lightbox-slideshow=\"2b31824\" data-elementor-lightbox-title=\"campo estivo Germania 2025 (48)\" data-e-action-hash=\"#elementor-action%3Aaction%3Dlightbox%26settings%3DeyJpZCI6NDg4NCwidXJsIjoiaHR0cHM6XC9cL3BhcmNnZW5vbmkuY29tXC93cC1jb250ZW50XC91cGxvYWRzXC8yMDI1XC8xMVwvY2FtcG8tZXN0aXZvLUdlcm1hbmlhLTIwMjUtNDguYXZpZiIsInNsaWRlc2hvdyI6IjJiMzE4MjQifQ%3D%3D\">\n\t\t\t\t\t<div class=\"e-gallery-image elementor-gallery-item__image\" data-thumbnail=\"https:\/\/parcgenoni.com\/wp-content\/uploads\/2025\/11\/campo-estivo-Germania-2025-48-225x300.avif\" data-width=\"225\" data-height=\"300\" aria-label=\"\" role=\"img\" ><\/div>\n\t\t\t\t\t\t\t\t\t\t\t<div class=\"elementor-gallery-item__overlay\"><\/div>\n\t\t\t\t\t\t\t\t\t\t\t\t\t\t<\/a>\n\t\t\t\t\t\t\t<a class=\"e-gallery-item elementor-gallery-item elementor-animated-content\" href=\"https:\/\/parcgenoni.com\/wp-content\/uploads\/2025\/11\/campo-estivo-Germania-2025-50.avif\" data-elementor-open-lightbox=\"yes\" data-elementor-lightbox-slideshow=\"2b31824\" data-elementor-lightbox-title=\"campo estivo Germania 2025 (50)\" data-e-action-hash=\"#elementor-action%3Aaction%3Dlightbox%26settings%3DeyJpZCI6NDg4NywidXJsIjoiaHR0cHM6XC9cL3BhcmNnZW5vbmkuY29tXC93cC1jb250ZW50XC91cGxvYWRzXC8yMDI1XC8xMVwvY2FtcG8tZXN0aXZvLUdlcm1hbmlhLTIwMjUtNTAuYXZpZiIsInNsaWRlc2hvdyI6IjJiMzE4MjQifQ%3D%3D\">\n\t\t\t\t\t<div class=\"e-gallery-image elementor-gallery-item__image\" data-thumbnail=\"https:\/\/parcgenoni.com\/wp-content\/uploads\/2025\/11\/campo-estivo-Germania-2025-50-225x300.avif\" data-width=\"225\" data-height=\"300\" aria-label=\"\" role=\"img\" ><\/div>\n\t\t\t\t\t\t\t\t\t\t\t<div class=\"elementor-gallery-item__overlay\"><\/div>\n\t\t\t\t\t\t\t\t\t\t\t\t\t\t<\/a>\n\t\t\t\t\t\t\t<a class=\"e-gallery-item elementor-gallery-item elementor-animated-content\" href=\"https:\/\/parcgenoni.com\/wp-content\/uploads\/2025\/11\/campo-estivo-Germania-2025-51.avif\" data-elementor-open-lightbox=\"yes\" data-elementor-lightbox-slideshow=\"2b31824\" data-elementor-lightbox-title=\"campo estivo Germania 2025 (51)\" data-e-action-hash=\"#elementor-action%3Aaction%3Dlightbox%26settings%3DeyJpZCI6NDg5MCwidXJsIjoiaHR0cHM6XC9cL3BhcmNnZW5vbmkuY29tXC93cC1jb250ZW50XC91cGxvYWRzXC8yMDI1XC8xMVwvY2FtcG8tZXN0aXZvLUdlcm1hbmlhLTIwMjUtNTEuYXZpZiIsInNsaWRlc2hvdyI6IjJiMzE4MjQifQ%3D%3D\">\n\t\t\t\t\t<div class=\"e-gallery-image elementor-gallery-item__image\" data-thumbnail=\"https:\/\/parcgenoni.com\/wp-content\/uploads\/2025\/11\/campo-estivo-Germania-2025-51-225x300.avif\" data-width=\"225\" data-height=\"300\" aria-label=\"\" role=\"img\" ><\/div>\n\t\t\t\t\t\t\t\t\t\t\t<div class=\"elementor-gallery-item__overlay\"><\/div>\n\t\t\t\t\t\t\t\t\t\t\t\t\t\t<\/a>\n\t\t\t\t\t\t\t<a class=\"e-gallery-item elementor-gallery-item elementor-animated-content\" href=\"https:\/\/parcgenoni.com\/wp-content\/uploads\/2025\/11\/campo-estivo-Germania-2025_10-scaled.avif\" data-elementor-open-lightbox=\"yes\" data-elementor-lightbox-slideshow=\"2b31824\" data-elementor-lightbox-title=\"campo estivo Germania 2025_10\" data-e-action-hash=\"#elementor-action%3Aaction%3Dlightbox%26settings%3DeyJpZCI6NDg5MywidXJsIjoiaHR0cHM6XC9cL3BhcmNnZW5vbmkuY29tXC93cC1jb250ZW50XC91cGxvYWRzXC8yMDI1XC8xMVwvY2FtcG8tZXN0aXZvLUdlcm1hbmlhLTIwMjVfMTAtc2NhbGVkLmF2aWYiLCJzbGlkZXNob3ciOiIyYjMxODI0In0%3D\">\n\t\t\t\t\t<div class=\"e-gallery-image elementor-gallery-item__image\" data-thumbnail=\"https:\/\/parcgenoni.com\/wp-content\/uploads\/2025\/11\/campo-estivo-Germania-2025_10-300x200.avif\" data-width=\"300\" data-height=\"200\" aria-label=\"\" role=\"img\" ><\/div>\n\t\t\t\t\t\t\t\t\t\t\t<div class=\"elementor-gallery-item__overlay\"><\/div>\n\t\t\t\t\t\t\t\t\t\t\t\t\t\t<\/a>\n\t\t\t\t\t\t\t<a class=\"e-gallery-item elementor-gallery-item elementor-animated-content\" href=\"https:\/\/parcgenoni.com\/wp-content\/uploads\/2025\/11\/campo-estivo-Germania-2025_92-scaled.avif\" data-elementor-open-lightbox=\"yes\" data-elementor-lightbox-slideshow=\"2b31824\" data-elementor-lightbox-title=\"campo estivo Germania 2025_92\" data-e-action-hash=\"#elementor-action%3Aaction%3Dlightbox%26settings%3DeyJpZCI6NDg5NiwidXJsIjoiaHR0cHM6XC9cL3BhcmNnZW5vbmkuY29tXC93cC1jb250ZW50XC91cGxvYWRzXC8yMDI1XC8xMVwvY2FtcG8tZXN0aXZvLUdlcm1hbmlhLTIwMjVfOTItc2NhbGVkLmF2aWYiLCJzbGlkZXNob3ciOiIyYjMxODI0In0%3D\">\n\t\t\t\t\t<div class=\"e-gallery-image elementor-gallery-item__image\" data-thumbnail=\"https:\/\/parcgenoni.com\/wp-content\/uploads\/2025\/11\/campo-estivo-Germania-2025_92-300x200.avif\" data-width=\"300\" data-height=\"200\" aria-label=\"\" role=\"img\" ><\/div>\n\t\t\t\t\t\t\t\t\t\t\t<div class=\"elementor-gallery-item__overlay\"><\/div>\n\t\t\t\t\t\t\t\t\t\t\t\t\t\t<\/a>\n\t\t\t\t\t\t\t<a class=\"e-gallery-item elementor-gallery-item elementor-animated-content\" href=\"https:\/\/parcgenoni.com\/wp-content\/uploads\/2025\/11\/campo-estivo-Germania-2025_126-scaled.avif\" data-elementor-open-lightbox=\"yes\" data-elementor-lightbox-slideshow=\"2b31824\" data-elementor-lightbox-title=\"campo estivo Germania 2025_126\" data-e-action-hash=\"#elementor-action%3Aaction%3Dlightbox%26settings%3DeyJpZCI6NDg5OSwidXJsIjoiaHR0cHM6XC9cL3BhcmNnZW5vbmkuY29tXC93cC1jb250ZW50XC91cGxvYWRzXC8yMDI1XC8xMVwvY2FtcG8tZXN0aXZvLUdlcm1hbmlhLTIwMjVfMTI2LXNjYWxlZC5hdmlmIiwic2xpZGVzaG93IjoiMmIzMTgyNCJ9\">\n\t\t\t\t\t<div class=\"e-gallery-image elementor-gallery-item__image\" data-thumbnail=\"https:\/\/parcgenoni.com\/wp-content\/uploads\/2025\/11\/campo-estivo-Germania-2025_126-300x200.avif\" data-width=\"300\" data-height=\"200\" aria-label=\"\" role=\"img\" ><\/div>\n\t\t\t\t\t\t\t\t\t\t\t<div class=\"elementor-gallery-item__overlay\"><\/div>\n\t\t\t\t\t\t\t\t\t\t\t\t\t\t<\/a>\n\t\t\t\t\t\t\t<a class=\"e-gallery-item elementor-gallery-item elementor-animated-content\" href=\"https:\/\/parcgenoni.com\/wp-content\/uploads\/2025\/11\/campo-estivo-Germania-2025_143-scaled.avif\" data-elementor-open-lightbox=\"yes\" data-elementor-lightbox-slideshow=\"2b31824\" data-elementor-lightbox-title=\"campo estivo Germania 2025_143\" data-e-action-hash=\"#elementor-action%3Aaction%3Dlightbox%26settings%3DeyJpZCI6NDkwMiwidXJsIjoiaHR0cHM6XC9cL3BhcmNnZW5vbmkuY29tXC93cC1jb250ZW50XC91cGxvYWRzXC8yMDI1XC8xMVwvY2FtcG8tZXN0aXZvLUdlcm1hbmlhLTIwMjVfMTQzLXNjYWxlZC5hdmlmIiwic2xpZGVzaG93IjoiMmIzMTgyNCJ9\">\n\t\t\t\t\t<div class=\"e-gallery-image elementor-gallery-item__image\" data-thumbnail=\"https:\/\/parcgenoni.com\/wp-content\/uploads\/2025\/11\/campo-estivo-Germania-2025_143-300x200.avif\" data-width=\"300\" data-height=\"200\" aria-label=\"\" role=\"img\" ><\/div>\n\t\t\t\t\t\t\t\t\t\t\t<div class=\"elementor-gallery-item__overlay\"><\/div>\n\t\t\t\t\t\t\t\t\t\t\t\t\t\t<\/a>\n\t\t\t\t\t\t\t<a class=\"e-gallery-item elementor-gallery-item elementor-animated-content\" href=\"https:\/\/parcgenoni.com\/wp-content\/uploads\/2025\/11\/campo-estivo-Germania-2025_144-scaled.avif\" data-elementor-open-lightbox=\"yes\" data-elementor-lightbox-slideshow=\"2b31824\" data-elementor-lightbox-title=\"campo estivo Germania 2025_144\" data-e-action-hash=\"#elementor-action%3Aaction%3Dlightbox%26settings%3DeyJpZCI6NDkwNSwidXJsIjoiaHR0cHM6XC9cL3BhcmNnZW5vbmkuY29tXC93cC1jb250ZW50XC91cGxvYWRzXC8yMDI1XC8xMVwvY2FtcG8tZXN0aXZvLUdlcm1hbmlhLTIwMjVfMTQ0LXNjYWxlZC5hdmlmIiwic2xpZGVzaG93IjoiMmIzMTgyNCJ9\">\n\t\t\t\t\t<div class=\"e-gallery-image elementor-gallery-item__image\" data-thumbnail=\"https:\/\/parcgenoni.com\/wp-content\/uploads\/2025\/11\/campo-estivo-Germania-2025_144-300x200.avif\" data-width=\"300\" data-height=\"200\" aria-label=\"\" role=\"img\" ><\/div>\n\t\t\t\t\t\t\t\t\t\t\t<div class=\"elementor-gallery-item__overlay\"><\/div>\n\t\t\t\t\t\t\t\t\t\t\t\t\t\t<\/a>\n\t\t\t\t\t\t\t<a class=\"e-gallery-item elementor-gallery-item elementor-animated-content\" href=\"https:\/\/parcgenoni.com\/wp-content\/uploads\/2025\/11\/campo-estivo-Germania-2025_164-scaled.avif\" data-elementor-open-lightbox=\"yes\" data-elementor-lightbox-slideshow=\"2b31824\" data-elementor-lightbox-title=\"campo estivo Germania 2025_164\" data-e-action-hash=\"#elementor-action%3Aaction%3Dlightbox%26settings%3DeyJpZCI6NDkwOCwidXJsIjoiaHR0cHM6XC9cL3BhcmNnZW5vbmkuY29tXC93cC1jb250ZW50XC91cGxvYWRzXC8yMDI1XC8xMVwvY2FtcG8tZXN0aXZvLUdlcm1hbmlhLTIwMjVfMTY0LXNjYWxlZC5hdmlmIiwic2xpZGVzaG93IjoiMmIzMTgyNCJ9\">\n\t\t\t\t\t<div class=\"e-gallery-image elementor-gallery-item__image\" data-thumbnail=\"https:\/\/parcgenoni.com\/wp-content\/uploads\/2025\/11\/campo-estivo-Germania-2025_164-300x200.avif\" data-width=\"300\" data-height=\"200\" aria-label=\"\" role=\"img\" ><\/div>\n\t\t\t\t\t\t\t\t\t\t\t<div class=\"elementor-gallery-item__overlay\"><\/div>\n\t\t\t\t\t\t\t\t\t\t\t\t\t\t<\/a>\n\t\t\t\t\t\t\t<a class=\"e-gallery-item elementor-gallery-item elementor-animated-content\" href=\"https:\/\/parcgenoni.com\/wp-content\/uploads\/2025\/11\/campo-estivo-Germania-2025_195-scaled.avif\" data-elementor-open-lightbox=\"yes\" data-elementor-lightbox-slideshow=\"2b31824\" data-elementor-lightbox-title=\"campo estivo Germania 2025_195\" data-e-action-hash=\"#elementor-action%3Aaction%3Dlightbox%26settings%3DeyJpZCI6NDkxMSwidXJsIjoiaHR0cHM6XC9cL3BhcmNnZW5vbmkuY29tXC93cC1jb250ZW50XC91cGxvYWRzXC8yMDI1XC8xMVwvY2FtcG8tZXN0aXZvLUdlcm1hbmlhLTIwMjVfMTk1LXNjYWxlZC5hdmlmIiwic2xpZGVzaG93IjoiMmIzMTgyNCJ9\">\n\t\t\t\t\t<div class=\"e-gallery-image elementor-gallery-item__image\" data-thumbnail=\"https:\/\/parcgenoni.com\/wp-content\/uploads\/2025\/11\/campo-estivo-Germania-2025_195-300x200.avif\" data-width=\"300\" data-height=\"200\" aria-label=\"\" role=\"img\" ><\/div>\n\t\t\t\t\t\t\t\t\t\t\t<div class=\"elementor-gallery-item__overlay\"><\/div>\n\t\t\t\t\t\t\t\t\t\t\t\t\t\t<\/a>\n\t\t\t\t\t\t\t<a class=\"e-gallery-item elementor-gallery-item elementor-animated-content\" href=\"https:\/\/parcgenoni.com\/wp-content\/uploads\/2025\/11\/campo-estivo-Germania-2025_199-scaled.avif\" data-elementor-open-lightbox=\"yes\" data-elementor-lightbox-slideshow=\"2b31824\" data-elementor-lightbox-title=\"campo estivo Germania 2025_199\" data-e-action-hash=\"#elementor-action%3Aaction%3Dlightbox%26settings%3DeyJpZCI6NDkxNCwidXJsIjoiaHR0cHM6XC9cL3BhcmNnZW5vbmkuY29tXC93cC1jb250ZW50XC91cGxvYWRzXC8yMDI1XC8xMVwvY2FtcG8tZXN0aXZvLUdlcm1hbmlhLTIwMjVfMTk5LXNjYWxlZC5hdmlmIiwic2xpZGVzaG93IjoiMmIzMTgyNCJ9\">\n\t\t\t\t\t<div class=\"e-gallery-image elementor-gallery-item__image\" data-thumbnail=\"https:\/\/parcgenoni.com\/wp-content\/uploads\/2025\/11\/campo-estivo-Germania-2025_199-300x200.avif\" data-width=\"300\" data-height=\"200\" aria-label=\"\" role=\"img\" ><\/div>\n\t\t\t\t\t\t\t\t\t\t\t<div class=\"elementor-gallery-item__overlay\"><\/div>\n\t\t\t\t\t\t\t\t\t\t\t\t\t\t<\/a>\n\t\t\t\t\t\t\t<a class=\"e-gallery-item elementor-gallery-item elementor-animated-content\" href=\"https:\/\/parcgenoni.com\/wp-content\/uploads\/2025\/11\/campo-estivo-Germania-2025_200-scaled.avif\" data-elementor-open-lightbox=\"yes\" data-elementor-lightbox-slideshow=\"2b31824\" data-elementor-lightbox-title=\"campo estivo Germania 2025_200\" data-e-action-hash=\"#elementor-action%3Aaction%3Dlightbox%26settings%3DeyJpZCI6NDkxNywidXJsIjoiaHR0cHM6XC9cL3BhcmNnZW5vbmkuY29tXC93cC1jb250ZW50XC91cGxvYWRzXC8yMDI1XC8xMVwvY2FtcG8tZXN0aXZvLUdlcm1hbmlhLTIwMjVfMjAwLXNjYWxlZC5hdmlmIiwic2xpZGVzaG93IjoiMmIzMTgyNCJ9\">\n\t\t\t\t\t<div class=\"e-gallery-image elementor-gallery-item__image\" data-thumbnail=\"https:\/\/parcgenoni.com\/wp-content\/uploads\/2025\/11\/campo-estivo-Germania-2025_200-300x200.avif\" data-width=\"300\" data-height=\"200\" aria-label=\"\" role=\"img\" ><\/div>\n\t\t\t\t\t\t\t\t\t\t\t<div class=\"elementor-gallery-item__overlay\"><\/div>\n\t\t\t\t\t\t\t\t\t\t\t\t\t\t<\/a>\n\t\t\t\t\t\t\t<a class=\"e-gallery-item elementor-gallery-item elementor-animated-content\" href=\"https:\/\/parcgenoni.com\/wp-content\/uploads\/2025\/11\/campo-estivo-Germania-2025_202-scaled.avif\" data-elementor-open-lightbox=\"yes\" data-elementor-lightbox-slideshow=\"2b31824\" data-elementor-lightbox-title=\"campo estivo Germania 2025_202\" data-e-action-hash=\"#elementor-action%3Aaction%3Dlightbox%26settings%3DeyJpZCI6NDkyMCwidXJsIjoiaHR0cHM6XC9cL3BhcmNnZW5vbmkuY29tXC93cC1jb250ZW50XC91cGxvYWRzXC8yMDI1XC8xMVwvY2FtcG8tZXN0aXZvLUdlcm1hbmlhLTIwMjVfMjAyLXNjYWxlZC5hdmlmIiwic2xpZGVzaG93IjoiMmIzMTgyNCJ9\">\n\t\t\t\t\t<div class=\"e-gallery-image elementor-gallery-item__image\" data-thumbnail=\"https:\/\/parcgenoni.com\/wp-content\/uploads\/2025\/11\/campo-estivo-Germania-2025_202-300x200.avif\" data-width=\"300\" data-height=\"200\" aria-label=\"\" role=\"img\" ><\/div>\n\t\t\t\t\t\t\t\t\t\t\t<div class=\"elementor-gallery-item__overlay\"><\/div>\n\t\t\t\t\t\t\t\t\t\t\t\t\t\t<\/a>\n\t\t\t\t\t\t\t<a class=\"e-gallery-item elementor-gallery-item elementor-animated-content\" href=\"https:\/\/parcgenoni.com\/wp-content\/uploads\/2025\/11\/campo-estivo-Germania-2025_203-scaled.avif\" data-elementor-open-lightbox=\"yes\" data-elementor-lightbox-slideshow=\"2b31824\" data-elementor-lightbox-title=\"campo estivo Germania 2025_203\" data-e-action-hash=\"#elementor-action%3Aaction%3Dlightbox%26settings%3DeyJpZCI6NDkyMywidXJsIjoiaHR0cHM6XC9cL3BhcmNnZW5vbmkuY29tXC93cC1jb250ZW50XC91cGxvYWRzXC8yMDI1XC8xMVwvY2FtcG8tZXN0aXZvLUdlcm1hbmlhLTIwMjVfMjAzLXNjYWxlZC5hdmlmIiwic2xpZGVzaG93IjoiMmIzMTgyNCJ9\">\n\t\t\t\t\t<div class=\"e-gallery-image elementor-gallery-item__image\" data-thumbnail=\"https:\/\/parcgenoni.com\/wp-content\/uploads\/2025\/11\/campo-estivo-Germania-2025_203-300x200.avif\" data-width=\"300\" data-height=\"200\" aria-label=\"\" role=\"img\" ><\/div>\n\t\t\t\t\t\t\t\t\t\t\t<div class=\"elementor-gallery-item__overlay\"><\/div>\n\t\t\t\t\t\t\t\t\t\t\t\t\t\t<\/a>\n\t\t\t\t\t\t\t<a class=\"e-gallery-item elementor-gallery-item elementor-animated-content\" href=\"https:\/\/parcgenoni.com\/wp-content\/uploads\/2025\/11\/campo-estivo-Germania-2025_206-scaled.avif\" data-elementor-open-lightbox=\"yes\" data-elementor-lightbox-slideshow=\"2b31824\" data-elementor-lightbox-title=\"campo estivo Germania 2025_206\" data-e-action-hash=\"#elementor-action%3Aaction%3Dlightbox%26settings%3DeyJpZCI6NDkyNiwidXJsIjoiaHR0cHM6XC9cL3BhcmNnZW5vbmkuY29tXC93cC1jb250ZW50XC91cGxvYWRzXC8yMDI1XC8xMVwvY2FtcG8tZXN0aXZvLUdlcm1hbmlhLTIwMjVfMjA2LXNjYWxlZC5hdmlmIiwic2xpZGVzaG93IjoiMmIzMTgyNCJ9\">\n\t\t\t\t\t<div class=\"e-gallery-image elementor-gallery-item__image\" data-thumbnail=\"https:\/\/parcgenoni.com\/wp-content\/uploads\/2025\/11\/campo-estivo-Germania-2025_206-300x200.avif\" data-width=\"300\" data-height=\"200\" aria-label=\"\" role=\"img\" ><\/div>\n\t\t\t\t\t\t\t\t\t\t\t<div class=\"elementor-gallery-item__overlay\"><\/div>\n\t\t\t\t\t\t\t\t\t\t\t\t\t\t<\/a>\n\t\t\t\t\t\t\t<a class=\"e-gallery-item elementor-gallery-item elementor-animated-content\" href=\"https:\/\/parcgenoni.com\/wp-content\/uploads\/2025\/11\/campo-estivo-Germania-2025_208-scaled.avif\" data-elementor-open-lightbox=\"yes\" data-elementor-lightbox-slideshow=\"2b31824\" data-elementor-lightbox-title=\"campo estivo Germania 2025_208\" data-e-action-hash=\"#elementor-action%3Aaction%3Dlightbox%26settings%3DeyJpZCI6NDkzMCwidXJsIjoiaHR0cHM6XC9cL3BhcmNnZW5vbmkuY29tXC93cC1jb250ZW50XC91cGxvYWRzXC8yMDI1XC8xMVwvY2FtcG8tZXN0aXZvLUdlcm1hbmlhLTIwMjVfMjA4LXNjYWxlZC5hdmlmIiwic2xpZGVzaG93IjoiMmIzMTgyNCJ9\">\n\t\t\t\t\t<div class=\"e-gallery-image elementor-gallery-item__image\" data-thumbnail=\"https:\/\/parcgenoni.com\/wp-content\/uploads\/2025\/11\/campo-estivo-Germania-2025_208-300x200.avif\" data-width=\"300\" data-height=\"200\" aria-label=\"\" role=\"img\" ><\/div>\n\t\t\t\t\t\t\t\t\t\t\t<div class=\"elementor-gallery-item__overlay\"><\/div>\n\t\t\t\t\t\t\t\t\t\t\t\t\t\t<\/a>\n\t\t\t\t\t\t\t<a class=\"e-gallery-item elementor-gallery-item elementor-animated-content\" href=\"https:\/\/parcgenoni.com\/wp-content\/uploads\/2025\/11\/campo-estivo-Germania-2025_215-scaled.avif\" data-elementor-open-lightbox=\"yes\" data-elementor-lightbox-slideshow=\"2b31824\" data-elementor-lightbox-title=\"campo estivo Germania 2025_215\" data-e-action-hash=\"#elementor-action%3Aaction%3Dlightbox%26settings%3DeyJpZCI6NDkzMywidXJsIjoiaHR0cHM6XC9cL3BhcmNnZW5vbmkuY29tXC93cC1jb250ZW50XC91cGxvYWRzXC8yMDI1XC8xMVwvY2FtcG8tZXN0aXZvLUdlcm1hbmlhLTIwMjVfMjE1LXNjYWxlZC5hdmlmIiwic2xpZGVzaG93IjoiMmIzMTgyNCJ9\">\n\t\t\t\t\t<div class=\"e-gallery-image elementor-gallery-item__image\" data-thumbnail=\"https:\/\/parcgenoni.com\/wp-content\/uploads\/2025\/11\/campo-estivo-Germania-2025_215-300x200.avif\" data-width=\"300\" data-height=\"200\" aria-label=\"\" role=\"img\" ><\/div>\n\t\t\t\t\t\t\t\t\t\t\t<div class=\"elementor-gallery-item__overlay\"><\/div>\n\t\t\t\t\t\t\t\t\t\t\t\t\t\t<\/a>\n\t\t\t\t\t\t\t<a class=\"e-gallery-item elementor-gallery-item elementor-animated-content\" href=\"https:\/\/parcgenoni.com\/wp-content\/uploads\/2025\/11\/campo-estivo-Germania-2025_264-scaled.avif\" data-elementor-open-lightbox=\"yes\" data-elementor-lightbox-slideshow=\"2b31824\" data-elementor-lightbox-title=\"campo estivo Germania 2025_264\" data-e-action-hash=\"#elementor-action%3Aaction%3Dlightbox%26settings%3DeyJpZCI6NDkzNiwidXJsIjoiaHR0cHM6XC9cL3BhcmNnZW5vbmkuY29tXC93cC1jb250ZW50XC91cGxvYWRzXC8yMDI1XC8xMVwvY2FtcG8tZXN0aXZvLUdlcm1hbmlhLTIwMjVfMjY0LXNjYWxlZC5hdmlmIiwic2xpZGVzaG93IjoiMmIzMTgyNCJ9\">\n\t\t\t\t\t<div class=\"e-gallery-image elementor-gallery-item__image\" data-thumbnail=\"https:\/\/parcgenoni.com\/wp-content\/uploads\/2025\/11\/campo-estivo-Germania-2025_264-300x200.avif\" data-width=\"300\" data-height=\"200\" aria-label=\"\" role=\"img\" ><\/div>\n\t\t\t\t\t\t\t\t\t\t\t<div class=\"elementor-gallery-item__overlay\"><\/div>\n\t\t\t\t\t\t\t\t\t\t\t\t\t\t<\/a>\n\t\t\t\t\t\t\t<a class=\"e-gallery-item elementor-gallery-item elementor-animated-content\" href=\"https:\/\/parcgenoni.com\/wp-content\/uploads\/2025\/11\/campo-estivo-Germania-2025_294-scaled.avif\" data-elementor-open-lightbox=\"yes\" data-elementor-lightbox-slideshow=\"2b31824\" data-elementor-lightbox-title=\"campo estivo Germania 2025_294\" data-e-action-hash=\"#elementor-action%3Aaction%3Dlightbox%26settings%3DeyJpZCI6NDkzOSwidXJsIjoiaHR0cHM6XC9cL3BhcmNnZW5vbmkuY29tXC93cC1jb250ZW50XC91cGxvYWRzXC8yMDI1XC8xMVwvY2FtcG8tZXN0aXZvLUdlcm1hbmlhLTIwMjVfMjk0LXNjYWxlZC5hdmlmIiwic2xpZGVzaG93IjoiMmIzMTgyNCJ9\">\n\t\t\t\t\t<div class=\"e-gallery-image elementor-gallery-item__image\" data-thumbnail=\"https:\/\/parcgenoni.com\/wp-content\/uploads\/2025\/11\/campo-estivo-Germania-2025_294-200x300.avif\" data-width=\"200\" data-height=\"300\" aria-label=\"\" role=\"img\" ><\/div>\n\t\t\t\t\t\t\t\t\t\t\t<div class=\"elementor-gallery-item__overlay\"><\/div>\n\t\t\t\t\t\t\t\t\t\t\t\t\t\t<\/a>\n\t\t\t\t\t\t\t<a class=\"e-gallery-item elementor-gallery-item elementor-animated-content\" href=\"https:\/\/parcgenoni.com\/wp-content\/uploads\/2025\/11\/campo-estivo-Germania-2025_307-scaled.avif\" data-elementor-open-lightbox=\"yes\" data-elementor-lightbox-slideshow=\"2b31824\" data-elementor-lightbox-title=\"campo estivo Germania 2025_307\" data-e-action-hash=\"#elementor-action%3Aaction%3Dlightbox%26settings%3DeyJpZCI6NDk0MiwidXJsIjoiaHR0cHM6XC9cL3BhcmNnZW5vbmkuY29tXC93cC1jb250ZW50XC91cGxvYWRzXC8yMDI1XC8xMVwvY2FtcG8tZXN0aXZvLUdlcm1hbmlhLTIwMjVfMzA3LXNjYWxlZC5hdmlmIiwic2xpZGVzaG93IjoiMmIzMTgyNCJ9\">\n\t\t\t\t\t<div class=\"e-gallery-image elementor-gallery-item__image\" data-thumbnail=\"https:\/\/parcgenoni.com\/wp-content\/uploads\/2025\/11\/campo-estivo-Germania-2025_307-300x200.avif\" data-width=\"300\" data-height=\"200\" aria-label=\"\" role=\"img\" ><\/div>\n\t\t\t\t\t\t\t\t\t\t\t<div class=\"elementor-gallery-item__overlay\"><\/div>\n\t\t\t\t\t\t\t\t\t\t\t\t\t\t<\/a>\n\t\t\t\t\t\t\t<a class=\"e-gallery-item elementor-gallery-item elementor-animated-content\" href=\"https:\/\/parcgenoni.com\/wp-content\/uploads\/2025\/11\/campo-estivo-Germania-2025_310-scaled.avif\" data-elementor-open-lightbox=\"yes\" data-elementor-lightbox-slideshow=\"2b31824\" data-elementor-lightbox-title=\"campo estivo Germania 2025_310\" data-e-action-hash=\"#elementor-action%3Aaction%3Dlightbox%26settings%3DeyJpZCI6NDk0NSwidXJsIjoiaHR0cHM6XC9cL3BhcmNnZW5vbmkuY29tXC93cC1jb250ZW50XC91cGxvYWRzXC8yMDI1XC8xMVwvY2FtcG8tZXN0aXZvLUdlcm1hbmlhLTIwMjVfMzEwLXNjYWxlZC5hdmlmIiwic2xpZGVzaG93IjoiMmIzMTgyNCJ9\">\n\t\t\t\t\t<div class=\"e-gallery-image elementor-gallery-item__image\" data-thumbnail=\"https:\/\/parcgenoni.com\/wp-content\/uploads\/2025\/11\/campo-estivo-Germania-2025_310-300x200.avif\" data-width=\"300\" data-height=\"200\" aria-label=\"\" role=\"img\" ><\/div>\n\t\t\t\t\t\t\t\t\t\t\t<div class=\"elementor-gallery-item__overlay\"><\/div>\n\t\t\t\t\t\t\t\t\t\t\t\t\t\t<\/a>\n\t\t\t\t\t\t\t<a class=\"e-gallery-item elementor-gallery-item elementor-animated-content\" href=\"https:\/\/parcgenoni.com\/wp-content\/uploads\/2025\/11\/campo-estivo-Germania-2025_313-scaled.avif\" data-elementor-open-lightbox=\"yes\" data-elementor-lightbox-slideshow=\"2b31824\" data-elementor-lightbox-title=\"campo estivo Germania 2025_313\" data-e-action-hash=\"#elementor-action%3Aaction%3Dlightbox%26settings%3DeyJpZCI6NDk0OCwidXJsIjoiaHR0cHM6XC9cL3BhcmNnZW5vbmkuY29tXC93cC1jb250ZW50XC91cGxvYWRzXC8yMDI1XC8xMVwvY2FtcG8tZXN0aXZvLUdlcm1hbmlhLTIwMjVfMzEzLXNjYWxlZC5hdmlmIiwic2xpZGVzaG93IjoiMmIzMTgyNCJ9\">\n\t\t\t\t\t<div class=\"e-gallery-image elementor-gallery-item__image\" data-thumbnail=\"https:\/\/parcgenoni.com\/wp-content\/uploads\/2025\/11\/campo-estivo-Germania-2025_313-300x200.avif\" data-width=\"300\" data-height=\"200\" aria-label=\"\" role=\"img\" ><\/div>\n\t\t\t\t\t\t\t\t\t\t\t<div class=\"elementor-gallery-item__overlay\"><\/div>\n\t\t\t\t\t\t\t\t\t\t\t\t\t\t<\/a>\n\t\t\t\t\t\t\t<a class=\"e-gallery-item elementor-gallery-item elementor-animated-content\" href=\"https:\/\/parcgenoni.com\/wp-content\/uploads\/2025\/11\/campo-estivo-Germania-2025_316-scaled.avif\" data-elementor-open-lightbox=\"yes\" data-elementor-lightbox-slideshow=\"2b31824\" data-elementor-lightbox-title=\"campo estivo Germania 2025_316\" data-e-action-hash=\"#elementor-action%3Aaction%3Dlightbox%26settings%3DeyJpZCI6NDk1MSwidXJsIjoiaHR0cHM6XC9cL3BhcmNnZW5vbmkuY29tXC93cC1jb250ZW50XC91cGxvYWRzXC8yMDI1XC8xMVwvY2FtcG8tZXN0aXZvLUdlcm1hbmlhLTIwMjVfMzE2LXNjYWxlZC5hdmlmIiwic2xpZGVzaG93IjoiMmIzMTgyNCJ9\">\n\t\t\t\t\t<div class=\"e-gallery-image elementor-gallery-item__image\" data-thumbnail=\"https:\/\/parcgenoni.com\/wp-content\/uploads\/2025\/11\/campo-estivo-Germania-2025_316-300x200.avif\" data-width=\"300\" data-height=\"200\" aria-label=\"\" role=\"img\" ><\/div>\n\t\t\t\t\t\t\t\t\t\t\t<div class=\"elementor-gallery-item__overlay\"><\/div>\n\t\t\t\t\t\t\t\t\t\t\t\t\t\t<\/a>\n\t\t\t\t\t\t\t<a class=\"e-gallery-item elementor-gallery-item elementor-animated-content\" href=\"https:\/\/parcgenoni.com\/wp-content\/uploads\/2025\/11\/campo-estivo-Germania-2025_321-scaled.avif\" data-elementor-open-lightbox=\"yes\" data-elementor-lightbox-slideshow=\"2b31824\" data-elementor-lightbox-title=\"campo estivo Germania 2025_321\" data-e-action-hash=\"#elementor-action%3Aaction%3Dlightbox%26settings%3DeyJpZCI6NDk1NCwidXJsIjoiaHR0cHM6XC9cL3BhcmNnZW5vbmkuY29tXC93cC1jb250ZW50XC91cGxvYWRzXC8yMDI1XC8xMVwvY2FtcG8tZXN0aXZvLUdlcm1hbmlhLTIwMjVfMzIxLXNjYWxlZC5hdmlmIiwic2xpZGVzaG93IjoiMmIzMTgyNCJ9\">\n\t\t\t\t\t<div class=\"e-gallery-image elementor-gallery-item__image\" data-thumbnail=\"https:\/\/parcgenoni.com\/wp-content\/uploads\/2025\/11\/campo-estivo-Germania-2025_321-300x200.avif\" data-width=\"300\" data-height=\"200\" aria-label=\"\" role=\"img\" ><\/div>\n\t\t\t\t\t\t\t\t\t\t\t<div class=\"elementor-gallery-item__overlay\"><\/div>\n\t\t\t\t\t\t\t\t\t\t\t\t\t\t<\/a>\n\t\t\t\t\t<\/div>\n\t\t\t\t\t<\/div>\n\t\t\t\t<\/div>\n\t\t\t\t\t<\/div>\n\t\t\t\t<\/div>\n\t\t<div class=\"elementor-element elementor-element-57918a2 e-flex e-con-boxed e-con e-parent\" data-id=\"57918a2\" data-element_type=\"container\" data-e-type=\"container\">\n\t\t\t\t\t<div class=\"e-con-inner\">\n\t\t\t\t<div class=\"elementor-element elementor-element-e15da99 elementor-widget elementor-widget-spacer\" data-id=\"e15da99\" data-element_type=\"widget\" data-e-type=\"widget\" data-widget_type=\"spacer.default\">\n\t\t\t\t<div class=\"elementor-widget-container\">\n\t\t\t\t\t\t\t<div class=\"elementor-spacer\">\n\t\t\t<div class=\"elementor-spacer-inner\"><\/div>\n\t\t<\/div>\n\t\t\t\t\t\t<\/div>\n\t\t\t\t<\/div>\n\t\t\t\t\t<\/div>\n\t\t\t\t<\/div>\n\t\t\t\t<\/div>\n\t\t","protected":false},"excerpt":{"rendered":"<p>Camp d&rsquo;\u00e9t\u00e9 en Allemagne Une exp\u00e9rience unique d&rsquo;apprentissage et d&rsquo;amusement pour vos enfants Petit campus d&rsquo;\u00e9t\u00e9 pour pal\u00e9ontologues dans le parc naturel de l&rsquo;Altm\u00fchltal (Allemagne) Une aventure parmi les fossiles, [&hellip;]<\/p>\n","protected":false},"author":1,"featured_media":0,"parent":0,"menu_order":0,"comment_status":"closed","ping_status":"closed","template":"","meta":{"site-sidebar-layout":"no-sidebar","site-content-layout":"page-builder","ast-site-content-layout":"full-width-container","site-content-style":"unboxed","site-sidebar-style":"unboxed","ast-global-header-display":"","ast-banner-title-visibility":"","ast-main-header-display":"","ast-hfb-above-header-display":"","ast-hfb-below-header-display":"","ast-hfb-mobile-header-display":"","site-post-title":"disabled","ast-breadcrumbs-content":"","ast-featured-img":"disabled","footer-sml-layout":"","ast-disable-related-posts":"","theme-transparent-header-meta":"enabled","adv-header-id-meta":"","stick-header-meta":"","header-above-stick-meta":"","header-main-stick-meta":"","header-below-stick-meta":"","astra-migrate-meta-layouts":"default","ast-page-background-enabled":"default","ast-page-background-meta":{"desktop":{"background-color":"","background-image":"","background-repeat":"repeat","background-position":"center center","background-size":"auto","background-attachment":"scroll","background-type":"","background-media":"","overlay-type":"","overlay-color":"","overlay-opacity":"","overlay-gradient":""},"tablet":{"background-color":"","background-image":"","background-repeat":"repeat","background-position":"center center","background-size":"auto","background-attachment":"scroll","background-type":"","background-media":"","overlay-type":"","overlay-color":"","overlay-opacity":"","overlay-gradient":""},"mobile":{"background-color":"","background-image":"","background-repeat":"repeat","background-position":"center center","background-size":"auto","background-attachment":"scroll","background-type":"","background-media":"","overlay-type":"","overlay-color":"","overlay-opacity":"","overlay-gradient":""}},"ast-content-background-meta":{"desktop":{"background-color":"var(--ast-global-color-5)","background-image":"","background-repeat":"repeat","background-position":"center center","background-size":"auto","background-attachment":"scroll","background-type":"","background-media":"","overlay-type":"","overlay-color":"","overlay-opacity":"","overlay-gradient":""},"tablet":{"background-color":"var(--ast-global-color-5)","background-image":"","background-repeat":"repeat","background-position":"center center","background-size":"auto","background-attachment":"scroll","background-type":"","background-media":"","overlay-type":"","overlay-color":"","overlay-opacity":"","overlay-gradient":""},"mobile":{"background-color":"var(--ast-global-color-5)","background-image":"","background-repeat":"repeat","background-position":"center center","background-size":"auto","background-attachment":"scroll","background-type":"","background-media":"","overlay-type":"","overlay-color":"","overlay-opacity":"","overlay-gradient":""}},"footnotes":""},"class_list":["post-2956","page","type-page","status-publish","hentry"],"yoast_head":"<!-- This site is optimized with the Yoast SEO plugin v27.4 - https:\/\/yoast.com\/product\/yoast-seo-wordpress\/ -->\n<title>Camp d&#039;\u00e9t\u00e9 en ALLEMAGNE - Museo PARC<\/title>\n<meta name=\"description\" content=\"Camps d&#039;\u00e9t\u00e9 r\u00e9sidentiels allemands en pal\u00e9ontologie \u00e0 la d\u00e9couverte des plus belles carri\u00e8res fossilif\u00e8res. R\u00e9servez d\u00e8s maintenant, le nombre de places est limit\u00e9 !\" \/>\n<meta name=\"robots\" content=\"index, follow, max-snippet:-1, max-image-preview:large, max-video-preview:-1\" \/>\n<link rel=\"canonical\" href=\"https:\/\/parcgenoni.com\/fr\/camp-dete-en-allemagne\/\" \/>\n<meta property=\"og:locale\" content=\"fr_FR\" \/>\n<meta property=\"og:type\" content=\"article\" \/>\n<meta property=\"og:title\" content=\"Camp d&#039;\u00e9t\u00e9 en ALLEMAGNE - Museo PARC\" \/>\n<meta property=\"og:description\" content=\"Camps d&#039;\u00e9t\u00e9 r\u00e9sidentiels allemands en pal\u00e9ontologie \u00e0 la d\u00e9couverte des plus belles carri\u00e8res fossilif\u00e8res. R\u00e9servez d\u00e8s maintenant, le nombre de places est limit\u00e9 !\" \/>\n<meta property=\"og:url\" content=\"https:\/\/parcgenoni.com\/fr\/camp-dete-en-allemagne\/\" \/>\n<meta property=\"og:site_name\" content=\"Museo PARC\" \/>\n<meta property=\"article:publisher\" content=\"https:\/\/www.facebook.com\/ParcGenoniMuseoCavallinodellaGiara\" \/>\n<meta property=\"article:modified_time\" content=\"2026-04-28T07:54:51+00:00\" \/>\n<meta name=\"twitter:card\" content=\"summary_large_image\" \/>\n<meta name=\"twitter:site\" content=\"@parc_genoni\" \/>\n<meta name=\"twitter:label1\" content=\"Dur\u00e9e de lecture estim\u00e9e\" \/>\n\t<meta name=\"twitter:data1\" content=\"9 minutes\" \/>\n<script type=\"application\/ld+json\" class=\"yoast-schema-graph\">{\"@context\":\"https:\\\/\\\/schema.org\",\"@graph\":[{\"@type\":\"WebPage\",\"@id\":\"https:\\\/\\\/parcgenoni.com\\\/fr\\\/camp-dete-en-allemagne\\\/\",\"url\":\"https:\\\/\\\/parcgenoni.com\\\/fr\\\/camp-dete-en-allemagne\\\/\",\"name\":\"Camp d'\u00e9t\u00e9 en ALLEMAGNE - Museo PARC\",\"isPartOf\":{\"@id\":\"https:\\\/\\\/parcgenoni.com\\\/fr\\\/#website\"},\"datePublished\":\"2025-02-02T15:16:32+00:00\",\"dateModified\":\"2026-04-28T07:54:51+00:00\",\"description\":\"Camps d'\u00e9t\u00e9 r\u00e9sidentiels allemands en pal\u00e9ontologie \u00e0 la d\u00e9couverte des plus belles carri\u00e8res fossilif\u00e8res. R\u00e9servez d\u00e8s maintenant, le nombre de places est limit\u00e9 !\",\"breadcrumb\":{\"@id\":\"https:\\\/\\\/parcgenoni.com\\\/fr\\\/camp-dete-en-allemagne\\\/#breadcrumb\"},\"inLanguage\":\"fr-FR\",\"potentialAction\":[{\"@type\":\"ReadAction\",\"target\":[\"https:\\\/\\\/parcgenoni.com\\\/fr\\\/camp-dete-en-allemagne\\\/\"]}]},{\"@type\":\"BreadcrumbList\",\"@id\":\"https:\\\/\\\/parcgenoni.com\\\/fr\\\/camp-dete-en-allemagne\\\/#breadcrumb\",\"itemListElement\":[{\"@type\":\"ListItem\",\"position\":1,\"name\":\"Home\",\"item\":\"https:\\\/\\\/parcgenoni.com\\\/fr\\\/\"},{\"@type\":\"ListItem\",\"position\":2,\"name\":\"Camp d&#8217;\u00e9t\u00e9 en ALLEMAGNE\"}]},{\"@type\":\"WebSite\",\"@id\":\"https:\\\/\\\/parcgenoni.com\\\/fr\\\/#website\",\"url\":\"https:\\\/\\\/parcgenoni.com\\\/fr\\\/\",\"name\":\"Museo PARC\",\"description\":\"Museo Paleontologico, archeologico e laboratorio didattico\",\"publisher\":{\"@id\":\"https:\\\/\\\/parcgenoni.com\\\/fr\\\/#organization\"},\"potentialAction\":[{\"@type\":\"SearchAction\",\"target\":{\"@type\":\"EntryPoint\",\"urlTemplate\":\"https:\\\/\\\/parcgenoni.com\\\/fr\\\/?s={search_term_string}\"},\"query-input\":{\"@type\":\"PropertyValueSpecification\",\"valueRequired\":true,\"valueName\":\"search_term_string\"}}],\"inLanguage\":\"fr-FR\"},{\"@type\":\"Organization\",\"@id\":\"https:\\\/\\\/parcgenoni.com\\\/fr\\\/#organization\",\"name\":\"GIUNONE SOC COOP\",\"url\":\"https:\\\/\\\/parcgenoni.com\\\/fr\\\/\",\"logo\":{\"@type\":\"ImageObject\",\"inLanguage\":\"fr-FR\",\"@id\":\"https:\\\/\\\/parcgenoni.com\\\/fr\\\/#\\\/schema\\\/logo\\\/image\\\/\",\"url\":\"https:\\\/\\\/parcgenoni.com\\\/wp-content\\\/uploads\\\/2023\\\/11\\\/LOGO-PARC-237-RETINA.png\",\"contentUrl\":\"https:\\\/\\\/parcgenoni.com\\\/wp-content\\\/uploads\\\/2023\\\/11\\\/LOGO-PARC-237-RETINA.png\",\"width\":237,\"height\":115,\"caption\":\"GIUNONE SOC COOP\"},\"image\":{\"@id\":\"https:\\\/\\\/parcgenoni.com\\\/fr\\\/#\\\/schema\\\/logo\\\/image\\\/\"},\"sameAs\":[\"https:\\\/\\\/www.facebook.com\\\/ParcGenoniMuseoCavallinodellaGiara\",\"https:\\\/\\\/x.com\\\/parc_genoni\",\"https:\\\/\\\/www.youtube.com\\\/user\\\/ParcGenoni\\\/\",\"https:\\\/\\\/www.instagram.com\\\/parc_museo_cavallino_giara\\\/\"]}]}<\/script>\n<!-- \/ Yoast SEO plugin. -->","yoast_head_json":{"title":"Camp d'\u00e9t\u00e9 en ALLEMAGNE - Museo PARC","description":"Camps d'\u00e9t\u00e9 r\u00e9sidentiels allemands en pal\u00e9ontologie \u00e0 la d\u00e9couverte des plus belles carri\u00e8res fossilif\u00e8res. R\u00e9servez d\u00e8s maintenant, le nombre de places est limit\u00e9 !","robots":{"index":"index","follow":"follow","max-snippet":"max-snippet:-1","max-image-preview":"max-image-preview:large","max-video-preview":"max-video-preview:-1"},"canonical":"https:\/\/parcgenoni.com\/fr\/camp-dete-en-allemagne\/","og_locale":"fr_FR","og_type":"article","og_title":"Camp d'\u00e9t\u00e9 en ALLEMAGNE - Museo PARC","og_description":"Camps d'\u00e9t\u00e9 r\u00e9sidentiels allemands en pal\u00e9ontologie \u00e0 la d\u00e9couverte des plus belles carri\u00e8res fossilif\u00e8res. R\u00e9servez d\u00e8s maintenant, le nombre de places est limit\u00e9 !","og_url":"https:\/\/parcgenoni.com\/fr\/camp-dete-en-allemagne\/","og_site_name":"Museo PARC","article_publisher":"https:\/\/www.facebook.com\/ParcGenoniMuseoCavallinodellaGiara","article_modified_time":"2026-04-28T07:54:51+00:00","twitter_card":"summary_large_image","twitter_site":"@parc_genoni","twitter_misc":{"Dur\u00e9e de lecture estim\u00e9e":"9 minutes"},"schema":{"@context":"https:\/\/schema.org","@graph":[{"@type":"WebPage","@id":"https:\/\/parcgenoni.com\/fr\/camp-dete-en-allemagne\/","url":"https:\/\/parcgenoni.com\/fr\/camp-dete-en-allemagne\/","name":"Camp d'\u00e9t\u00e9 en ALLEMAGNE - Museo PARC","isPartOf":{"@id":"https:\/\/parcgenoni.com\/fr\/#website"},"datePublished":"2025-02-02T15:16:32+00:00","dateModified":"2026-04-28T07:54:51+00:00","description":"Camps d'\u00e9t\u00e9 r\u00e9sidentiels allemands en pal\u00e9ontologie \u00e0 la d\u00e9couverte des plus belles carri\u00e8res fossilif\u00e8res. R\u00e9servez d\u00e8s maintenant, le nombre de places est limit\u00e9 !","breadcrumb":{"@id":"https:\/\/parcgenoni.com\/fr\/camp-dete-en-allemagne\/#breadcrumb"},"inLanguage":"fr-FR","potentialAction":[{"@type":"ReadAction","target":["https:\/\/parcgenoni.com\/fr\/camp-dete-en-allemagne\/"]}]},{"@type":"BreadcrumbList","@id":"https:\/\/parcgenoni.com\/fr\/camp-dete-en-allemagne\/#breadcrumb","itemListElement":[{"@type":"ListItem","position":1,"name":"Home","item":"https:\/\/parcgenoni.com\/fr\/"},{"@type":"ListItem","position":2,"name":"Camp d&#8217;\u00e9t\u00e9 en ALLEMAGNE"}]},{"@type":"WebSite","@id":"https:\/\/parcgenoni.com\/fr\/#website","url":"https:\/\/parcgenoni.com\/fr\/","name":"Museo PARC","description":"Museo Paleontologico, archeologico e laboratorio didattico","publisher":{"@id":"https:\/\/parcgenoni.com\/fr\/#organization"},"potentialAction":[{"@type":"SearchAction","target":{"@type":"EntryPoint","urlTemplate":"https:\/\/parcgenoni.com\/fr\/?s={search_term_string}"},"query-input":{"@type":"PropertyValueSpecification","valueRequired":true,"valueName":"search_term_string"}}],"inLanguage":"fr-FR"},{"@type":"Organization","@id":"https:\/\/parcgenoni.com\/fr\/#organization","name":"GIUNONE SOC COOP","url":"https:\/\/parcgenoni.com\/fr\/","logo":{"@type":"ImageObject","inLanguage":"fr-FR","@id":"https:\/\/parcgenoni.com\/fr\/#\/schema\/logo\/image\/","url":"https:\/\/parcgenoni.com\/wp-content\/uploads\/2023\/11\/LOGO-PARC-237-RETINA.png","contentUrl":"https:\/\/parcgenoni.com\/wp-content\/uploads\/2023\/11\/LOGO-PARC-237-RETINA.png","width":237,"height":115,"caption":"GIUNONE SOC COOP"},"image":{"@id":"https:\/\/parcgenoni.com\/fr\/#\/schema\/logo\/image\/"},"sameAs":["https:\/\/www.facebook.com\/ParcGenoniMuseoCavallinodellaGiara","https:\/\/x.com\/parc_genoni","https:\/\/www.youtube.com\/user\/ParcGenoni\/","https:\/\/www.instagram.com\/parc_museo_cavallino_giara\/"]}]}},"_links":{"self":[{"href":"https:\/\/parcgenoni.com\/fr\/wp-json\/wp\/v2\/pages\/2956","targetHints":{"allow":["GET"]}}],"collection":[{"href":"https:\/\/parcgenoni.com\/fr\/wp-json\/wp\/v2\/pages"}],"about":[{"href":"https:\/\/parcgenoni.com\/fr\/wp-json\/wp\/v2\/types\/page"}],"author":[{"embeddable":true,"href":"https:\/\/parcgenoni.com\/fr\/wp-json\/wp\/v2\/users\/1"}],"replies":[{"embeddable":true,"href":"https:\/\/parcgenoni.com\/fr\/wp-json\/wp\/v2\/comments?post=2956"}],"version-history":[{"count":104,"href":"https:\/\/parcgenoni.com\/fr\/wp-json\/wp\/v2\/pages\/2956\/revisions"}],"predecessor-version":[{"id":7003,"href":"https:\/\/parcgenoni.com\/fr\/wp-json\/wp\/v2\/pages\/2956\/revisions\/7003"}],"wp:attachment":[{"href":"https:\/\/parcgenoni.com\/fr\/wp-json\/wp\/v2\/media?parent=2956"}],"curies":[{"name":"wp","href":"https:\/\/api.w.org\/{rel}","templated":true}]}}